{"id":8154,"date":"2025-03-31T14:02:40","date_gmt":"2025-03-31T18:02:40","guid":{"rendered":"https:\/\/frequencecaraibe.com\/?post_type=podcast&#038;p=8154"},"modified":"2025-03-31T14:02:40","modified_gmt":"2025-03-31T18:02:40","slug":"breaking-news-france-travail-theme-les-evenements-de-france-travail","status":"publish","type":"podcast","link":"https:\/\/frequencecaraibe.com\/index.php\/podcast\/breaking-news-france-travail-theme-les-evenements-de-france-travail\/","title":{"rendered":"BREAKING NEWS FRANCE TRAVAIL \/ TH\u00c8ME : LES \u00c9V\u00c8NEMENTS DE FRANCE TRAVAIL"},"content":{"rendered":"<p><span class=\"yt-core-attributed-string--link-inherit-color\" dir=\"auto\">L&rsquo;\u00e9mission \u00ab\u00a0BREAKING NEWS FRANCE TRAVAIL\u00a0\u00bb, avec l&rsquo;agence France Travail de Saint-Pierre,<\/span><\/p>\n<p><span class=\"yt-core-attributed-string--link-inherit-color\" dir=\"auto\"> Tous les 2\u00e8me et 4\u00e8me Jeudi du mois 9H -10H.<\/span><\/p>\n<ul class=\"yt-core-attributed-string__list-group\" dir=\"ltr\">\n<li><span class=\"yt-core-attributed-string--link-inherit-color\" dir=\"auto\">Th\u00e8me du jour : Les \u00e9v\u00e8nements de France Travail<\/span><\/li>\n<\/ul>\n","protected":false},"author":2,"featured_media":8155,"template":"","tags":[],"podcastfilter":[],"class_list":["post-8154","podcast","type-podcast","status-publish","has-post-thumbnail","hentry"],"yoast_head":"<!-- This site is optimized with the Yoast SEO plugin v27.2 - https:\/\/yoast.com\/product\/yoast-seo-wordpress\/ -->\n<title>BREAKING NEWS FRANCE TRAVAIL \/ TH\u00c8ME : LES \u00c9V\u00c8NEMENTS DE FRANCE TRAVAIL - RADIO FREQUENCE CARAIBE<\/title>\n<meta name=\"robots\" content=\"index, follow, max-snippet:-1, max-image-preview:large, max-video-preview:-1\" \/>\n<link rel=\"canonical\" href=\"https:\/\/frequencecaraibe.com\/index.php\/podcast\/breaking-news-france-travail-theme-les-evenements-de-france-travail\/\" \/>\n<meta property=\"og:locale\" content=\"fr_FR\" \/>\n<meta property=\"og:type\" content=\"article\" \/>\n<meta property=\"og:title\" content=\"BREAKING NEWS FRANCE TRAVAIL \/ TH\u00c8ME : LES \u00c9V\u00c8NEMENTS DE FRANCE TRAVAIL - RADIO FREQUENCE CARAIBE\" \/>\n<meta property=\"og:description\" content=\"L&rsquo;\u00e9mission \u00ab\u00a0BREAKING NEWS FRANCE TRAVAIL\u00a0\u00bb, avec l&rsquo;agence France Travail de Saint-Pierre, Tous les 2\u00e8me et 4\u00e8me Jeudi du mois 9H -10H. Th\u00e8me du jour : Les \u00e9v\u00e8nements de France Travail\" \/>\n<meta property=\"og:url\" content=\"https:\/\/frequencecaraibe.com\/index.php\/podcast\/breaking-news-france-travail-theme-les-evenements-de-france-travail\/\" \/>\n<meta property=\"og:site_name\" content=\"RADIO FREQUENCE CARAIBE\" \/>\n<meta property=\"og:image\" content=\"https:\/\/frequencecaraibe.com\/wp-content\/uploads\/2025\/03\/Breaking-News.png\" \/>\n\t<meta property=\"og:image:width\" content=\"1080\" \/>\n\t<meta property=\"og:image:height\" content=\"1080\" \/>\n\t<meta property=\"og:image:type\" content=\"image\/png\" \/>\n<meta name=\"twitter:card\" content=\"summary_large_image\" \/>\n<meta name=\"twitter:label1\" content=\"Dur\u00e9e de lecture estim\u00e9e\" \/>\n\t<meta name=\"twitter:data1\" content=\"1 minute\" \/>\n<script type=\"application\/ld+json\" class=\"yoast-schema-graph\">{\"@context\":\"https:\/\/schema.org\",\"@graph\":[{\"@type\":\"WebPage\",\"@id\":\"https:\/\/frequencecaraibe.com\/index.php\/podcast\/breaking-news-france-travail-theme-les-evenements-de-france-travail\/\",\"url\":\"https:\/\/frequencecaraibe.com\/index.php\/podcast\/breaking-news-france-travail-theme-les-evenements-de-france-travail\/\",\"name\":\"BREAKING NEWS FRANCE TRAVAIL \/ TH\u00c8ME : LES \u00c9V\u00c8NEMENTS DE FRANCE TRAVAIL - RADIO FREQUENCE CARAIBE\",\"isPartOf\":{\"@id\":\"https:\/\/frequencecaraibe.com\/#website\"},\"primaryImageOfPage\":{\"@id\":\"https:\/\/frequencecaraibe.com\/index.php\/podcast\/breaking-news-france-travail-theme-les-evenements-de-france-travail\/#primaryimage\"},\"image\":{\"@id\":\"https:\/\/frequencecaraibe.com\/index.php\/podcast\/breaking-news-france-travail-theme-les-evenements-de-france-travail\/#primaryimage\"},\"thumbnailUrl\":\"https:\/\/frequencecaraibe.com\/wp-content\/uploads\/2025\/03\/Breaking-News.png\",\"datePublished\":\"2025-03-31T18:02:40+00:00\",\"breadcrumb\":{\"@id\":\"https:\/\/frequencecaraibe.com\/index.php\/podcast\/breaking-news-france-travail-theme-les-evenements-de-france-travail\/#breadcrumb\"},\"inLanguage\":\"fr-FR\",\"potentialAction\":[{\"@type\":\"ReadAction\",\"target\":[\"https:\/\/frequencecaraibe.com\/index.php\/podcast\/breaking-news-france-travail-theme-les-evenements-de-france-travail\/\"]}]},{\"@type\":\"ImageObject\",\"inLanguage\":\"fr-FR\",\"@id\":\"https:\/\/frequencecaraibe.com\/index.php\/podcast\/breaking-news-france-travail-theme-les-evenements-de-france-travail\/#primaryimage\",\"url\":\"https:\/\/frequencecaraibe.com\/wp-content\/uploads\/2025\/03\/Breaking-News.png\",\"contentUrl\":\"https:\/\/frequencecaraibe.com\/wp-content\/uploads\/2025\/03\/Breaking-News.png\",\"width\":1080,\"height\":1080},{\"@type\":\"BreadcrumbList\",\"@id\":\"https:\/\/frequencecaraibe.com\/index.php\/podcast\/breaking-news-france-travail-theme-les-evenements-de-france-travail\/#breadcrumb\",\"itemListElement\":[{\"@type\":\"ListItem\",\"position\":1,\"name\":\"Accueil\",\"item\":\"https:\/\/frequencecaraibe.com\/\"},{\"@type\":\"ListItem\",\"position\":2,\"name\":\"Podcast\",\"item\":\"https:\/\/frequencecaraibe.com\/index.php\/podcast\/\"},{\"@type\":\"ListItem\",\"position\":3,\"name\":\"BREAKING NEWS FRANCE TRAVAIL \/ TH\u00c8ME : LES \u00c9V\u00c8NEMENTS DE FRANCE TRAVAIL\"}]},{\"@type\":\"WebSite\",\"@id\":\"https:\/\/frequencecaraibe.com\/#website\",\"url\":\"https:\/\/frequencecaraibe.com\/\",\"name\":\"RADIO FREQUENCE CARAIBE\",\"description\":\"La radio de la cote caraibe !\",\"publisher\":{\"@id\":\"https:\/\/frequencecaraibe.com\/#organization\"},\"potentialAction\":[{\"@type\":\"SearchAction\",\"target\":{\"@type\":\"EntryPoint\",\"urlTemplate\":\"https:\/\/frequencecaraibe.com\/?s={search_term_string}\"},\"query-input\":{\"@type\":\"PropertyValueSpecification\",\"valueRequired\":true,\"valueName\":\"search_term_string\"}}],\"inLanguage\":\"fr-FR\"},{\"@type\":\"Organization\",\"@id\":\"https:\/\/frequencecaraibe.com\/#organization\",\"name\":\"RADIO FREQUENCE CARAIBE\",\"url\":\"https:\/\/frequencecaraibe.com\/\",\"logo\":{\"@type\":\"ImageObject\",\"inLanguage\":\"fr-FR\",\"@id\":\"https:\/\/frequencecaraibe.com\/#\/schema\/logo\/image\/\",\"url\":\"https:\/\/frequencecaraibe.com\/wp-content\/uploads\/2020\/06\/logo_rfc.jpg\",\"contentUrl\":\"https:\/\/frequencecaraibe.com\/wp-content\/uploads\/2020\/06\/logo_rfc.jpg\",\"width\":500,\"height\":500,\"caption\":\"RADIO FREQUENCE CARAIBE\"},\"image\":{\"@id\":\"https:\/\/frequencecaraibe.com\/#\/schema\/logo\/image\/\"}}]}<\/script>\n<!-- \/ Yoast SEO plugin. -->","yoast_head_json":{"title":"BREAKING NEWS FRANCE TRAVAIL \/ TH\u00c8ME : LES \u00c9V\u00c8NEMENTS DE FRANCE TRAVAIL - RADIO FREQUENCE CARAIBE","robots":{"index":"index","follow":"follow","max-snippet":"max-snippet:-1","max-image-preview":"max-image-preview:large","max-video-preview":"max-video-preview:-1"},"canonical":"https:\/\/frequencecaraibe.com\/index.php\/podcast\/breaking-news-france-travail-theme-les-evenements-de-france-travail\/","og_locale":"fr_FR","og_type":"article","og_title":"BREAKING NEWS FRANCE TRAVAIL \/ TH\u00c8ME : LES \u00c9V\u00c8NEMENTS DE FRANCE TRAVAIL - RADIO FREQUENCE CARAIBE","og_description":"L&rsquo;\u00e9mission \u00ab\u00a0BREAKING NEWS FRANCE TRAVAIL\u00a0\u00bb, avec l&rsquo;agence France Travail de Saint-Pierre, Tous les 2\u00e8me et 4\u00e8me Jeudi du mois 9H -10H. Th\u00e8me du jour : Les \u00e9v\u00e8nements de France Travail","og_url":"https:\/\/frequencecaraibe.com\/index.php\/podcast\/breaking-news-france-travail-theme-les-evenements-de-france-travail\/","og_site_name":"RADIO FREQUENCE CARAIBE","og_image":[{"width":1080,"height":1080,"url":"https:\/\/frequencecaraibe.com\/wp-content\/uploads\/2025\/03\/Breaking-News.png","type":"image\/png"}],"twitter_card":"summary_large_image","twitter_misc":{"Dur\u00e9e de lecture estim\u00e9e":"1 minute"},"schema":{"@context":"https:\/\/schema.org","@graph":[{"@type":"WebPage","@id":"https:\/\/frequencecaraibe.com\/index.php\/podcast\/breaking-news-france-travail-theme-les-evenements-de-france-travail\/","url":"https:\/\/frequencecaraibe.com\/index.php\/podcast\/breaking-news-france-travail-theme-les-evenements-de-france-travail\/","name":"BREAKING NEWS FRANCE TRAVAIL \/ TH\u00c8ME : LES \u00c9V\u00c8NEMENTS DE FRANCE TRAVAIL - RADIO FREQUENCE CARAIBE","isPartOf":{"@id":"https:\/\/frequencecaraibe.com\/#website"},"primaryImageOfPage":{"@id":"https:\/\/frequencecaraibe.com\/index.php\/podcast\/breaking-news-france-travail-theme-les-evenements-de-france-travail\/#primaryimage"},"image":{"@id":"https:\/\/frequencecaraibe.com\/index.php\/podcast\/breaking-news-france-travail-theme-les-evenements-de-france-travail\/#primaryimage"},"thumbnailUrl":"https:\/\/frequencecaraibe.com\/wp-content\/uploads\/2025\/03\/Breaking-News.png","datePublished":"2025-03-31T18:02:40+00:00","breadcrumb":{"@id":"https:\/\/frequencecaraibe.com\/index.php\/podcast\/breaking-news-france-travail-theme-les-evenements-de-france-travail\/#breadcrumb"},"inLanguage":"fr-FR","potentialAction":[{"@type":"ReadAction","target":["https:\/\/frequencecaraibe.com\/index.php\/podcast\/breaking-news-france-travail-theme-les-evenements-de-france-travail\/"]}]},{"@type":"ImageObject","inLanguage":"fr-FR","@id":"https:\/\/frequencecaraibe.com\/index.php\/podcast\/breaking-news-france-travail-theme-les-evenements-de-france-travail\/#primaryimage","url":"https:\/\/frequencecaraibe.com\/wp-content\/uploads\/2025\/03\/Breaking-News.png","contentUrl":"https:\/\/frequencecaraibe.com\/wp-content\/uploads\/2025\/03\/Breaking-News.png","width":1080,"height":1080},{"@type":"BreadcrumbList","@id":"https:\/\/frequencecaraibe.com\/index.php\/podcast\/breaking-news-france-travail-theme-les-evenements-de-france-travail\/#breadcrumb","itemListElement":[{"@type":"ListItem","position":1,"name":"Accueil","item":"https:\/\/frequencecaraibe.com\/"},{"@type":"ListItem","position":2,"name":"Podcast","item":"https:\/\/frequencecaraibe.com\/index.php\/podcast\/"},{"@type":"ListItem","position":3,"name":"BREAKING NEWS FRANCE TRAVAIL \/ TH\u00c8ME : LES \u00c9V\u00c8NEMENTS DE FRANCE TRAVAIL"}]},{"@type":"WebSite","@id":"https:\/\/frequencecaraibe.com\/#website","url":"https:\/\/frequencecaraibe.com\/","name":"RADIO FREQUENCE CARAIBE","description":"La radio de la cote caraibe !","publisher":{"@id":"https:\/\/frequencecaraibe.com\/#organization"},"potentialAction":[{"@type":"SearchAction","target":{"@type":"EntryPoint","urlTemplate":"https:\/\/frequencecaraibe.com\/?s={search_term_string}"},"query-input":{"@type":"PropertyValueSpecification","valueRequired":true,"valueName":"search_term_string"}}],"inLanguage":"fr-FR"},{"@type":"Organization","@id":"https:\/\/frequencecaraibe.com\/#organization","name":"RADIO FREQUENCE CARAIBE","url":"https:\/\/frequencecaraibe.com\/","logo":{"@type":"ImageObject","inLanguage":"fr-FR","@id":"https:\/\/frequencecaraibe.com\/#\/schema\/logo\/image\/","url":"https:\/\/frequencecaraibe.com\/wp-content\/uploads\/2020\/06\/logo_rfc.jpg","contentUrl":"https:\/\/frequencecaraibe.com\/wp-content\/uploads\/2020\/06\/logo_rfc.jpg","width":500,"height":500,"caption":"RADIO FREQUENCE CARAIBE"},"image":{"@id":"https:\/\/frequencecaraibe.com\/#\/schema\/logo\/image\/"}}]}},"_links":{"self":[{"href":"https:\/\/frequencecaraibe.com\/index.php\/wp-json\/wp\/v2\/podcast\/8154","targetHints":{"allow":["GET"]}}],"collection":[{"href":"https:\/\/frequencecaraibe.com\/index.php\/wp-json\/wp\/v2\/podcast"}],"about":[{"href":"https:\/\/frequencecaraibe.com\/index.php\/wp-json\/wp\/v2\/types\/podcast"}],"author":[{"embeddable":true,"href":"https:\/\/frequencecaraibe.com\/index.php\/wp-json\/wp\/v2\/users\/2"}],"version-history":[{"count":1,"href":"https:\/\/frequencecaraibe.com\/index.php\/wp-json\/wp\/v2\/podcast\/8154\/revisions"}],"predecessor-version":[{"id":8156,"href":"https:\/\/frequencecaraibe.com\/index.php\/wp-json\/wp\/v2\/podcast\/8154\/revisions\/8156"}],"wp:featuredmedia":[{"embeddable":true,"href":"https:\/\/frequencecaraibe.com\/index.php\/wp-json\/wp\/v2\/media\/8155"}],"wp:attachment":[{"href":"https:\/\/frequencecaraibe.com\/index.php\/wp-json\/wp\/v2\/media?parent=8154"}],"wp:term":[{"taxonomy":"post_tag","embeddable":true,"href":"https:\/\/frequencecaraibe.com\/index.php\/wp-json\/wp\/v2\/tags?post=8154"},{"taxonomy":"podcastfilter","embeddable":true,"href":"https:\/\/frequencecaraibe.com\/index.php\/wp-json\/wp\/v2\/podcastfilter?post=8154"}],"curies":[{"name":"wp","href":"https:\/\/api.w.org\/{rel}","templated":true}]}}