{"id":4632,"date":"2020-06-03T10:19:54","date_gmt":"2020-06-03T10:19:54","guid":{"rendered":"https:\/\/demo.pro.radio\/wp1\/podcast-page-elementor\/"},"modified":"2025-03-12T10:42:42","modified_gmt":"2025-03-12T14:42:42","slug":"podcasts","status":"publish","type":"page","link":"https:\/\/frequencecaraibe.com\/index.php\/podcasts\/","title":{"rendered":"Podcasts"},"content":{"rendered":"\t\t<div data-elementor-type=\"wp-page\" data-elementor-id=\"4632\" class=\"elementor elementor-4632\">\n\t\t\t\t\t\t<section class=\"elementor-section elementor-top-section elementor-element elementor-element-2b40eb8 elementor-section-stretched elementor-section-full_width elementor-section-height-default elementor-section-height-default\" data-id=\"2b40eb8\" data-element_type=\"section\" data-e-type=\"section\" data-settings=\"{&quot;stretch_section&quot;:&quot;section-stretched&quot;,&quot;background_background&quot;:&quot;classic&quot;}\">\n\t\t\t\t\t\t\t<div class=\"elementor-background-overlay\"><\/div>\n\t\t\t\t\t\t\t<div class=\"elementor-container elementor-column-gap-default\">\n\t\t\t\t\t<div class=\"elementor-column elementor-col-100 elementor-top-column elementor-element elementor-element-fe8a630\" data-id=\"fe8a630\" data-element_type=\"column\" data-e-type=\"column\" data-settings=\"{&quot;background_background&quot;:&quot;classic&quot;}\">\n\t\t\t<div class=\"elementor-widget-wrap elementor-element-populated\">\n\t\t\t\t\t\t<div class=\"elementor-element elementor-element-66fbad6 elementor-widget elementor-widget-proradio-elementor-section-caption\" data-id=\"66fbad6\" data-element_type=\"widget\" data-e-type=\"widget\" data-widget_type=\"proradio-elementor-section-caption.default\">\n\t\t\t\t<div class=\"elementor-widget-container\">\n\t\t\t\t\t\n\t\t<div class=\"proradio-section-caption  proradio-section-caption--m\">\n\n\t\t\t\t\t<div>\n\t\t\t<h4  class=\"proradio-element-caption proradio-caption  proradio-caption__m proradio-caption--neg center proradio-center proradio-caption__c proradio-anim  \" data-qtwaypoints-offset=\"30\" data-qtwaypoints>\t\t\t\t<span>Ne manquez plus jamais votre \u00e9mission !<\/span>\n\t\t\t\t<\/h4>\t\t<\/div>\n\t\t\t\t\t\t<hr class=\"proradio-spacer-s\">\n\t\t\t\t\t\t\t\t<h2 id=\"proradiotabsfaeccec-podcasts\" class=\"proradio-center proradio-capfont proradio-proradiotabsfaeccec-podcasts proradio-txtfx-oslo-container proradio-textfx-wrap \">\n\t\t\t\t\t\t\t\t\t\t\t\t<span class=\"proradio-txtfx proradio-txtfx--oslo\" data-qtwaypoints-offset=\"50\" data-qtwaypoints >\n\t\t\t\t\t\t\t\t<span>P<\/span><span>O<\/span><span>D<\/span><span>C<\/span><span>A<\/span><span>S<\/span><span>T<\/span><span>S<\/span>\t\t\t\t\t\t\t<\/span>\n\t\t\t\t\t\t\t\t\t\t\t<\/h2>\n\t\t\t\t\t\t\t\t<p>\u00c9coutez vos podcasts pr\u00e9f\u00e9r\u00e9s et profitez-en quand vous le souhaitez.<\/p>\n\t\t\t\t\t\t<\/div>\n\t\t\t\t<div data-proradio-customstyles=\".proradio-proradiotabsfaeccec-podcasts .proradio-txtfx--oslo span  { color: #0005F9}\n\t\t\t\t\t\t\t.proradio-proradiotabsfaeccec-podcasts .proradio-txtfx--oslo.proradio-active span  { color: #0005F9}\n\t\t\t\t\t\t\t.proradio-proradiotabsfaeccec-podcasts .proradio-txtfx--oslo::before { border-color: #FFF900}\"><\/div>\n\t\t\t\t\t\t<\/div>\n\t\t\t\t<\/div>\n\t\t\t\t\t<\/div>\n\t\t<\/div>\n\t\t\t\t\t<\/div>\n\t\t<\/section>\n\t\t\t\t<section class=\"elementor-section elementor-top-section elementor-element elementor-element-5323b56 elementor-section-boxed elementor-section-height-default elementor-section-height-default\" data-id=\"5323b56\" data-element_type=\"section\" data-e-type=\"section\" data-settings=\"{&quot;background_background&quot;:&quot;classic&quot;}\">\n\t\t\t\t\t\t<div class=\"elementor-container elementor-column-gap-default\">\n\t\t\t\t\t<div class=\"elementor-column elementor-col-100 elementor-top-column elementor-element elementor-element-2cce8d9\" data-id=\"2cce8d9\" data-element_type=\"column\" data-e-type=\"column\">\n\t\t\t<div class=\"elementor-widget-wrap elementor-element-populated\">\n\t\t\t\t\t\t<div class=\"elementor-element elementor-element-077c4e8 elementor-widget elementor-widget-proradio-elementor-qt-caption\" data-id=\"077c4e8\" data-element_type=\"widget\" data-e-type=\"widget\" data-widget_type=\"proradio-elementor-qt-caption.default\">\n\t\t\t\t<div class=\"elementor-widget-container\">\n\t\t\t\t\t\t\t<div>\n\t\t\t<h3  class=\"proradio-element-caption proradio-caption  proradio-caption__m  \" data-qtwaypoints-offset=\"30\" data-qtwaypoints>\t\t\t\t<span>podcasts de vos \u00e9missions<\/span>\n\t\t\t\t<\/h3>\t\t<\/div>\n\t\t\t\t\t\t<\/div>\n\t\t\t\t<\/div>\n\t\t\t\t<div class=\"elementor-element elementor-element-0ad8e83 elementor-widget elementor-widget-proradio-elementor-post-grid\" data-id=\"0ad8e83\" data-element_type=\"widget\" data-e-type=\"widget\" data-widget_type=\"proradio-elementor-post-grid.default\">\n\t\t\t\t<div class=\"elementor-widget-container\">\n\t\t\t\t\t\t\t\t<div id=\"qttmelementor-grid-6157ff69\" class=\"proradio-container proradio-post-grid\">\n\n\t\t\t\t\t\t\t\t<div id=\"qttmelementor-list-6157ff69\" class=\"proradio-row\">\n\t\t\t\t\t\t\t\t\t\t\t<div class=\"proradio-col proradio-col__post proradio-s12 proradio-m6 proradio-l3\">\n\t\t\t\t\t\t\t<article class=\"proradio-post proradio-post__card proradio-post__card--podcast proradio-podcast-episode proradio-darkbg proradio-negative post-9825 podcast type-podcast status-publish has-post-thumbnail hentry\" data-qtwaypoints>\n\t<div class=\"proradio-bgimg proradio-bgimg--full proradio-duotone\">\n\t\t<img fetchpriority=\"high\" decoding=\"async\" width=\"770\" height=\"595\" src=\"https:\/\/frequencecaraibe.com\/wp-content\/uploads\/2026\/04\/New-Visuel-1-770x595.jpg\" class=\"proradio-post__thumb wp-post-image\" alt=\"\" srcset=\"https:\/\/frequencecaraibe.com\/wp-content\/uploads\/2026\/04\/New-Visuel-1-770x595.jpg 770w, https:\/\/frequencecaraibe.com\/wp-content\/uploads\/2026\/04\/New-Visuel-1-1170x904.jpg 1170w, https:\/\/frequencecaraibe.com\/wp-content\/uploads\/2026\/04\/New-Visuel-1-768x593.jpg 768w, https:\/\/frequencecaraibe.com\/wp-content\/uploads\/2026\/04\/New-Visuel-1-1536x1187.jpg 1536w, https:\/\/frequencecaraibe.com\/wp-content\/uploads\/2026\/04\/New-Visuel-1.jpg 1600w\" sizes=\"(max-width: 770px) 100vw, 770px\" \/>\t<\/div>\n\t\t<div class=\"proradio-post__headercont\">\n\t\t<a class=\"proradio-post__header__link\" href=\"https:\/\/frequencecaraibe.com\/index.php\/podcast\/ekilibriondes-theme-faire-face-a-la-grippe\/\"><\/a>\n\t\t<div class=\"proradio-actions__cont\">\n\t<div class=\"proradio-actions\">\n\t\t\t\t<a href=\"https:\/\/frequencecaraibe.com\/index.php\/podcast\/ekilibriondes-theme-faire-face-a-la-grippe\/\" class=\"proradio-actionicon\">\n\t\t\t<i class=\"material-icons\">insert_link<\/i>\n\t\t<\/a>\n\t\t\n\n\t\t\t\t<span class=\"proradio-actions__a1\">\t\t<a data-ttgreaktions-shareboxfull=\"{&quot;id&quot;:&quot;9825&quot;,&quot;shared&quot;:&quot;https:\\\/\\\/frequencecaraibe.com\\\/index.php\\\/podcast\\\/ekilibriondes-theme-faire-face-a-la-grippe\\\/&quot;,&quot;title&quot;:&quot;EKILIBRI\\u2019ONDES :  TH\\u00c8ME : FAIRE FACE \\u00c0 LA GRIPPE&quot;,&quot;finalUrl&quot;:&quot;https:\\\/\\\/frequencecaraibe.com\\\/index.php\\\/podcast\\\/ekilibriondes-theme-faire-face-a-la-grippe\\\/?id=9825&amp;reaktions-share-fullpage=9825&amp;noajax=1&amp;label=Partager&amp;btnclass=proradio-btn  proradio-btn__r&amp;secure=7152874e82&quot;}\" href=\"#nojax\" class=\"proradio_reaktions-link \">\n\t\t\t<span class=\"qtli\"><i class=\"reakticons-share\"><\/i><\/span><span class=\"count\"><\/span>\n\t\t<\/a>\n\t\t<\/span>\n\t\t\n\n\t\t\t\t<span class=\"proradio-actions__a2\">\t\t<a data-ttgreaktions-lovelink class=\"proradio_reaktions-link \" data-post_id=\"9825\" href=\"#\">\n\t        <span class=\"qtli\"><i class=\"reakticons-heart\"><\/i><\/span><span class=\"qtli count\"><\/span>\n\t    <\/a>\n\t\t<\/span>\n\t\t\t<\/div>\n<\/div>\n\n\n\t\t<div class=\"proradio-post__card__cap\">\n\t\t\t<p class=\"proradio-cats\">\n\t\t\t\t\t\t\t<\/p>\n\t\t\t<h3 class=\"proradio-post__title proradio-h4 proradio-cutme-t-2\"><a href=\"https:\/\/frequencecaraibe.com\/index.php\/podcast\/ekilibriondes-theme-faire-face-a-la-grippe\/\">EKILIBRI\u2019ONDES :  TH\u00c8ME : FAIRE FACE \u00c0 LA GRIPPE<\/a><\/h3>\n\t\t\t<p class=\"proradio-meta proradio-small\">\n\t\t\t\t<span class=\"proradio-date\"><i class=\"material-icons\">today<\/i>27 avril 2026<\/span>\t\t\t\t<span><i class=\"reakticons-eye\"><\/i>2<\/span><span><\/span><span>\t\t<a data-ttgreaktions-lovelink class=\"proradio_reaktions-link \" data-post_id=\"9825\" href=\"#\">\n\t        <span class=\"qtli\"><i class=\"reakticons-heart\"><\/i><\/span><span class=\"qtli count\"><\/span>\n\t    <\/a>\n\t\t<\/span><span>\t\t<a data-ttgreaktions-shareboxfull=\"{&quot;id&quot;:&quot;9825&quot;,&quot;shared&quot;:&quot;https:\\\/\\\/frequencecaraibe.com\\\/index.php\\\/podcast\\\/ekilibriondes-theme-faire-face-a-la-grippe\\\/&quot;,&quot;title&quot;:&quot;EKILIBRI\\u2019ONDES :  TH\\u00c8ME : FAIRE FACE \\u00c0 LA GRIPPE&quot;,&quot;finalUrl&quot;:&quot;https:\\\/\\\/frequencecaraibe.com\\\/index.php\\\/podcast\\\/ekilibriondes-theme-faire-face-a-la-grippe\\\/?id=9825&amp;reaktions-share-fullpage=9825&amp;noajax=1&amp;label=Partager&amp;btnclass=proradio-btn proradio-btn__r&amp;secure=7152874e82&quot;}\" href=\"#nojax\" class=\"proradio_reaktions-link \">\n\t\t\t<span class=\"qtli\"><i class=\"reakticons-share\"><\/i><\/span><span class=\"count\"><\/span>\n\t\t<\/a>\n\t\t<\/span>\t\t\t<\/p>\n\t\t<\/div>\n\t<\/div>\n\t<\/article>\n\t\t\t\t\t\t<\/div>\n\t\t\t\t\t\t\t\t\t\t\t\t<div class=\"proradio-col proradio-col__post proradio-s12 proradio-m6 proradio-l3\">\n\t\t\t\t\t\t\t<article class=\"proradio-post proradio-post__card proradio-post__card--podcast proradio-podcast-episode proradio-darkbg proradio-negative post-9821 podcast type-podcast status-publish has-post-thumbnail hentry\" data-qtwaypoints>\n\t<div class=\"proradio-bgimg proradio-bgimg--full proradio-duotone\">\n\t\t<img fetchpriority=\"high\" decoding=\"async\" width=\"770\" height=\"595\" src=\"https:\/\/frequencecaraibe.com\/wp-content\/uploads\/2026\/04\/New-Visuel-1-770x595.jpg\" class=\"proradio-post__thumb wp-post-image\" alt=\"\" srcset=\"https:\/\/frequencecaraibe.com\/wp-content\/uploads\/2026\/04\/New-Visuel-1-770x595.jpg 770w, https:\/\/frequencecaraibe.com\/wp-content\/uploads\/2026\/04\/New-Visuel-1-1170x904.jpg 1170w, https:\/\/frequencecaraibe.com\/wp-content\/uploads\/2026\/04\/New-Visuel-1-768x593.jpg 768w, https:\/\/frequencecaraibe.com\/wp-content\/uploads\/2026\/04\/New-Visuel-1-1536x1187.jpg 1536w, https:\/\/frequencecaraibe.com\/wp-content\/uploads\/2026\/04\/New-Visuel-1.jpg 1600w\" sizes=\"(max-width: 770px) 100vw, 770px\" \/>\t<\/div>\n\t\t<div class=\"proradio-post__headercont\">\n\t\t<a class=\"proradio-post__header__link\" href=\"https:\/\/frequencecaraibe.com\/index.php\/podcast\/radio-frequence-caraibe-ekilibriondes-theme-la-fievre-doit-on-la-combattre\/\"><\/a>\n\t\t<div class=\"proradio-actions__cont\">\n\t<div class=\"proradio-actions\">\n\t\t\t\t<a href=\"https:\/\/frequencecaraibe.com\/index.php\/podcast\/radio-frequence-caraibe-ekilibriondes-theme-la-fievre-doit-on-la-combattre\/\" class=\"proradio-actionicon\">\n\t\t\t<i class=\"material-icons\">insert_link<\/i>\n\t\t<\/a>\n\t\t\n\n\t\t\t\t<span class=\"proradio-actions__a1\">\t\t<a data-ttgreaktions-shareboxfull=\"{&quot;id&quot;:&quot;9821&quot;,&quot;shared&quot;:&quot;https:\\\/\\\/frequencecaraibe.com\\\/index.php\\\/podcast\\\/radio-frequence-caraibe-ekilibriondes-theme-la-fievre-doit-on-la-combattre\\\/&quot;,&quot;title&quot;:&quot;RADIO FR\\u00c9QUENCE CARA\\u00cfBE -EKILIBRI\\u2019ONDES :  TH\\u00c8ME : LA FI\\u00c8VRE DOIT-ON LA COMBATTRE&quot;,&quot;finalUrl&quot;:&quot;https:\\\/\\\/frequencecaraibe.com\\\/index.php\\\/podcast\\\/radio-frequence-caraibe-ekilibriondes-theme-la-fievre-doit-on-la-combattre\\\/?id=9821&amp;reaktions-share-fullpage=9821&amp;noajax=1&amp;label=Partager&amp;btnclass=proradio-btn  proradio-btn__r&amp;secure=7152874e82&quot;}\" href=\"#nojax\" class=\"proradio_reaktions-link \">\n\t\t\t<span class=\"qtli\"><i class=\"reakticons-share\"><\/i><\/span><span class=\"count\"><\/span>\n\t\t<\/a>\n\t\t<\/span>\n\t\t\n\n\t\t\t\t<span class=\"proradio-actions__a2\">\t\t<a data-ttgreaktions-lovelink class=\"proradio_reaktions-link \" data-post_id=\"9821\" href=\"#\">\n\t        <span class=\"qtli\"><i class=\"reakticons-heart\"><\/i><\/span><span class=\"qtli count\"><\/span>\n\t    <\/a>\n\t\t<\/span>\n\t\t\t<\/div>\n<\/div>\n\n\n\t\t<div class=\"proradio-post__card__cap\">\n\t\t\t<p class=\"proradio-cats\">\n\t\t\t\t\t\t\t<\/p>\n\t\t\t<h3 class=\"proradio-post__title proradio-h4 proradio-cutme-t-2\"><a href=\"https:\/\/frequencecaraibe.com\/index.php\/podcast\/radio-frequence-caraibe-ekilibriondes-theme-la-fievre-doit-on-la-combattre\/\">RADIO FR\u00c9QUENCE CARA\u00cfBE -EKILIBRI\u2019ONDES :  TH\u00c8ME : LA FI\u00c8VRE DOIT-ON LA COMBATTRE<\/a><\/h3>\n\t\t\t<p class=\"proradio-meta proradio-small\">\n\t\t\t\t<span class=\"proradio-date\"><i class=\"material-icons\">today<\/i>27 avril 2026<\/span>\t\t\t\t<span><i class=\"reakticons-eye\"><\/i>3<\/span><span><\/span><span>\t\t<a data-ttgreaktions-lovelink class=\"proradio_reaktions-link \" data-post_id=\"9821\" href=\"#\">\n\t        <span class=\"qtli\"><i class=\"reakticons-heart\"><\/i><\/span><span class=\"qtli count\"><\/span>\n\t    <\/a>\n\t\t<\/span><span>\t\t<a data-ttgreaktions-shareboxfull=\"{&quot;id&quot;:&quot;9821&quot;,&quot;shared&quot;:&quot;https:\\\/\\\/frequencecaraibe.com\\\/index.php\\\/podcast\\\/radio-frequence-caraibe-ekilibriondes-theme-la-fievre-doit-on-la-combattre\\\/&quot;,&quot;title&quot;:&quot;RADIO FR\\u00c9QUENCE CARA\\u00cfBE -EKILIBRI\\u2019ONDES :  TH\\u00c8ME : LA FI\\u00c8VRE DOIT-ON LA COMBATTRE&quot;,&quot;finalUrl&quot;:&quot;https:\\\/\\\/frequencecaraibe.com\\\/index.php\\\/podcast\\\/radio-frequence-caraibe-ekilibriondes-theme-la-fievre-doit-on-la-combattre\\\/?id=9821&amp;reaktions-share-fullpage=9821&amp;noajax=1&amp;label=Partager&amp;btnclass=proradio-btn proradio-btn__r&amp;secure=7152874e82&quot;}\" href=\"#nojax\" class=\"proradio_reaktions-link \">\n\t\t\t<span class=\"qtli\"><i class=\"reakticons-share\"><\/i><\/span><span class=\"count\"><\/span>\n\t\t<\/a>\n\t\t<\/span>\t\t\t<\/p>\n\t\t<\/div>\n\t<\/div>\n\t<\/article>\n\t\t\t\t\t\t<\/div>\n\t\t\t\t\t\t\t\t\t\t\t\t<div class=\"proradio-col proradio-col__post proradio-s12 proradio-m6 proradio-l3\">\n\t\t\t\t\t\t\t<article class=\"proradio-post proradio-post__card proradio-post__card--podcast proradio-podcast-episode proradio-darkbg proradio-negative post-9774 podcast type-podcast status-publish has-post-thumbnail hentry\" data-qtwaypoints>\n\t<div class=\"proradio-bgimg proradio-bgimg--full proradio-duotone\">\n\t\t<img fetchpriority=\"high\" decoding=\"async\" width=\"770\" height=\"595\" src=\"https:\/\/frequencecaraibe.com\/wp-content\/uploads\/2026\/04\/New-Visuel-1-770x595.jpg\" class=\"proradio-post__thumb wp-post-image\" alt=\"\" srcset=\"https:\/\/frequencecaraibe.com\/wp-content\/uploads\/2026\/04\/New-Visuel-1-770x595.jpg 770w, https:\/\/frequencecaraibe.com\/wp-content\/uploads\/2026\/04\/New-Visuel-1-1170x904.jpg 1170w, https:\/\/frequencecaraibe.com\/wp-content\/uploads\/2026\/04\/New-Visuel-1-768x593.jpg 768w, https:\/\/frequencecaraibe.com\/wp-content\/uploads\/2026\/04\/New-Visuel-1-1536x1187.jpg 1536w, https:\/\/frequencecaraibe.com\/wp-content\/uploads\/2026\/04\/New-Visuel-1.jpg 1600w\" sizes=\"(max-width: 770px) 100vw, 770px\" \/>\t<\/div>\n\t\t<div class=\"proradio-post__headercont\">\n\t\t<a class=\"proradio-post__header__link\" href=\"https:\/\/frequencecaraibe.com\/index.php\/podcast\/radio-frequence-caraibe-ekilibriondes-theme-la-constipation\/\"><\/a>\n\t\t<div class=\"proradio-actions__cont\">\n\t<div class=\"proradio-actions\">\n\t\t\t\t<a href=\"https:\/\/frequencecaraibe.com\/index.php\/podcast\/radio-frequence-caraibe-ekilibriondes-theme-la-constipation\/\" class=\"proradio-actionicon\">\n\t\t\t<i class=\"material-icons\">insert_link<\/i>\n\t\t<\/a>\n\t\t\n\n\t\t\t\t<span class=\"proradio-actions__a1\">\t\t<a data-ttgreaktions-shareboxfull=\"{&quot;id&quot;:&quot;9774&quot;,&quot;shared&quot;:&quot;https:\\\/\\\/frequencecaraibe.com\\\/index.php\\\/podcast\\\/radio-frequence-caraibe-ekilibriondes-theme-la-constipation\\\/&quot;,&quot;title&quot;:&quot;RADIO FR\\u00c9QUENCE CARA\\u00cfBE -EKILIBRI\\u2019ONDES : TH\\u00c8ME : LA CONSTIPATION&quot;,&quot;finalUrl&quot;:&quot;https:\\\/\\\/frequencecaraibe.com\\\/index.php\\\/podcast\\\/radio-frequence-caraibe-ekilibriondes-theme-la-constipation\\\/?id=9774&amp;reaktions-share-fullpage=9774&amp;noajax=1&amp;label=Partager&amp;btnclass=proradio-btn  proradio-btn__r&amp;secure=7152874e82&quot;}\" href=\"#nojax\" class=\"proradio_reaktions-link \">\n\t\t\t<span class=\"qtli\"><i class=\"reakticons-share\"><\/i><\/span><span class=\"count\"><\/span>\n\t\t<\/a>\n\t\t<\/span>\n\t\t\n\n\t\t\t\t<span class=\"proradio-actions__a2\">\t\t<a data-ttgreaktions-lovelink class=\"proradio_reaktions-link \" data-post_id=\"9774\" href=\"#\">\n\t        <span class=\"qtli\"><i class=\"reakticons-heart\"><\/i><\/span><span class=\"qtli count\"><\/span>\n\t    <\/a>\n\t\t<\/span>\n\t\t\t<\/div>\n<\/div>\n\n\n\t\t<div class=\"proradio-post__card__cap\">\n\t\t\t<p class=\"proradio-cats\">\n\t\t\t\t\t\t\t<\/p>\n\t\t\t<h3 class=\"proradio-post__title proradio-h4 proradio-cutme-t-2\"><a href=\"https:\/\/frequencecaraibe.com\/index.php\/podcast\/radio-frequence-caraibe-ekilibriondes-theme-la-constipation\/\">RADIO FR\u00c9QUENCE CARA\u00cfBE -EKILIBRI\u2019ONDES : TH\u00c8ME : LA CONSTIPATION<\/a><\/h3>\n\t\t\t<p class=\"proradio-meta proradio-small\">\n\t\t\t\t<span class=\"proradio-date\"><i class=\"material-icons\">today<\/i>9 avril 2026<\/span>\t\t\t\t<span><i class=\"reakticons-eye\"><\/i>4<\/span><span><\/span><span>\t\t<a data-ttgreaktions-lovelink class=\"proradio_reaktions-link \" data-post_id=\"9774\" href=\"#\">\n\t        <span class=\"qtli\"><i class=\"reakticons-heart\"><\/i><\/span><span class=\"qtli count\"><\/span>\n\t    <\/a>\n\t\t<\/span><span>\t\t<a data-ttgreaktions-shareboxfull=\"{&quot;id&quot;:&quot;9774&quot;,&quot;shared&quot;:&quot;https:\\\/\\\/frequencecaraibe.com\\\/index.php\\\/podcast\\\/radio-frequence-caraibe-ekilibriondes-theme-la-constipation\\\/&quot;,&quot;title&quot;:&quot;RADIO FR\\u00c9QUENCE CARA\\u00cfBE -EKILIBRI\\u2019ONDES : TH\\u00c8ME : LA CONSTIPATION&quot;,&quot;finalUrl&quot;:&quot;https:\\\/\\\/frequencecaraibe.com\\\/index.php\\\/podcast\\\/radio-frequence-caraibe-ekilibriondes-theme-la-constipation\\\/?id=9774&amp;reaktions-share-fullpage=9774&amp;noajax=1&amp;label=Partager&amp;btnclass=proradio-btn proradio-btn__r&amp;secure=7152874e82&quot;}\" href=\"#nojax\" class=\"proradio_reaktions-link \">\n\t\t\t<span class=\"qtli\"><i class=\"reakticons-share\"><\/i><\/span><span class=\"count\"><\/span>\n\t\t<\/a>\n\t\t<\/span>\t\t\t<\/p>\n\t\t<\/div>\n\t<\/div>\n\t<\/article>\n\t\t\t\t\t\t<\/div>\n\t\t\t\t\t\t\t\t\t\t\t\t<div class=\"proradio-col proradio-col__post proradio-s12 proradio-m6 proradio-l3\">\n\t\t\t\t\t\t\t<article class=\"proradio-post proradio-post__card proradio-post__card--podcast proradio-podcast-episode proradio-darkbg proradio-negative post-9799 podcast type-podcast status-publish has-post-thumbnail hentry\" data-qtwaypoints>\n\t<div class=\"proradio-bgimg proradio-bgimg--full proradio-duotone\">\n\t\t<img decoding=\"async\" width=\"770\" height=\"452\" src=\"https:\/\/frequencecaraibe.com\/wp-content\/uploads\/2026\/04\/Visuel-770x452.jpg\" class=\"proradio-post__thumb wp-post-image\" alt=\"\" srcset=\"https:\/\/frequencecaraibe.com\/wp-content\/uploads\/2026\/04\/Visuel-770x452.jpg 770w, https:\/\/frequencecaraibe.com\/wp-content\/uploads\/2026\/04\/Visuel-768x451.jpg 768w, https:\/\/frequencecaraibe.com\/wp-content\/uploads\/2026\/04\/Visuel.jpg 1004w\" sizes=\"(max-width: 770px) 100vw, 770px\" \/>\t<\/div>\n\t\t<div class=\"proradio-post__headercont\">\n\t\t<a class=\"proradio-post__header__link\" href=\"https:\/\/frequencecaraibe.com\/index.php\/podcast\/filharmonie-petit-pays-petit-esprit\/\"><\/a>\n\t\t<div class=\"proradio-actions__cont\">\n\t<div class=\"proradio-actions\">\n\t\t\t\t<a href=\"https:\/\/frequencecaraibe.com\/index.php\/podcast\/filharmonie-petit-pays-petit-esprit\/\" class=\"proradio-actionicon\">\n\t\t\t<i class=\"material-icons\">insert_link<\/i>\n\t\t<\/a>\n\t\t\n\n\t\t\t\t<span class=\"proradio-actions__a1\">\t\t<a data-ttgreaktions-shareboxfull=\"{&quot;id&quot;:&quot;9799&quot;,&quot;shared&quot;:&quot;https:\\\/\\\/frequencecaraibe.com\\\/index.php\\\/podcast\\\/filharmonie-petit-pays-petit-esprit\\\/&quot;,&quot;title&quot;:&quot;FIL&rsquo;HARMONIE : PETIT PAYS- PETIT ESPRIT&quot;,&quot;finalUrl&quot;:&quot;https:\\\/\\\/frequencecaraibe.com\\\/index.php\\\/podcast\\\/filharmonie-petit-pays-petit-esprit\\\/?id=9799&amp;reaktions-share-fullpage=9799&amp;noajax=1&amp;label=Partager&amp;btnclass=proradio-btn  proradio-btn__r&amp;secure=7152874e82&quot;}\" href=\"#nojax\" class=\"proradio_reaktions-link \">\n\t\t\t<span class=\"qtli\"><i class=\"reakticons-share\"><\/i><\/span><span class=\"count\"><\/span>\n\t\t<\/a>\n\t\t<\/span>\n\t\t\n\n\t\t\t\t<span class=\"proradio-actions__a2\">\t\t<a data-ttgreaktions-lovelink class=\"proradio_reaktions-link \" data-post_id=\"9799\" href=\"#\">\n\t        <span class=\"qtli\"><i class=\"reakticons-heart\"><\/i><\/span><span class=\"qtli count\"><\/span>\n\t    <\/a>\n\t\t<\/span>\n\t\t\t<\/div>\n<\/div>\n\n\n\t\t<div class=\"proradio-post__card__cap\">\n\t\t\t<p class=\"proradio-cats\">\n\t\t\t\t\t\t\t<\/p>\n\t\t\t<h3 class=\"proradio-post__title proradio-h4 proradio-cutme-t-2\"><a href=\"https:\/\/frequencecaraibe.com\/index.php\/podcast\/filharmonie-petit-pays-petit-esprit\/\">FIL&rsquo;HARMONIE : PETIT PAYS- PETIT ESPRIT<\/a><\/h3>\n\t\t\t<p class=\"proradio-meta proradio-small\">\n\t\t\t\t<span class=\"proradio-date\"><i class=\"material-icons\">today<\/i>16 avril 2026<\/span>\t\t\t\t<span><i class=\"reakticons-eye\"><\/i>6<\/span><span><\/span><span>\t\t<a data-ttgreaktions-lovelink class=\"proradio_reaktions-link \" data-post_id=\"9799\" href=\"#\">\n\t        <span class=\"qtli\"><i class=\"reakticons-heart\"><\/i><\/span><span class=\"qtli count\"><\/span>\n\t    <\/a>\n\t\t<\/span><span>\t\t<a data-ttgreaktions-shareboxfull=\"{&quot;id&quot;:&quot;9799&quot;,&quot;shared&quot;:&quot;https:\\\/\\\/frequencecaraibe.com\\\/index.php\\\/podcast\\\/filharmonie-petit-pays-petit-esprit\\\/&quot;,&quot;title&quot;:&quot;FIL&rsquo;HARMONIE : PETIT PAYS- PETIT ESPRIT&quot;,&quot;finalUrl&quot;:&quot;https:\\\/\\\/frequencecaraibe.com\\\/index.php\\\/podcast\\\/filharmonie-petit-pays-petit-esprit\\\/?id=9799&amp;reaktions-share-fullpage=9799&amp;noajax=1&amp;label=Partager&amp;btnclass=proradio-btn proradio-btn__r&amp;secure=7152874e82&quot;}\" href=\"#nojax\" class=\"proradio_reaktions-link \">\n\t\t\t<span class=\"qtli\"><i class=\"reakticons-share\"><\/i><\/span><span class=\"count\"><\/span>\n\t\t<\/a>\n\t\t<\/span>\t\t\t<\/p>\n\t\t<\/div>\n\t<\/div>\n\t<\/article>\n\t\t\t\t\t\t<\/div>\n\t\t\t\t\t\t\t\t\t\t\t\t<div class=\"proradio-col proradio-col__post proradio-s12 proradio-m6 proradio-l3\">\n\t\t\t\t\t\t\t<article class=\"proradio-post proradio-post__card proradio-post__card--podcast proradio-podcast-episode proradio-darkbg proradio-negative post-9795 podcast type-podcast status-publish has-post-thumbnail hentry\" data-qtwaypoints>\n\t<div class=\"proradio-bgimg proradio-bgimg--full proradio-duotone\">\n\t\t<img decoding=\"async\" width=\"770\" height=\"595\" src=\"https:\/\/frequencecaraibe.com\/wp-content\/uploads\/2026\/04\/New-Visuel-770x595.jpg\" class=\"proradio-post__thumb wp-post-image\" alt=\"\" srcset=\"https:\/\/frequencecaraibe.com\/wp-content\/uploads\/2026\/04\/New-Visuel-770x595.jpg 770w, https:\/\/frequencecaraibe.com\/wp-content\/uploads\/2026\/04\/New-Visuel-1170x904.jpg 1170w, https:\/\/frequencecaraibe.com\/wp-content\/uploads\/2026\/04\/New-Visuel-768x593.jpg 768w, https:\/\/frequencecaraibe.com\/wp-content\/uploads\/2026\/04\/New-Visuel-1536x1187.jpg 1536w, https:\/\/frequencecaraibe.com\/wp-content\/uploads\/2026\/04\/New-Visuel.jpg 1600w\" sizes=\"(max-width: 770px) 100vw, 770px\" \/>\t<\/div>\n\t\t<div class=\"proradio-post__headercont\">\n\t\t<a class=\"proradio-post__header__link\" href=\"https:\/\/frequencecaraibe.com\/index.php\/podcast\/radio-frequence-caraibe-ekilibriondes-theme-les-parasites-peuvent-ils-etre-detectes-grace-a-la-fievre\/\"><\/a>\n\t\t<div class=\"proradio-actions__cont\">\n\t<div class=\"proradio-actions\">\n\t\t\t\t<a href=\"https:\/\/frequencecaraibe.com\/index.php\/podcast\/radio-frequence-caraibe-ekilibriondes-theme-les-parasites-peuvent-ils-etre-detectes-grace-a-la-fievre\/\" class=\"proradio-actionicon\">\n\t\t\t<i class=\"material-icons\">insert_link<\/i>\n\t\t<\/a>\n\t\t\n\n\t\t\t\t<span class=\"proradio-actions__a1\">\t\t<a data-ttgreaktions-shareboxfull=\"{&quot;id&quot;:&quot;9795&quot;,&quot;shared&quot;:&quot;https:\\\/\\\/frequencecaraibe.com\\\/index.php\\\/podcast\\\/radio-frequence-caraibe-ekilibriondes-theme-les-parasites-peuvent-ils-etre-detectes-grace-a-la-fievre\\\/&quot;,&quot;title&quot;:&quot;RADIO FR\\u00c9QUENCE CARA\\u00cfBE &#8211; EKILIBRI\\u2019ONDES TH\\u00c8ME : LES PARASITES PEUVENT-ILS \\u00caTRE D\\u00c9TECT\\u00c9S GR\\u00c2CE \\u00c0 LA FI\\u00c8VRE&quot;,&quot;finalUrl&quot;:&quot;https:\\\/\\\/frequencecaraibe.com\\\/index.php\\\/podcast\\\/radio-frequence-caraibe-ekilibriondes-theme-les-parasites-peuvent-ils-etre-detectes-grace-a-la-fievre\\\/?id=9795&amp;reaktions-share-fullpage=9795&amp;noajax=1&amp;label=Partager&amp;btnclass=proradio-btn  proradio-btn__r&amp;secure=7152874e82&quot;}\" href=\"#nojax\" class=\"proradio_reaktions-link \">\n\t\t\t<span class=\"qtli\"><i class=\"reakticons-share\"><\/i><\/span><span class=\"count\"><\/span>\n\t\t<\/a>\n\t\t<\/span>\n\t\t\n\n\t\t\t\t<span class=\"proradio-actions__a2\">\t\t<a data-ttgreaktions-lovelink class=\"proradio_reaktions-link \" data-post_id=\"9795\" href=\"#\">\n\t        <span class=\"qtli\"><i class=\"reakticons-heart\"><\/i><\/span><span class=\"qtli count\"><\/span>\n\t    <\/a>\n\t\t<\/span>\n\t\t\t<\/div>\n<\/div>\n\n\n\t\t<div class=\"proradio-post__card__cap\">\n\t\t\t<p class=\"proradio-cats\">\n\t\t\t\t\t\t\t<\/p>\n\t\t\t<h3 class=\"proradio-post__title proradio-h4 proradio-cutme-t-2\"><a href=\"https:\/\/frequencecaraibe.com\/index.php\/podcast\/radio-frequence-caraibe-ekilibriondes-theme-les-parasites-peuvent-ils-etre-detectes-grace-a-la-fievre\/\">RADIO FR\u00c9QUENCE CARA\u00cfBE &#8211; EKILIBRI\u2019ONDES TH\u00c8ME : LES PARASITES PEUVENT-ILS \u00caTRE D\u00c9TECT\u00c9S GR\u00c2CE \u00c0 LA FI\u00c8VRE<\/a><\/h3>\n\t\t\t<p class=\"proradio-meta proradio-small\">\n\t\t\t\t<span class=\"proradio-date\"><i class=\"material-icons\">today<\/i>16 avril 2026<\/span>\t\t\t\t<span><i class=\"reakticons-eye\"><\/i>8<\/span><span><\/span><span>\t\t<a data-ttgreaktions-lovelink class=\"proradio_reaktions-link \" data-post_id=\"9795\" href=\"#\">\n\t        <span class=\"qtli\"><i class=\"reakticons-heart\"><\/i><\/span><span class=\"qtli count\"><\/span>\n\t    <\/a>\n\t\t<\/span><span>\t\t<a data-ttgreaktions-shareboxfull=\"{&quot;id&quot;:&quot;9795&quot;,&quot;shared&quot;:&quot;https:\\\/\\\/frequencecaraibe.com\\\/index.php\\\/podcast\\\/radio-frequence-caraibe-ekilibriondes-theme-les-parasites-peuvent-ils-etre-detectes-grace-a-la-fievre\\\/&quot;,&quot;title&quot;:&quot;RADIO FR\\u00c9QUENCE CARA\\u00cfBE &#8211; EKILIBRI\\u2019ONDES TH\\u00c8ME : LES PARASITES PEUVENT-ILS \\u00caTRE D\\u00c9TECT\\u00c9S GR\\u00c2CE \\u00c0 LA FI\\u00c8VRE&quot;,&quot;finalUrl&quot;:&quot;https:\\\/\\\/frequencecaraibe.com\\\/index.php\\\/podcast\\\/radio-frequence-caraibe-ekilibriondes-theme-les-parasites-peuvent-ils-etre-detectes-grace-a-la-fievre\\\/?id=9795&amp;reaktions-share-fullpage=9795&amp;noajax=1&amp;label=Partager&amp;btnclass=proradio-btn proradio-btn__r&amp;secure=7152874e82&quot;}\" href=\"#nojax\" class=\"proradio_reaktions-link \">\n\t\t\t<span class=\"qtli\"><i class=\"reakticons-share\"><\/i><\/span><span class=\"count\"><\/span>\n\t\t<\/a>\n\t\t<\/span>\t\t\t<\/p>\n\t\t<\/div>\n\t<\/div>\n\t<\/article>\n\t\t\t\t\t\t<\/div>\n\t\t\t\t\t\t\t\t\t\t\t\t<div class=\"proradio-col proradio-col__post proradio-s12 proradio-m6 proradio-l3\">\n\t\t\t\t\t\t\t<article class=\"proradio-post proradio-post__card proradio-post__card--podcast proradio-podcast-episode proradio-darkbg proradio-negative post-9791 podcast type-podcast status-publish has-post-thumbnail hentry\" data-qtwaypoints>\n\t<div class=\"proradio-bgimg proradio-bgimg--full proradio-duotone\">\n\t\t<img loading=\"lazy\" decoding=\"async\" width=\"616\" height=\"770\" src=\"https:\/\/frequencecaraibe.com\/wp-content\/uploads\/2026\/04\/Moun-ki-fe-lEwop-Charte-sociale-europeenne-616x770.png\" class=\"proradio-post__thumb wp-post-image\" alt=\"\" srcset=\"https:\/\/frequencecaraibe.com\/wp-content\/uploads\/2026\/04\/Moun-ki-fe-lEwop-Charte-sociale-europeenne-616x770.png 616w, https:\/\/frequencecaraibe.com\/wp-content\/uploads\/2026\/04\/Moun-ki-fe-lEwop-Charte-sociale-europeenne-936x1170.png 936w, https:\/\/frequencecaraibe.com\/wp-content\/uploads\/2026\/04\/Moun-ki-fe-lEwop-Charte-sociale-europeenne-768x960.png 768w, https:\/\/frequencecaraibe.com\/wp-content\/uploads\/2026\/04\/Moun-ki-fe-lEwop-Charte-sociale-europeenne.png 1080w\" sizes=\"(max-width: 616px) 100vw, 616px\" \/>\t<\/div>\n\t\t<div class=\"proradio-post__headercont\">\n\t\t<a class=\"proradio-post__header__link\" href=\"https:\/\/frequencecaraibe.com\/index.php\/podcast\/moun-ki-fe-lewop-la-charte-sociale-europeenne-dans-les-territoires-doutre-mer\/\"><\/a>\n\t\t<div class=\"proradio-actions__cont\">\n\t<div class=\"proradio-actions\">\n\t\t\t\t<a href=\"https:\/\/frequencecaraibe.com\/index.php\/podcast\/moun-ki-fe-lewop-la-charte-sociale-europeenne-dans-les-territoires-doutre-mer\/\" class=\"proradio-actionicon\">\n\t\t\t<i class=\"material-icons\">insert_link<\/i>\n\t\t<\/a>\n\t\t\n\n\t\t\t\t<span class=\"proradio-actions__a1\">\t\t<a data-ttgreaktions-shareboxfull=\"{&quot;id&quot;:&quot;9791&quot;,&quot;shared&quot;:&quot;https:\\\/\\\/frequencecaraibe.com\\\/index.php\\\/podcast\\\/moun-ki-fe-lewop-la-charte-sociale-europeenne-dans-les-territoires-doutre-mer\\\/&quot;,&quot;title&quot;:&quot;MOUN KI FE L\\u2019EWOP :  LA CHARTE SOCIALE EUROP\\u00c9ENNE DANS LES TERRITOIRES D&rsquo;OUTRE-MER&quot;,&quot;finalUrl&quot;:&quot;https:\\\/\\\/frequencecaraibe.com\\\/index.php\\\/podcast\\\/moun-ki-fe-lewop-la-charte-sociale-europeenne-dans-les-territoires-doutre-mer\\\/?id=9791&amp;reaktions-share-fullpage=9791&amp;noajax=1&amp;label=Partager&amp;btnclass=proradio-btn  proradio-btn__r&amp;secure=7152874e82&quot;}\" href=\"#nojax\" class=\"proradio_reaktions-link \">\n\t\t\t<span class=\"qtli\"><i class=\"reakticons-share\"><\/i><\/span><span class=\"count\"><\/span>\n\t\t<\/a>\n\t\t<\/span>\n\t\t\n\n\t\t\t\t<span class=\"proradio-actions__a2\">\t\t<a data-ttgreaktions-lovelink class=\"proradio_reaktions-link \" data-post_id=\"9791\" href=\"#\">\n\t        <span class=\"qtli\"><i class=\"reakticons-heart\"><\/i><\/span><span class=\"qtli count\"><\/span>\n\t    <\/a>\n\t\t<\/span>\n\t\t\t<\/div>\n<\/div>\n\n\n\t\t<div class=\"proradio-post__card__cap\">\n\t\t\t<p class=\"proradio-cats\">\n\t\t\t\t\t\t\t<\/p>\n\t\t\t<h3 class=\"proradio-post__title proradio-h4 proradio-cutme-t-2\"><a href=\"https:\/\/frequencecaraibe.com\/index.php\/podcast\/moun-ki-fe-lewop-la-charte-sociale-europeenne-dans-les-territoires-doutre-mer\/\">MOUN KI FE L\u2019EWOP :  LA CHARTE SOCIALE EUROP\u00c9ENNE DANS LES TERRITOIRES D&rsquo;OUTRE-MER<\/a><\/h3>\n\t\t\t<p class=\"proradio-meta proradio-small\">\n\t\t\t\t<span class=\"proradio-date\"><i class=\"material-icons\">today<\/i>13 avril 2026<\/span>\t\t\t\t<span><i class=\"reakticons-eye\"><\/i>6<\/span><span><\/span><span>\t\t<a data-ttgreaktions-lovelink class=\"proradio_reaktions-link \" data-post_id=\"9791\" href=\"#\">\n\t        <span class=\"qtli\"><i class=\"reakticons-heart\"><\/i><\/span><span class=\"qtli count\"><\/span>\n\t    <\/a>\n\t\t<\/span><span>\t\t<a data-ttgreaktions-shareboxfull=\"{&quot;id&quot;:&quot;9791&quot;,&quot;shared&quot;:&quot;https:\\\/\\\/frequencecaraibe.com\\\/index.php\\\/podcast\\\/moun-ki-fe-lewop-la-charte-sociale-europeenne-dans-les-territoires-doutre-mer\\\/&quot;,&quot;title&quot;:&quot;MOUN KI FE L\\u2019EWOP :  LA CHARTE SOCIALE EUROP\\u00c9ENNE DANS LES TERRITOIRES D&rsquo;OUTRE-MER&quot;,&quot;finalUrl&quot;:&quot;https:\\\/\\\/frequencecaraibe.com\\\/index.php\\\/podcast\\\/moun-ki-fe-lewop-la-charte-sociale-europeenne-dans-les-territoires-doutre-mer\\\/?id=9791&amp;reaktions-share-fullpage=9791&amp;noajax=1&amp;label=Partager&amp;btnclass=proradio-btn proradio-btn__r&amp;secure=7152874e82&quot;}\" href=\"#nojax\" class=\"proradio_reaktions-link \">\n\t\t\t<span class=\"qtli\"><i class=\"reakticons-share\"><\/i><\/span><span class=\"count\"><\/span>\n\t\t<\/a>\n\t\t<\/span>\t\t\t<\/p>\n\t\t<\/div>\n\t<\/div>\n\t<\/article>\n\t\t\t\t\t\t<\/div>\n\t\t\t\t\t\t\t\t\t\t\t\t<div class=\"proradio-col proradio-col__post proradio-s12 proradio-m6 proradio-l3\">\n\t\t\t\t\t\t\t<article class=\"proradio-post proradio-post__card proradio-post__card--podcast proradio-podcast-episode proradio-darkbg proradio-negative post-9720 podcast type-podcast status-publish has-post-thumbnail hentry\" data-qtwaypoints>\n\t<div class=\"proradio-bgimg proradio-bgimg--full proradio-duotone\">\n\t\t<img loading=\"lazy\" decoding=\"async\" width=\"770\" height=\"433\" src=\"https:\/\/frequencecaraibe.com\/wp-content\/uploads\/2026\/03\/Visuel-YT-770x433.jpg\" class=\"proradio-post__thumb wp-post-image\" alt=\"\" srcset=\"https:\/\/frequencecaraibe.com\/wp-content\/uploads\/2026\/03\/Visuel-YT-770x433.jpg 770w, https:\/\/frequencecaraibe.com\/wp-content\/uploads\/2026\/03\/Visuel-YT-1170x658.jpg 1170w, https:\/\/frequencecaraibe.com\/wp-content\/uploads\/2026\/03\/Visuel-YT-768x432.jpg 768w, https:\/\/frequencecaraibe.com\/wp-content\/uploads\/2026\/03\/Visuel-YT.jpg 1280w\" sizes=\"(max-width: 770px) 100vw, 770px\" \/>\t<\/div>\n\t\t<div class=\"proradio-post__headercont\">\n\t\t<a class=\"proradio-post__header__link\" href=\"https:\/\/frequencecaraibe.com\/index.php\/podcast\/breaking-news-france-travail-theme-la-p-o-e\/\"><\/a>\n\t\t<div class=\"proradio-actions__cont\">\n\t<div class=\"proradio-actions\">\n\t\t\t\t<a href=\"https:\/\/frequencecaraibe.com\/index.php\/podcast\/breaking-news-france-travail-theme-la-p-o-e\/\" class=\"proradio-actionicon\">\n\t\t\t<i class=\"material-icons\">insert_link<\/i>\n\t\t<\/a>\n\t\t\n\n\t\t\t\t<span class=\"proradio-actions__a1\">\t\t<a data-ttgreaktions-shareboxfull=\"{&quot;id&quot;:&quot;9720&quot;,&quot;shared&quot;:&quot;https:\\\/\\\/frequencecaraibe.com\\\/index.php\\\/podcast\\\/breaking-news-france-travail-theme-la-p-o-e\\\/&quot;,&quot;title&quot;:&quot;BREAKING NEWS FRANCE TRAVAIL \\\/ TH\\u00c8ME : LA P.O.E&quot;,&quot;finalUrl&quot;:&quot;https:\\\/\\\/frequencecaraibe.com\\\/index.php\\\/podcast\\\/breaking-news-france-travail-theme-la-p-o-e\\\/?id=9720&amp;reaktions-share-fullpage=9720&amp;noajax=1&amp;label=Partager&amp;btnclass=proradio-btn  proradio-btn__r&amp;secure=7152874e82&quot;}\" href=\"#nojax\" class=\"proradio_reaktions-link \">\n\t\t\t<span class=\"qtli\"><i class=\"reakticons-share\"><\/i><\/span><span class=\"count\"><\/span>\n\t\t<\/a>\n\t\t<\/span>\n\t\t\n\n\t\t\t\t<span class=\"proradio-actions__a2\">\t\t<a data-ttgreaktions-lovelink class=\"proradio_reaktions-link \" data-post_id=\"9720\" href=\"#\">\n\t        <span class=\"qtli\"><i class=\"reakticons-heart\"><\/i><\/span><span class=\"qtli count\"><\/span>\n\t    <\/a>\n\t\t<\/span>\n\t\t\t<\/div>\n<\/div>\n\n\n\t\t<div class=\"proradio-post__card__cap\">\n\t\t\t<p class=\"proradio-cats\">\n\t\t\t\t\t\t\t<\/p>\n\t\t\t<h3 class=\"proradio-post__title proradio-h4 proradio-cutme-t-2\"><a href=\"https:\/\/frequencecaraibe.com\/index.php\/podcast\/breaking-news-france-travail-theme-la-p-o-e\/\">BREAKING NEWS FRANCE TRAVAIL \/ TH\u00c8ME : LA P.O.E<\/a><\/h3>\n\t\t\t<p class=\"proradio-meta proradio-small\">\n\t\t\t\t<span class=\"proradio-date\"><i class=\"material-icons\">today<\/i>25 mars 2026<\/span>\t\t\t\t<span><i class=\"reakticons-eye\"><\/i>16<\/span><span><\/span><span>\t\t<a data-ttgreaktions-lovelink class=\"proradio_reaktions-link \" data-post_id=\"9720\" href=\"#\">\n\t        <span class=\"qtli\"><i class=\"reakticons-heart\"><\/i><\/span><span class=\"qtli count\"><\/span>\n\t    <\/a>\n\t\t<\/span><span>\t\t<a data-ttgreaktions-shareboxfull=\"{&quot;id&quot;:&quot;9720&quot;,&quot;shared&quot;:&quot;https:\\\/\\\/frequencecaraibe.com\\\/index.php\\\/podcast\\\/breaking-news-france-travail-theme-la-p-o-e\\\/&quot;,&quot;title&quot;:&quot;BREAKING NEWS FRANCE TRAVAIL \\\/ TH\\u00c8ME : LA P.O.E&quot;,&quot;finalUrl&quot;:&quot;https:\\\/\\\/frequencecaraibe.com\\\/index.php\\\/podcast\\\/breaking-news-france-travail-theme-la-p-o-e\\\/?id=9720&amp;reaktions-share-fullpage=9720&amp;noajax=1&amp;label=Partager&amp;btnclass=proradio-btn proradio-btn__r&amp;secure=7152874e82&quot;}\" href=\"#nojax\" class=\"proradio_reaktions-link \">\n\t\t\t<span class=\"qtli\"><i class=\"reakticons-share\"><\/i><\/span><span class=\"count\"><\/span>\n\t\t<\/a>\n\t\t<\/span>\t\t\t<\/p>\n\t\t<\/div>\n\t<\/div>\n\t<\/article>\n\t\t\t\t\t\t<\/div>\n\t\t\t\t\t\t\t\t\t\t\t\t<div class=\"proradio-col proradio-col__post proradio-s12 proradio-m6 proradio-l3\">\n\t\t\t\t\t\t\t<article class=\"proradio-post proradio-post__card proradio-post__card--podcast proradio-podcast-episode proradio-darkbg proradio-negative post-9716 podcast type-podcast status-publish has-post-thumbnail hentry podcastfilter-itv\" data-qtwaypoints>\n\t<div class=\"proradio-bgimg proradio-bgimg--full proradio-duotone\">\n\t\t<img loading=\"lazy\" decoding=\"async\" width=\"770\" height=\"433\" src=\"https:\/\/frequencecaraibe.com\/wp-content\/uploads\/2026\/03\/Deklik-Matinik-770x433.png\" class=\"proradio-post__thumb wp-post-image\" alt=\"\" srcset=\"https:\/\/frequencecaraibe.com\/wp-content\/uploads\/2026\/03\/Deklik-Matinik-770x433.png 770w, https:\/\/frequencecaraibe.com\/wp-content\/uploads\/2026\/03\/Deklik-Matinik-1170x658.png 1170w, https:\/\/frequencecaraibe.com\/wp-content\/uploads\/2026\/03\/Deklik-Matinik-768x432.png 768w, https:\/\/frequencecaraibe.com\/wp-content\/uploads\/2026\/03\/Deklik-Matinik.png 1280w\" sizes=\"(max-width: 770px) 100vw, 770px\" \/>\t<\/div>\n\t\t<div class=\"proradio-post__headercont\">\n\t\t<a class=\"proradio-post__header__link\" href=\"https:\/\/frequencecaraibe.com\/index.php\/podcast\/deklik-matinik-5eme-edition\/\"><\/a>\n\t\t<div class=\"proradio-actions__cont\">\n\t<div class=\"proradio-actions\">\n\t\t\t\t<a href=\"https:\/\/frequencecaraibe.com\/index.php\/podcast\/deklik-matinik-5eme-edition\/\" class=\"proradio-actionicon\">\n\t\t\t<i class=\"material-icons\">insert_link<\/i>\n\t\t<\/a>\n\t\t\n\n\t\t\t\t<span class=\"proradio-actions__a1\">\t\t<a data-ttgreaktions-shareboxfull=\"{&quot;id&quot;:&quot;9716&quot;,&quot;shared&quot;:&quot;https:\\\/\\\/frequencecaraibe.com\\\/index.php\\\/podcast\\\/deklik-matinik-5eme-edition\\\/&quot;,&quot;title&quot;:&quot;D\\u00c9KLIK MATINIK 5\\u00c8ME \\u00c9DITION&quot;,&quot;finalUrl&quot;:&quot;https:\\\/\\\/frequencecaraibe.com\\\/index.php\\\/podcast\\\/deklik-matinik-5eme-edition\\\/?id=9716&amp;reaktions-share-fullpage=9716&amp;noajax=1&amp;label=Partager&amp;btnclass=proradio-btn  proradio-btn__r&amp;secure=7152874e82&quot;}\" href=\"#nojax\" class=\"proradio_reaktions-link \">\n\t\t\t<span class=\"qtli\"><i class=\"reakticons-share\"><\/i><\/span><span class=\"count\"><\/span>\n\t\t<\/a>\n\t\t<\/span>\n\t\t\n\n\t\t\t\t<span class=\"proradio-actions__a2\">\t\t<a data-ttgreaktions-lovelink class=\"proradio_reaktions-link \" data-post_id=\"9716\" href=\"#\">\n\t        <span class=\"qtli\"><i class=\"reakticons-heart\"><\/i><\/span><span class=\"qtli count\"><\/span>\n\t    <\/a>\n\t\t<\/span>\n\t\t\t<\/div>\n<\/div>\n\n\n\t\t<div class=\"proradio-post__card__cap\">\n\t\t\t<p class=\"proradio-cats\">\n\t\t\t\t<a href=\"https:\/\/frequencecaraibe.com\/index.php\/podcastfilter\/itv\/\" class=\"proradio-catid-98\">ITV<\/a>\t\t\t<\/p>\n\t\t\t<h3 class=\"proradio-post__title proradio-h4 proradio-cutme-t-2\"><a href=\"https:\/\/frequencecaraibe.com\/index.php\/podcast\/deklik-matinik-5eme-edition\/\">D\u00c9KLIK MATINIK 5\u00c8ME \u00c9DITION<\/a><\/h3>\n\t\t\t<p class=\"proradio-meta proradio-small\">\n\t\t\t\t<span class=\"proradio-date\"><i class=\"material-icons\">today<\/i>25 mars 2026<\/span>\t\t\t\t<span><i class=\"reakticons-eye\"><\/i>20<\/span><span><\/span><span>\t\t<a data-ttgreaktions-lovelink class=\"proradio_reaktions-link \" data-post_id=\"9716\" href=\"#\">\n\t        <span class=\"qtli\"><i class=\"reakticons-heart\"><\/i><\/span><span class=\"qtli count\"><\/span>\n\t    <\/a>\n\t\t<\/span><span>\t\t<a data-ttgreaktions-shareboxfull=\"{&quot;id&quot;:&quot;9716&quot;,&quot;shared&quot;:&quot;https:\\\/\\\/frequencecaraibe.com\\\/index.php\\\/podcast\\\/deklik-matinik-5eme-edition\\\/&quot;,&quot;title&quot;:&quot;D\\u00c9KLIK MATINIK 5\\u00c8ME \\u00c9DITION&quot;,&quot;finalUrl&quot;:&quot;https:\\\/\\\/frequencecaraibe.com\\\/index.php\\\/podcast\\\/deklik-matinik-5eme-edition\\\/?id=9716&amp;reaktions-share-fullpage=9716&amp;noajax=1&amp;label=Partager&amp;btnclass=proradio-btn proradio-btn__r&amp;secure=7152874e82&quot;}\" href=\"#nojax\" class=\"proradio_reaktions-link \">\n\t\t\t<span class=\"qtli\"><i class=\"reakticons-share\"><\/i><\/span><span class=\"count\"><\/span>\n\t\t<\/a>\n\t\t<\/span>\t\t\t<\/p>\n\t\t<\/div>\n\t<\/div>\n\t<\/article>\n\t\t\t\t\t\t<\/div>\n\t\t\t\t\t\t\t\t\t\t\t\t<div class=\"proradio-col proradio-col__post proradio-s12 proradio-m6 proradio-l3\">\n\t\t\t\t\t\t\t<article class=\"proradio-post proradio-post__card proradio-post__card--podcast proradio-podcast-episode proradio-darkbg proradio-negative post-9706 podcast type-podcast status-publish has-post-thumbnail hentry\" data-qtwaypoints>\n\t<div class=\"proradio-bgimg proradio-bgimg--full proradio-duotone\">\n\t\t<img loading=\"lazy\" decoding=\"async\" width=\"770\" height=\"433\" src=\"https:\/\/frequencecaraibe.com\/wp-content\/uploads\/2026\/03\/EkilibriOndes-1-1-770x433.jpg\" class=\"proradio-post__thumb wp-post-image\" alt=\"\" srcset=\"https:\/\/frequencecaraibe.com\/wp-content\/uploads\/2026\/03\/EkilibriOndes-1-1-770x433.jpg 770w, https:\/\/frequencecaraibe.com\/wp-content\/uploads\/2026\/03\/EkilibriOndes-1-1-1170x658.jpg 1170w, https:\/\/frequencecaraibe.com\/wp-content\/uploads\/2026\/03\/EkilibriOndes-1-1-768x432.jpg 768w, https:\/\/frequencecaraibe.com\/wp-content\/uploads\/2026\/03\/EkilibriOndes-1-1.jpg 1280w\" sizes=\"(max-width: 770px) 100vw, 770px\" \/>\t<\/div>\n\t\t<div class=\"proradio-post__headercont\">\n\t\t<a class=\"proradio-post__header__link\" href=\"https:\/\/frequencecaraibe.com\/index.php\/podcast\/radio-frequence-caraibe-ekilibriondes-theme-le-nettoyage-de-lorganisme\/\"><\/a>\n\t\t<div class=\"proradio-actions__cont\">\n\t<div class=\"proradio-actions\">\n\t\t\t\t<a href=\"https:\/\/frequencecaraibe.com\/index.php\/podcast\/radio-frequence-caraibe-ekilibriondes-theme-le-nettoyage-de-lorganisme\/\" class=\"proradio-actionicon\">\n\t\t\t<i class=\"material-icons\">insert_link<\/i>\n\t\t<\/a>\n\t\t\n\n\t\t\t\t<span class=\"proradio-actions__a1\">\t\t<a data-ttgreaktions-shareboxfull=\"{&quot;id&quot;:&quot;9706&quot;,&quot;shared&quot;:&quot;https:\\\/\\\/frequencecaraibe.com\\\/index.php\\\/podcast\\\/radio-frequence-caraibe-ekilibriondes-theme-le-nettoyage-de-lorganisme\\\/&quot;,&quot;title&quot;:&quot;RADIO FR\\u00c9QUENCE CARA\\u00cfBE &#8211; EKILIBRI\\u2019ONDES TH\\u00c8ME : LE NETTOYAGE DE L&rsquo;ORGANISME&quot;,&quot;finalUrl&quot;:&quot;https:\\\/\\\/frequencecaraibe.com\\\/index.php\\\/podcast\\\/radio-frequence-caraibe-ekilibriondes-theme-le-nettoyage-de-lorganisme\\\/?id=9706&amp;reaktions-share-fullpage=9706&amp;noajax=1&amp;label=Partager&amp;btnclass=proradio-btn  proradio-btn__r&amp;secure=7152874e82&quot;}\" href=\"#nojax\" class=\"proradio_reaktions-link \">\n\t\t\t<span class=\"qtli\"><i class=\"reakticons-share\"><\/i><\/span><span class=\"count\"><\/span>\n\t\t<\/a>\n\t\t<\/span>\n\t\t\n\n\t\t\t\t<span class=\"proradio-actions__a2\">\t\t<a data-ttgreaktions-lovelink class=\"proradio_reaktions-link \" data-post_id=\"9706\" href=\"#\">\n\t        <span class=\"qtli\"><i class=\"reakticons-heart\"><\/i><\/span><span class=\"qtli count\"><\/span>\n\t    <\/a>\n\t\t<\/span>\n\t\t\t<\/div>\n<\/div>\n\n\n\t\t<div class=\"proradio-post__card__cap\">\n\t\t\t<p class=\"proradio-cats\">\n\t\t\t\t\t\t\t<\/p>\n\t\t\t<h3 class=\"proradio-post__title proradio-h4 proradio-cutme-t-2\"><a href=\"https:\/\/frequencecaraibe.com\/index.php\/podcast\/radio-frequence-caraibe-ekilibriondes-theme-le-nettoyage-de-lorganisme\/\">RADIO FR\u00c9QUENCE CARA\u00cfBE &#8211; EKILIBRI\u2019ONDES TH\u00c8ME : LE NETTOYAGE DE L&rsquo;ORGANISME<\/a><\/h3>\n\t\t\t<p class=\"proradio-meta proradio-small\">\n\t\t\t\t<span class=\"proradio-date\"><i class=\"material-icons\">today<\/i>19 mars 2026<\/span>\t\t\t\t<span><i class=\"reakticons-eye\"><\/i>24<\/span><span><\/span><span>\t\t<a data-ttgreaktions-lovelink class=\"proradio_reaktions-link \" data-post_id=\"9706\" href=\"#\">\n\t        <span class=\"qtli\"><i class=\"reakticons-heart\"><\/i><\/span><span class=\"qtli count\"><\/span>\n\t    <\/a>\n\t\t<\/span><span>\t\t<a data-ttgreaktions-shareboxfull=\"{&quot;id&quot;:&quot;9706&quot;,&quot;shared&quot;:&quot;https:\\\/\\\/frequencecaraibe.com\\\/index.php\\\/podcast\\\/radio-frequence-caraibe-ekilibriondes-theme-le-nettoyage-de-lorganisme\\\/&quot;,&quot;title&quot;:&quot;RADIO FR\\u00c9QUENCE CARA\\u00cfBE &#8211; EKILIBRI\\u2019ONDES TH\\u00c8ME : LE NETTOYAGE DE L&rsquo;ORGANISME&quot;,&quot;finalUrl&quot;:&quot;https:\\\/\\\/frequencecaraibe.com\\\/index.php\\\/podcast\\\/radio-frequence-caraibe-ekilibriondes-theme-le-nettoyage-de-lorganisme\\\/?id=9706&amp;reaktions-share-fullpage=9706&amp;noajax=1&amp;label=Partager&amp;btnclass=proradio-btn proradio-btn__r&amp;secure=7152874e82&quot;}\" href=\"#nojax\" class=\"proradio_reaktions-link \">\n\t\t\t<span class=\"qtli\"><i class=\"reakticons-share\"><\/i><\/span><span class=\"count\"><\/span>\n\t\t<\/a>\n\t\t<\/span>\t\t\t<\/p>\n\t\t<\/div>\n\t<\/div>\n\t<\/article>\n\t\t\t\t\t\t<\/div>\n\t\t\t\t\t\t\t\t\t\t\t\t<div class=\"proradio-col proradio-col__post proradio-s12 proradio-m6 proradio-l3\">\n\t\t\t\t\t\t\t<article class=\"proradio-post proradio-post__card proradio-post__card--podcast proradio-podcast-episode proradio-darkbg proradio-negative post-9702 podcast type-podcast status-publish has-post-thumbnail hentry\" data-qtwaypoints>\n\t<div class=\"proradio-bgimg proradio-bgimg--full proradio-duotone\">\n\t\t<img loading=\"lazy\" decoding=\"async\" width=\"770\" height=\"433\" src=\"https:\/\/frequencecaraibe.com\/wp-content\/uploads\/2026\/03\/EkilibriOndes--770x433.jpg\" class=\"proradio-post__thumb wp-post-image\" alt=\"\" srcset=\"https:\/\/frequencecaraibe.com\/wp-content\/uploads\/2026\/03\/EkilibriOndes--770x433.jpg 770w, https:\/\/frequencecaraibe.com\/wp-content\/uploads\/2026\/03\/EkilibriOndes--1170x658.jpg 1170w, https:\/\/frequencecaraibe.com\/wp-content\/uploads\/2026\/03\/EkilibriOndes--768x432.jpg 768w, https:\/\/frequencecaraibe.com\/wp-content\/uploads\/2026\/03\/EkilibriOndes-.jpg 1280w\" sizes=\"(max-width: 770px) 100vw, 770px\" \/>\t<\/div>\n\t\t<div class=\"proradio-post__headercont\">\n\t\t<a class=\"proradio-post__header__link\" href=\"https:\/\/frequencecaraibe.com\/index.php\/podcast\/ekilibriondes-theme-lhuile-de-coco-a-volonte-ou-avec-moderation\/\"><\/a>\n\t\t<div class=\"proradio-actions__cont\">\n\t<div class=\"proradio-actions\">\n\t\t\t\t<a href=\"https:\/\/frequencecaraibe.com\/index.php\/podcast\/ekilibriondes-theme-lhuile-de-coco-a-volonte-ou-avec-moderation\/\" class=\"proradio-actionicon\">\n\t\t\t<i class=\"material-icons\">insert_link<\/i>\n\t\t<\/a>\n\t\t\n\n\t\t\t\t<span class=\"proradio-actions__a1\">\t\t<a data-ttgreaktions-shareboxfull=\"{&quot;id&quot;:&quot;9702&quot;,&quot;shared&quot;:&quot;https:\\\/\\\/frequencecaraibe.com\\\/index.php\\\/podcast\\\/ekilibriondes-theme-lhuile-de-coco-a-volonte-ou-avec-moderation\\\/&quot;,&quot;title&quot;:&quot;EKILIBRI\\u2019ONDES \\\/ TH\\u00c8ME : L&rsquo;HUILE DE COCO \\u00c0 VOLONT\\u00c9 OU AVEC MOD\\u00c9RATION&quot;,&quot;finalUrl&quot;:&quot;https:\\\/\\\/frequencecaraibe.com\\\/index.php\\\/podcast\\\/ekilibriondes-theme-lhuile-de-coco-a-volonte-ou-avec-moderation\\\/?id=9702&amp;reaktions-share-fullpage=9702&amp;noajax=1&amp;label=Partager&amp;btnclass=proradio-btn  proradio-btn__r&amp;secure=7152874e82&quot;}\" href=\"#nojax\" class=\"proradio_reaktions-link \">\n\t\t\t<span class=\"qtli\"><i class=\"reakticons-share\"><\/i><\/span><span class=\"count\"><\/span>\n\t\t<\/a>\n\t\t<\/span>\n\t\t\n\n\t\t\t\t<span class=\"proradio-actions__a2\">\t\t<a data-ttgreaktions-lovelink class=\"proradio_reaktions-link \" data-post_id=\"9702\" href=\"#\">\n\t        <span class=\"qtli\"><i class=\"reakticons-heart\"><\/i><\/span><span class=\"qtli count\">10<\/span>\n\t    <\/a>\n\t\t<\/span>\n\t\t\t<\/div>\n<\/div>\n\n\n\t\t<div class=\"proradio-post__card__cap\">\n\t\t\t<p class=\"proradio-cats\">\n\t\t\t\t\t\t\t<\/p>\n\t\t\t<h3 class=\"proradio-post__title proradio-h4 proradio-cutme-t-2\"><a href=\"https:\/\/frequencecaraibe.com\/index.php\/podcast\/ekilibriondes-theme-lhuile-de-coco-a-volonte-ou-avec-moderation\/\">EKILIBRI\u2019ONDES \/ TH\u00c8ME : L&rsquo;HUILE DE COCO \u00c0 VOLONT\u00c9 OU AVEC MOD\u00c9RATION<\/a><\/h3>\n\t\t\t<p class=\"proradio-meta proradio-small\">\n\t\t\t\t<span class=\"proradio-date\"><i class=\"material-icons\">today<\/i>19 mars 2026<\/span>\t\t\t\t<span><i class=\"reakticons-eye\"><\/i>18<\/span><span><\/span><span>\t\t<a data-ttgreaktions-lovelink class=\"proradio_reaktions-link \" data-post_id=\"9702\" href=\"#\">\n\t        <span class=\"qtli\"><i class=\"reakticons-heart\"><\/i><\/span><span class=\"qtli count\">10<\/span>\n\t    <\/a>\n\t\t<\/span><span>\t\t<a data-ttgreaktions-shareboxfull=\"{&quot;id&quot;:&quot;9702&quot;,&quot;shared&quot;:&quot;https:\\\/\\\/frequencecaraibe.com\\\/index.php\\\/podcast\\\/ekilibriondes-theme-lhuile-de-coco-a-volonte-ou-avec-moderation\\\/&quot;,&quot;title&quot;:&quot;EKILIBRI\\u2019ONDES \\\/ TH\\u00c8ME : L&rsquo;HUILE DE COCO \\u00c0 VOLONT\\u00c9 OU AVEC MOD\\u00c9RATION&quot;,&quot;finalUrl&quot;:&quot;https:\\\/\\\/frequencecaraibe.com\\\/index.php\\\/podcast\\\/ekilibriondes-theme-lhuile-de-coco-a-volonte-ou-avec-moderation\\\/?id=9702&amp;reaktions-share-fullpage=9702&amp;noajax=1&amp;label=Partager&amp;btnclass=proradio-btn proradio-btn__r&amp;secure=7152874e82&quot;}\" href=\"#nojax\" class=\"proradio_reaktions-link \">\n\t\t\t<span class=\"qtli\"><i class=\"reakticons-share\"><\/i><\/span><span class=\"count\"><\/span>\n\t\t<\/a>\n\t\t<\/span>\t\t\t<\/p>\n\t\t<\/div>\n\t<\/div>\n\t<\/article>\n\t\t\t\t\t\t<\/div>\n\t\t\t\t\t\t\t\t\t\t\t\t<div class=\"proradio-col proradio-col__post proradio-s12 proradio-m6 proradio-l3\">\n\t\t\t\t\t\t\t<article class=\"proradio-post proradio-post__card proradio-post__card--podcast proradio-podcast-episode proradio-darkbg proradio-negative post-9699 podcast type-podcast status-publish has-post-thumbnail hentry\" data-qtwaypoints>\n\t<div class=\"proradio-bgimg proradio-bgimg--full proradio-duotone\">\n\t\t<img loading=\"lazy\" decoding=\"async\" width=\"770\" height=\"433\" src=\"https:\/\/frequencecaraibe.com\/wp-content\/uploads\/2026\/03\/EkilibriOndes--770x433.jpg\" class=\"proradio-post__thumb wp-post-image\" alt=\"\" srcset=\"https:\/\/frequencecaraibe.com\/wp-content\/uploads\/2026\/03\/EkilibriOndes--770x433.jpg 770w, https:\/\/frequencecaraibe.com\/wp-content\/uploads\/2026\/03\/EkilibriOndes--1170x658.jpg 1170w, https:\/\/frequencecaraibe.com\/wp-content\/uploads\/2026\/03\/EkilibriOndes--768x432.jpg 768w, https:\/\/frequencecaraibe.com\/wp-content\/uploads\/2026\/03\/EkilibriOndes-.jpg 1280w\" sizes=\"(max-width: 770px) 100vw, 770px\" \/>\t<\/div>\n\t\t<div class=\"proradio-post__headercont\">\n\t\t<a class=\"proradio-post__header__link\" href=\"https:\/\/frequencecaraibe.com\/index.php\/podcast\/ekilibriondes-theme-le-cholesterol-bas-les-masques\/\"><\/a>\n\t\t<div class=\"proradio-actions__cont\">\n\t<div class=\"proradio-actions\">\n\t\t\t\t<a href=\"https:\/\/frequencecaraibe.com\/index.php\/podcast\/ekilibriondes-theme-le-cholesterol-bas-les-masques\/\" class=\"proradio-actionicon\">\n\t\t\t<i class=\"material-icons\">insert_link<\/i>\n\t\t<\/a>\n\t\t\n\n\t\t\t\t<span class=\"proradio-actions__a1\">\t\t<a data-ttgreaktions-shareboxfull=\"{&quot;id&quot;:&quot;9699&quot;,&quot;shared&quot;:&quot;https:\\\/\\\/frequencecaraibe.com\\\/index.php\\\/podcast\\\/ekilibriondes-theme-le-cholesterol-bas-les-masques\\\/&quot;,&quot;title&quot;:&quot;EKILIBRI\\u2019ONDES \\\/ TH\\u00c8ME : LE CHOLEST\\u00c9ROL BAS LES MASQUES&quot;,&quot;finalUrl&quot;:&quot;https:\\\/\\\/frequencecaraibe.com\\\/index.php\\\/podcast\\\/ekilibriondes-theme-le-cholesterol-bas-les-masques\\\/?id=9699&amp;reaktions-share-fullpage=9699&amp;noajax=1&amp;label=Partager&amp;btnclass=proradio-btn  proradio-btn__r&amp;secure=7152874e82&quot;}\" href=\"#nojax\" class=\"proradio_reaktions-link \">\n\t\t\t<span class=\"qtli\"><i class=\"reakticons-share\"><\/i><\/span><span class=\"count\"><\/span>\n\t\t<\/a>\n\t\t<\/span>\n\t\t\n\n\t\t\t\t<span class=\"proradio-actions__a2\">\t\t<a data-ttgreaktions-lovelink class=\"proradio_reaktions-link \" data-post_id=\"9699\" href=\"#\">\n\t        <span class=\"qtli\"><i class=\"reakticons-heart\"><\/i><\/span><span class=\"qtli count\"><\/span>\n\t    <\/a>\n\t\t<\/span>\n\t\t\t<\/div>\n<\/div>\n\n\n\t\t<div class=\"proradio-post__card__cap\">\n\t\t\t<p class=\"proradio-cats\">\n\t\t\t\t\t\t\t<\/p>\n\t\t\t<h3 class=\"proradio-post__title proradio-h4 proradio-cutme-t-2\"><a href=\"https:\/\/frequencecaraibe.com\/index.php\/podcast\/ekilibriondes-theme-le-cholesterol-bas-les-masques\/\">EKILIBRI\u2019ONDES \/ TH\u00c8ME : LE CHOLEST\u00c9ROL BAS LES MASQUES<\/a><\/h3>\n\t\t\t<p class=\"proradio-meta proradio-small\">\n\t\t\t\t<span class=\"proradio-date\"><i class=\"material-icons\">today<\/i>19 mars 2026<\/span>\t\t\t\t<span><i class=\"reakticons-eye\"><\/i>10<\/span><span><\/span><span>\t\t<a data-ttgreaktions-lovelink class=\"proradio_reaktions-link \" data-post_id=\"9699\" href=\"#\">\n\t        <span class=\"qtli\"><i class=\"reakticons-heart\"><\/i><\/span><span class=\"qtli count\"><\/span>\n\t    <\/a>\n\t\t<\/span><span>\t\t<a data-ttgreaktions-shareboxfull=\"{&quot;id&quot;:&quot;9699&quot;,&quot;shared&quot;:&quot;https:\\\/\\\/frequencecaraibe.com\\\/index.php\\\/podcast\\\/ekilibriondes-theme-le-cholesterol-bas-les-masques\\\/&quot;,&quot;title&quot;:&quot;EKILIBRI\\u2019ONDES \\\/ TH\\u00c8ME : LE CHOLEST\\u00c9ROL BAS LES MASQUES&quot;,&quot;finalUrl&quot;:&quot;https:\\\/\\\/frequencecaraibe.com\\\/index.php\\\/podcast\\\/ekilibriondes-theme-le-cholesterol-bas-les-masques\\\/?id=9699&amp;reaktions-share-fullpage=9699&amp;noajax=1&amp;label=Partager&amp;btnclass=proradio-btn proradio-btn__r&amp;secure=7152874e82&quot;}\" href=\"#nojax\" class=\"proradio_reaktions-link \">\n\t\t\t<span class=\"qtli\"><i class=\"reakticons-share\"><\/i><\/span><span class=\"count\"><\/span>\n\t\t<\/a>\n\t\t<\/span>\t\t\t<\/p>\n\t\t<\/div>\n\t<\/div>\n\t<\/article>\n\t\t\t\t\t\t<\/div>\n\t\t\t\t\t\t\t\t\t\t\t\t<div class=\"proradio-col proradio-col__post proradio-s12 proradio-m6 proradio-l3\">\n\t\t\t\t\t\t\t<article class=\"proradio-post proradio-post__card proradio-post__card--podcast proradio-podcast-episode proradio-darkbg proradio-negative post-9696 podcast type-podcast status-publish has-post-thumbnail hentry\" data-qtwaypoints>\n\t<div class=\"proradio-bgimg proradio-bgimg--full proradio-duotone\">\n\t\t<img loading=\"lazy\" decoding=\"async\" width=\"770\" height=\"433\" src=\"https:\/\/frequencecaraibe.com\/wp-content\/uploads\/2026\/03\/EkilibriOndes--770x433.jpg\" class=\"proradio-post__thumb wp-post-image\" alt=\"\" srcset=\"https:\/\/frequencecaraibe.com\/wp-content\/uploads\/2026\/03\/EkilibriOndes--770x433.jpg 770w, https:\/\/frequencecaraibe.com\/wp-content\/uploads\/2026\/03\/EkilibriOndes--1170x658.jpg 1170w, https:\/\/frequencecaraibe.com\/wp-content\/uploads\/2026\/03\/EkilibriOndes--768x432.jpg 768w, https:\/\/frequencecaraibe.com\/wp-content\/uploads\/2026\/03\/EkilibriOndes-.jpg 1280w\" sizes=\"(max-width: 770px) 100vw, 770px\" \/>\t<\/div>\n\t\t<div class=\"proradio-post__headercont\">\n\t\t<a class=\"proradio-post__header__link\" href=\"https:\/\/frequencecaraibe.com\/index.php\/podcast\/ekilibriondes-theme-les-lipides-amis-ou-ennemis\/\"><\/a>\n\t\t<div class=\"proradio-actions__cont\">\n\t<div class=\"proradio-actions\">\n\t\t\t\t<a href=\"https:\/\/frequencecaraibe.com\/index.php\/podcast\/ekilibriondes-theme-les-lipides-amis-ou-ennemis\/\" class=\"proradio-actionicon\">\n\t\t\t<i class=\"material-icons\">insert_link<\/i>\n\t\t<\/a>\n\t\t\n\n\t\t\t\t<span class=\"proradio-actions__a1\">\t\t<a data-ttgreaktions-shareboxfull=\"{&quot;id&quot;:&quot;9696&quot;,&quot;shared&quot;:&quot;https:\\\/\\\/frequencecaraibe.com\\\/index.php\\\/podcast\\\/ekilibriondes-theme-les-lipides-amis-ou-ennemis\\\/&quot;,&quot;title&quot;:&quot;EKILIBRI\\u2019ONDES \\\/ TH\\u00c8ME : LES LIPIDES AMIS OU ENNEMIS&quot;,&quot;finalUrl&quot;:&quot;https:\\\/\\\/frequencecaraibe.com\\\/index.php\\\/podcast\\\/ekilibriondes-theme-les-lipides-amis-ou-ennemis\\\/?id=9696&amp;reaktions-share-fullpage=9696&amp;noajax=1&amp;label=Partager&amp;btnclass=proradio-btn  proradio-btn__r&amp;secure=7152874e82&quot;}\" href=\"#nojax\" class=\"proradio_reaktions-link \">\n\t\t\t<span class=\"qtli\"><i class=\"reakticons-share\"><\/i><\/span><span class=\"count\"><\/span>\n\t\t<\/a>\n\t\t<\/span>\n\t\t\n\n\t\t\t\t<span class=\"proradio-actions__a2\">\t\t<a data-ttgreaktions-lovelink class=\"proradio_reaktions-link \" data-post_id=\"9696\" href=\"#\">\n\t        <span class=\"qtli\"><i class=\"reakticons-heart\"><\/i><\/span><span class=\"qtli count\"><\/span>\n\t    <\/a>\n\t\t<\/span>\n\t\t\t<\/div>\n<\/div>\n\n\n\t\t<div class=\"proradio-post__card__cap\">\n\t\t\t<p class=\"proradio-cats\">\n\t\t\t\t\t\t\t<\/p>\n\t\t\t<h3 class=\"proradio-post__title proradio-h4 proradio-cutme-t-2\"><a href=\"https:\/\/frequencecaraibe.com\/index.php\/podcast\/ekilibriondes-theme-les-lipides-amis-ou-ennemis\/\">EKILIBRI\u2019ONDES \/ TH\u00c8ME : LES LIPIDES AMIS OU ENNEMIS<\/a><\/h3>\n\t\t\t<p class=\"proradio-meta proradio-small\">\n\t\t\t\t<span class=\"proradio-date\"><i class=\"material-icons\">today<\/i>19 mars 2026<\/span>\t\t\t\t<span><i class=\"reakticons-eye\"><\/i>9<\/span><span><\/span><span>\t\t<a data-ttgreaktions-lovelink class=\"proradio_reaktions-link \" data-post_id=\"9696\" href=\"#\">\n\t        <span class=\"qtli\"><i class=\"reakticons-heart\"><\/i><\/span><span class=\"qtli count\"><\/span>\n\t    <\/a>\n\t\t<\/span><span>\t\t<a data-ttgreaktions-shareboxfull=\"{&quot;id&quot;:&quot;9696&quot;,&quot;shared&quot;:&quot;https:\\\/\\\/frequencecaraibe.com\\\/index.php\\\/podcast\\\/ekilibriondes-theme-les-lipides-amis-ou-ennemis\\\/&quot;,&quot;title&quot;:&quot;EKILIBRI\\u2019ONDES \\\/ TH\\u00c8ME : LES LIPIDES AMIS OU ENNEMIS&quot;,&quot;finalUrl&quot;:&quot;https:\\\/\\\/frequencecaraibe.com\\\/index.php\\\/podcast\\\/ekilibriondes-theme-les-lipides-amis-ou-ennemis\\\/?id=9696&amp;reaktions-share-fullpage=9696&amp;noajax=1&amp;label=Partager&amp;btnclass=proradio-btn proradio-btn__r&amp;secure=7152874e82&quot;}\" href=\"#nojax\" class=\"proradio_reaktions-link \">\n\t\t\t<span class=\"qtli\"><i class=\"reakticons-share\"><\/i><\/span><span class=\"count\"><\/span>\n\t\t<\/a>\n\t\t<\/span>\t\t\t<\/p>\n\t\t<\/div>\n\t<\/div>\n\t<\/article>\n\t\t\t\t\t\t<\/div>\n\t\t\t\t\t\t\t\t\t\t\t\t<div class=\"proradio-col proradio-col__post proradio-s12 proradio-m6 proradio-l3\">\n\t\t\t\t\t\t\t<article class=\"proradio-post proradio-post__card proradio-post__card--podcast proradio-podcast-episode proradio-darkbg proradio-negative post-9693 podcast type-podcast status-publish has-post-thumbnail hentry\" data-qtwaypoints>\n\t<div class=\"proradio-bgimg proradio-bgimg--full proradio-duotone\">\n\t\t<img loading=\"lazy\" decoding=\"async\" width=\"770\" height=\"433\" src=\"https:\/\/frequencecaraibe.com\/wp-content\/uploads\/2026\/03\/EkilibriOndes--770x433.jpg\" class=\"proradio-post__thumb wp-post-image\" alt=\"\" srcset=\"https:\/\/frequencecaraibe.com\/wp-content\/uploads\/2026\/03\/EkilibriOndes--770x433.jpg 770w, https:\/\/frequencecaraibe.com\/wp-content\/uploads\/2026\/03\/EkilibriOndes--1170x658.jpg 1170w, https:\/\/frequencecaraibe.com\/wp-content\/uploads\/2026\/03\/EkilibriOndes--768x432.jpg 768w, https:\/\/frequencecaraibe.com\/wp-content\/uploads\/2026\/03\/EkilibriOndes-.jpg 1280w\" sizes=\"(max-width: 770px) 100vw, 770px\" \/>\t<\/div>\n\t\t<div class=\"proradio-post__headercont\">\n\t\t<a class=\"proradio-post__header__link\" href=\"https:\/\/frequencecaraibe.com\/index.php\/podcast\/ekilibriondes-theme-insuffisane-veineuse\/\"><\/a>\n\t\t<div class=\"proradio-actions__cont\">\n\t<div class=\"proradio-actions\">\n\t\t\t\t<a href=\"https:\/\/frequencecaraibe.com\/index.php\/podcast\/ekilibriondes-theme-insuffisane-veineuse\/\" class=\"proradio-actionicon\">\n\t\t\t<i class=\"material-icons\">insert_link<\/i>\n\t\t<\/a>\n\t\t\n\n\t\t\t\t<span class=\"proradio-actions__a1\">\t\t<a data-ttgreaktions-shareboxfull=\"{&quot;id&quot;:&quot;9693&quot;,&quot;shared&quot;:&quot;https:\\\/\\\/frequencecaraibe.com\\\/index.php\\\/podcast\\\/ekilibriondes-theme-insuffisane-veineuse\\\/&quot;,&quot;title&quot;:&quot;EKILIBRI\\u2019ONDES \\\/ TH\\u00c8ME : INSUFFISANE VEINEUSE&quot;,&quot;finalUrl&quot;:&quot;https:\\\/\\\/frequencecaraibe.com\\\/index.php\\\/podcast\\\/ekilibriondes-theme-insuffisane-veineuse\\\/?id=9693&amp;reaktions-share-fullpage=9693&amp;noajax=1&amp;label=Partager&amp;btnclass=proradio-btn  proradio-btn__r&amp;secure=7152874e82&quot;}\" href=\"#nojax\" class=\"proradio_reaktions-link \">\n\t\t\t<span class=\"qtli\"><i class=\"reakticons-share\"><\/i><\/span><span class=\"count\"><\/span>\n\t\t<\/a>\n\t\t<\/span>\n\t\t\n\n\t\t\t\t<span class=\"proradio-actions__a2\">\t\t<a data-ttgreaktions-lovelink class=\"proradio_reaktions-link \" data-post_id=\"9693\" href=\"#\">\n\t        <span class=\"qtli\"><i class=\"reakticons-heart\"><\/i><\/span><span class=\"qtli count\"><\/span>\n\t    <\/a>\n\t\t<\/span>\n\t\t\t<\/div>\n<\/div>\n\n\n\t\t<div class=\"proradio-post__card__cap\">\n\t\t\t<p class=\"proradio-cats\">\n\t\t\t\t\t\t\t<\/p>\n\t\t\t<h3 class=\"proradio-post__title proradio-h4 proradio-cutme-t-2\"><a href=\"https:\/\/frequencecaraibe.com\/index.php\/podcast\/ekilibriondes-theme-insuffisane-veineuse\/\">EKILIBRI\u2019ONDES \/ TH\u00c8ME : INSUFFISANE VEINEUSE<\/a><\/h3>\n\t\t\t<p class=\"proradio-meta proradio-small\">\n\t\t\t\t<span class=\"proradio-date\"><i class=\"material-icons\">today<\/i>18 mars 2026<\/span>\t\t\t\t<span><i class=\"reakticons-eye\"><\/i>8<\/span><span><\/span><span>\t\t<a data-ttgreaktions-lovelink class=\"proradio_reaktions-link \" data-post_id=\"9693\" href=\"#\">\n\t        <span class=\"qtli\"><i class=\"reakticons-heart\"><\/i><\/span><span class=\"qtli count\"><\/span>\n\t    <\/a>\n\t\t<\/span><span>\t\t<a data-ttgreaktions-shareboxfull=\"{&quot;id&quot;:&quot;9693&quot;,&quot;shared&quot;:&quot;https:\\\/\\\/frequencecaraibe.com\\\/index.php\\\/podcast\\\/ekilibriondes-theme-insuffisane-veineuse\\\/&quot;,&quot;title&quot;:&quot;EKILIBRI\\u2019ONDES \\\/ TH\\u00c8ME : INSUFFISANE VEINEUSE&quot;,&quot;finalUrl&quot;:&quot;https:\\\/\\\/frequencecaraibe.com\\\/index.php\\\/podcast\\\/ekilibriondes-theme-insuffisane-veineuse\\\/?id=9693&amp;reaktions-share-fullpage=9693&amp;noajax=1&amp;label=Partager&amp;btnclass=proradio-btn proradio-btn__r&amp;secure=7152874e82&quot;}\" href=\"#nojax\" class=\"proradio_reaktions-link \">\n\t\t\t<span class=\"qtli\"><i class=\"reakticons-share\"><\/i><\/span><span class=\"count\"><\/span>\n\t\t<\/a>\n\t\t<\/span>\t\t\t<\/p>\n\t\t<\/div>\n\t<\/div>\n\t<\/article>\n\t\t\t\t\t\t<\/div>\n\t\t\t\t\t\t\t\t\t\t\t\t<div class=\"proradio-col proradio-col__post proradio-s12 proradio-m6 proradio-l3\">\n\t\t\t\t\t\t\t<article class=\"proradio-post proradio-post__card proradio-post__card--podcast proradio-podcast-episode proradio-darkbg proradio-negative post-9689 podcast type-podcast status-publish has-post-thumbnail hentry\" data-qtwaypoints>\n\t<div class=\"proradio-bgimg proradio-bgimg--full proradio-duotone\">\n\t\t<img loading=\"lazy\" decoding=\"async\" width=\"770\" height=\"433\" src=\"https:\/\/frequencecaraibe.com\/wp-content\/uploads\/2026\/03\/EkilibriOndes--770x433.jpg\" class=\"proradio-post__thumb wp-post-image\" alt=\"\" srcset=\"https:\/\/frequencecaraibe.com\/wp-content\/uploads\/2026\/03\/EkilibriOndes--770x433.jpg 770w, https:\/\/frequencecaraibe.com\/wp-content\/uploads\/2026\/03\/EkilibriOndes--1170x658.jpg 1170w, https:\/\/frequencecaraibe.com\/wp-content\/uploads\/2026\/03\/EkilibriOndes--768x432.jpg 768w, https:\/\/frequencecaraibe.com\/wp-content\/uploads\/2026\/03\/EkilibriOndes-.jpg 1280w\" sizes=\"(max-width: 770px) 100vw, 770px\" \/>\t<\/div>\n\t\t<div class=\"proradio-post__headercont\">\n\t\t<a class=\"proradio-post__header__link\" href=\"https:\/\/frequencecaraibe.com\/index.php\/podcast\/ekilibriondes-theme-les-fibres-partie-2\/\"><\/a>\n\t\t<div class=\"proradio-actions__cont\">\n\t<div class=\"proradio-actions\">\n\t\t\t\t<a href=\"https:\/\/frequencecaraibe.com\/index.php\/podcast\/ekilibriondes-theme-les-fibres-partie-2\/\" class=\"proradio-actionicon\">\n\t\t\t<i class=\"material-icons\">insert_link<\/i>\n\t\t<\/a>\n\t\t\n\n\t\t\t\t<span class=\"proradio-actions__a1\">\t\t<a data-ttgreaktions-shareboxfull=\"{&quot;id&quot;:&quot;9689&quot;,&quot;shared&quot;:&quot;https:\\\/\\\/frequencecaraibe.com\\\/index.php\\\/podcast\\\/ekilibriondes-theme-les-fibres-partie-2\\\/&quot;,&quot;title&quot;:&quot;EKILIBRI\\u2019ONDES \\\/ TH\\u00c8ME : LES FIBRES PARTIE 2&quot;,&quot;finalUrl&quot;:&quot;https:\\\/\\\/frequencecaraibe.com\\\/index.php\\\/podcast\\\/ekilibriondes-theme-les-fibres-partie-2\\\/?id=9689&amp;reaktions-share-fullpage=9689&amp;noajax=1&amp;label=Partager&amp;btnclass=proradio-btn  proradio-btn__r&amp;secure=7152874e82&quot;}\" href=\"#nojax\" class=\"proradio_reaktions-link \">\n\t\t\t<span class=\"qtli\"><i class=\"reakticons-share\"><\/i><\/span><span class=\"count\"><\/span>\n\t\t<\/a>\n\t\t<\/span>\n\t\t\n\n\t\t\t\t<span class=\"proradio-actions__a2\">\t\t<a data-ttgreaktions-lovelink class=\"proradio_reaktions-link \" data-post_id=\"9689\" href=\"#\">\n\t        <span class=\"qtli\"><i class=\"reakticons-heart\"><\/i><\/span><span class=\"qtli count\"><\/span>\n\t    <\/a>\n\t\t<\/span>\n\t\t\t<\/div>\n<\/div>\n\n\n\t\t<div class=\"proradio-post__card__cap\">\n\t\t\t<p class=\"proradio-cats\">\n\t\t\t\t\t\t\t<\/p>\n\t\t\t<h3 class=\"proradio-post__title proradio-h4 proradio-cutme-t-2\"><a href=\"https:\/\/frequencecaraibe.com\/index.php\/podcast\/ekilibriondes-theme-les-fibres-partie-2\/\">EKILIBRI\u2019ONDES \/ TH\u00c8ME : LES FIBRES PARTIE 2<\/a><\/h3>\n\t\t\t<p class=\"proradio-meta proradio-small\">\n\t\t\t\t<span class=\"proradio-date\"><i class=\"material-icons\">today<\/i>18 mars 2026<\/span>\t\t\t\t<span><i class=\"reakticons-eye\"><\/i>8<\/span><span><\/span><span>\t\t<a data-ttgreaktions-lovelink class=\"proradio_reaktions-link \" data-post_id=\"9689\" href=\"#\">\n\t        <span class=\"qtli\"><i class=\"reakticons-heart\"><\/i><\/span><span class=\"qtli count\"><\/span>\n\t    <\/a>\n\t\t<\/span><span>\t\t<a data-ttgreaktions-shareboxfull=\"{&quot;id&quot;:&quot;9689&quot;,&quot;shared&quot;:&quot;https:\\\/\\\/frequencecaraibe.com\\\/index.php\\\/podcast\\\/ekilibriondes-theme-les-fibres-partie-2\\\/&quot;,&quot;title&quot;:&quot;EKILIBRI\\u2019ONDES \\\/ TH\\u00c8ME : LES FIBRES PARTIE 2&quot;,&quot;finalUrl&quot;:&quot;https:\\\/\\\/frequencecaraibe.com\\\/index.php\\\/podcast\\\/ekilibriondes-theme-les-fibres-partie-2\\\/?id=9689&amp;reaktions-share-fullpage=9689&amp;noajax=1&amp;label=Partager&amp;btnclass=proradio-btn proradio-btn__r&amp;secure=7152874e82&quot;}\" href=\"#nojax\" class=\"proradio_reaktions-link \">\n\t\t\t<span class=\"qtli\"><i class=\"reakticons-share\"><\/i><\/span><span class=\"count\"><\/span>\n\t\t<\/a>\n\t\t<\/span>\t\t\t<\/p>\n\t\t<\/div>\n\t<\/div>\n\t<\/article>\n\t\t\t\t\t\t<\/div>\n\t\t\t\t\t\t\t\t\t\t\t\t<div class=\"proradio-col proradio-col__post proradio-s12 proradio-m6 proradio-l3\">\n\t\t\t\t\t\t\t<article class=\"proradio-post proradio-post__card proradio-post__card--podcast proradio-podcast-episode proradio-darkbg proradio-negative post-9685 podcast type-podcast status-publish has-post-thumbnail hentry\" data-qtwaypoints>\n\t<div class=\"proradio-bgimg proradio-bgimg--full proradio-duotone\">\n\t\t<img loading=\"lazy\" decoding=\"async\" width=\"770\" height=\"433\" src=\"https:\/\/frequencecaraibe.com\/wp-content\/uploads\/2026\/03\/EkilibriOndes--770x433.jpg\" class=\"proradio-post__thumb wp-post-image\" alt=\"\" srcset=\"https:\/\/frequencecaraibe.com\/wp-content\/uploads\/2026\/03\/EkilibriOndes--770x433.jpg 770w, https:\/\/frequencecaraibe.com\/wp-content\/uploads\/2026\/03\/EkilibriOndes--1170x658.jpg 1170w, https:\/\/frequencecaraibe.com\/wp-content\/uploads\/2026\/03\/EkilibriOndes--768x432.jpg 768w, https:\/\/frequencecaraibe.com\/wp-content\/uploads\/2026\/03\/EkilibriOndes-.jpg 1280w\" sizes=\"(max-width: 770px) 100vw, 770px\" \/>\t<\/div>\n\t\t<div class=\"proradio-post__headercont\">\n\t\t<a class=\"proradio-post__header__link\" href=\"https:\/\/frequencecaraibe.com\/index.php\/podcast\/ekilibriondes-theme-les-fibres-partie-1\/\"><\/a>\n\t\t<div class=\"proradio-actions__cont\">\n\t<div class=\"proradio-actions\">\n\t\t\t\t<a href=\"https:\/\/frequencecaraibe.com\/index.php\/podcast\/ekilibriondes-theme-les-fibres-partie-1\/\" class=\"proradio-actionicon\">\n\t\t\t<i class=\"material-icons\">insert_link<\/i>\n\t\t<\/a>\n\t\t\n\n\t\t\t\t<span class=\"proradio-actions__a1\">\t\t<a data-ttgreaktions-shareboxfull=\"{&quot;id&quot;:&quot;9685&quot;,&quot;shared&quot;:&quot;https:\\\/\\\/frequencecaraibe.com\\\/index.php\\\/podcast\\\/ekilibriondes-theme-les-fibres-partie-1\\\/&quot;,&quot;title&quot;:&quot;EKILIBRI\\u2019ONDES \\\/ TH\\u00c8ME : LES FIBRES PARTIE 1&quot;,&quot;finalUrl&quot;:&quot;https:\\\/\\\/frequencecaraibe.com\\\/index.php\\\/podcast\\\/ekilibriondes-theme-les-fibres-partie-1\\\/?id=9685&amp;reaktions-share-fullpage=9685&amp;noajax=1&amp;label=Partager&amp;btnclass=proradio-btn  proradio-btn__r&amp;secure=7152874e82&quot;}\" href=\"#nojax\" class=\"proradio_reaktions-link \">\n\t\t\t<span class=\"qtli\"><i class=\"reakticons-share\"><\/i><\/span><span class=\"count\"><\/span>\n\t\t<\/a>\n\t\t<\/span>\n\t\t\n\n\t\t\t\t<span class=\"proradio-actions__a2\">\t\t<a data-ttgreaktions-lovelink class=\"proradio_reaktions-link \" data-post_id=\"9685\" href=\"#\">\n\t        <span class=\"qtli\"><i class=\"reakticons-heart\"><\/i><\/span><span class=\"qtli count\">1<\/span>\n\t    <\/a>\n\t\t<\/span>\n\t\t\t<\/div>\n<\/div>\n\n\n\t\t<div class=\"proradio-post__card__cap\">\n\t\t\t<p class=\"proradio-cats\">\n\t\t\t\t\t\t\t<\/p>\n\t\t\t<h3 class=\"proradio-post__title proradio-h4 proradio-cutme-t-2\"><a href=\"https:\/\/frequencecaraibe.com\/index.php\/podcast\/ekilibriondes-theme-les-fibres-partie-1\/\">EKILIBRI\u2019ONDES \/ TH\u00c8ME : LES FIBRES PARTIE 1<\/a><\/h3>\n\t\t\t<p class=\"proradio-meta proradio-small\">\n\t\t\t\t<span class=\"proradio-date\"><i class=\"material-icons\">today<\/i>18 mars 2026<\/span>\t\t\t\t<span><i class=\"reakticons-eye\"><\/i>12<\/span><span><\/span><span>\t\t<a data-ttgreaktions-lovelink class=\"proradio_reaktions-link \" data-post_id=\"9685\" href=\"#\">\n\t        <span class=\"qtli\"><i class=\"reakticons-heart\"><\/i><\/span><span class=\"qtli count\">1<\/span>\n\t    <\/a>\n\t\t<\/span><span>\t\t<a data-ttgreaktions-shareboxfull=\"{&quot;id&quot;:&quot;9685&quot;,&quot;shared&quot;:&quot;https:\\\/\\\/frequencecaraibe.com\\\/index.php\\\/podcast\\\/ekilibriondes-theme-les-fibres-partie-1\\\/&quot;,&quot;title&quot;:&quot;EKILIBRI\\u2019ONDES \\\/ TH\\u00c8ME : LES FIBRES PARTIE 1&quot;,&quot;finalUrl&quot;:&quot;https:\\\/\\\/frequencecaraibe.com\\\/index.php\\\/podcast\\\/ekilibriondes-theme-les-fibres-partie-1\\\/?id=9685&amp;reaktions-share-fullpage=9685&amp;noajax=1&amp;label=Partager&amp;btnclass=proradio-btn proradio-btn__r&amp;secure=7152874e82&quot;}\" href=\"#nojax\" class=\"proradio_reaktions-link \">\n\t\t\t<span class=\"qtli\"><i class=\"reakticons-share\"><\/i><\/span><span class=\"count\"><\/span>\n\t\t<\/a>\n\t\t<\/span>\t\t\t<\/p>\n\t\t<\/div>\n\t<\/div>\n\t<\/article>\n\t\t\t\t\t\t<\/div>\n\t\t\t\t\t\t\t\t\t\t\t\t<div class=\"proradio-col proradio-col__post proradio-s12 proradio-m6 proradio-l3\">\n\t\t\t\t\t\t\t<article class=\"proradio-post proradio-post__card proradio-post__card--podcast proradio-podcast-episode proradio-darkbg proradio-negative post-9679 podcast type-podcast status-publish has-post-thumbnail hentry\" data-qtwaypoints>\n\t<div class=\"proradio-bgimg proradio-bgimg--full proradio-duotone\">\n\t\t<img loading=\"lazy\" decoding=\"async\" width=\"770\" height=\"433\" src=\"https:\/\/frequencecaraibe.com\/wp-content\/uploads\/2026\/03\/Visuel-3-770x433.jpg\" class=\"proradio-post__thumb wp-post-image\" alt=\"\" srcset=\"https:\/\/frequencecaraibe.com\/wp-content\/uploads\/2026\/03\/Visuel-3-770x433.jpg 770w, https:\/\/frequencecaraibe.com\/wp-content\/uploads\/2026\/03\/Visuel-3-1170x658.jpg 1170w, https:\/\/frequencecaraibe.com\/wp-content\/uploads\/2026\/03\/Visuel-3-768x432.jpg 768w, https:\/\/frequencecaraibe.com\/wp-content\/uploads\/2026\/03\/Visuel-3.jpg 1280w\" sizes=\"(max-width: 770px) 100vw, 770px\" \/>\t<\/div>\n\t\t<div class=\"proradio-post__headercont\">\n\t\t<a class=\"proradio-post__header__link\" href=\"https:\/\/frequencecaraibe.com\/index.php\/podcast\/mouvement-europeen-martinique\/\"><\/a>\n\t\t<div class=\"proradio-actions__cont\">\n\t<div class=\"proradio-actions\">\n\t\t\t\t<a href=\"https:\/\/frequencecaraibe.com\/index.php\/podcast\/mouvement-europeen-martinique\/\" class=\"proradio-actionicon\">\n\t\t\t<i class=\"material-icons\">insert_link<\/i>\n\t\t<\/a>\n\t\t\n\n\t\t\t\t<span class=\"proradio-actions__a1\">\t\t<a data-ttgreaktions-shareboxfull=\"{&quot;id&quot;:&quot;9679&quot;,&quot;shared&quot;:&quot;https:\\\/\\\/frequencecaraibe.com\\\/index.php\\\/podcast\\\/mouvement-europeen-martinique\\\/&quot;,&quot;title&quot;:&quot;MOUVEMENT EUROP\\u00c9EN MARTINIQUE&quot;,&quot;finalUrl&quot;:&quot;https:\\\/\\\/frequencecaraibe.com\\\/index.php\\\/podcast\\\/mouvement-europeen-martinique\\\/?id=9679&amp;reaktions-share-fullpage=9679&amp;noajax=1&amp;label=Partager&amp;btnclass=proradio-btn  proradio-btn__r&amp;secure=7152874e82&quot;}\" href=\"#nojax\" class=\"proradio_reaktions-link \">\n\t\t\t<span class=\"qtli\"><i class=\"reakticons-share\"><\/i><\/span><span class=\"count\"><\/span>\n\t\t<\/a>\n\t\t<\/span>\n\t\t\n\n\t\t\t\t<span class=\"proradio-actions__a2\">\t\t<a data-ttgreaktions-lovelink class=\"proradio_reaktions-link \" data-post_id=\"9679\" href=\"#\">\n\t        <span class=\"qtli\"><i class=\"reakticons-heart\"><\/i><\/span><span class=\"qtli count\"><\/span>\n\t    <\/a>\n\t\t<\/span>\n\t\t\t<\/div>\n<\/div>\n\n\n\t\t<div class=\"proradio-post__card__cap\">\n\t\t\t<p class=\"proradio-cats\">\n\t\t\t\t\t\t\t<\/p>\n\t\t\t<h3 class=\"proradio-post__title proradio-h4 proradio-cutme-t-2\"><a href=\"https:\/\/frequencecaraibe.com\/index.php\/podcast\/mouvement-europeen-martinique\/\">MOUVEMENT EUROP\u00c9EN MARTINIQUE<\/a><\/h3>\n\t\t\t<p class=\"proradio-meta proradio-small\">\n\t\t\t\t<span class=\"proradio-date\"><i class=\"material-icons\">today<\/i>17 mars 2026<\/span>\t\t\t\t<span><i class=\"reakticons-eye\"><\/i>15<\/span><span><\/span><span>\t\t<a data-ttgreaktions-lovelink class=\"proradio_reaktions-link \" data-post_id=\"9679\" href=\"#\">\n\t        <span class=\"qtli\"><i class=\"reakticons-heart\"><\/i><\/span><span class=\"qtli count\"><\/span>\n\t    <\/a>\n\t\t<\/span><span>\t\t<a data-ttgreaktions-shareboxfull=\"{&quot;id&quot;:&quot;9679&quot;,&quot;shared&quot;:&quot;https:\\\/\\\/frequencecaraibe.com\\\/index.php\\\/podcast\\\/mouvement-europeen-martinique\\\/&quot;,&quot;title&quot;:&quot;MOUVEMENT EUROP\\u00c9EN MARTINIQUE&quot;,&quot;finalUrl&quot;:&quot;https:\\\/\\\/frequencecaraibe.com\\\/index.php\\\/podcast\\\/mouvement-europeen-martinique\\\/?id=9679&amp;reaktions-share-fullpage=9679&amp;noajax=1&amp;label=Partager&amp;btnclass=proradio-btn proradio-btn__r&amp;secure=7152874e82&quot;}\" href=\"#nojax\" class=\"proradio_reaktions-link \">\n\t\t\t<span class=\"qtli\"><i class=\"reakticons-share\"><\/i><\/span><span class=\"count\"><\/span>\n\t\t<\/a>\n\t\t<\/span>\t\t\t<\/p>\n\t\t<\/div>\n\t<\/div>\n\t<\/article>\n\t\t\t\t\t\t<\/div>\n\t\t\t\t\t\t\t\t\t\t\t\t<div class=\"proradio-col proradio-col__post proradio-s12 proradio-m6 proradio-l3\">\n\t\t\t\t\t\t\t<article class=\"proradio-post proradio-post__card proradio-post__card--podcast proradio-podcast-episode proradio-darkbg proradio-negative post-9672 podcast type-podcast status-publish has-post-thumbnail hentry\" data-qtwaypoints>\n\t<div class=\"proradio-bgimg proradio-bgimg--full proradio-duotone\">\n\t\t<img loading=\"lazy\" decoding=\"async\" width=\"770\" height=\"433\" src=\"https:\/\/frequencecaraibe.com\/wp-content\/uploads\/2026\/03\/Visuel-1-3-770x433.jpg\" class=\"proradio-post__thumb wp-post-image\" alt=\"\" srcset=\"https:\/\/frequencecaraibe.com\/wp-content\/uploads\/2026\/03\/Visuel-1-3-770x433.jpg 770w, https:\/\/frequencecaraibe.com\/wp-content\/uploads\/2026\/03\/Visuel-1-3-1170x658.jpg 1170w, https:\/\/frequencecaraibe.com\/wp-content\/uploads\/2026\/03\/Visuel-1-3-768x432.jpg 768w, https:\/\/frequencecaraibe.com\/wp-content\/uploads\/2026\/03\/Visuel-1-3.jpg 1280w\" sizes=\"(max-width: 770px) 100vw, 770px\" \/>\t<\/div>\n\t\t<div class=\"proradio-post__headercont\">\n\t\t<a class=\"proradio-post__header__link\" href=\"https:\/\/frequencecaraibe.com\/index.php\/podcast\/les-rdv-de-lair-lair-interieur\/\"><\/a>\n\t\t<div class=\"proradio-actions__cont\">\n\t<div class=\"proradio-actions\">\n\t\t\t\t<a href=\"https:\/\/frequencecaraibe.com\/index.php\/podcast\/les-rdv-de-lair-lair-interieur\/\" class=\"proradio-actionicon\">\n\t\t\t<i class=\"material-icons\">insert_link<\/i>\n\t\t<\/a>\n\t\t\n\n\t\t\t\t<span class=\"proradio-actions__a1\">\t\t<a data-ttgreaktions-shareboxfull=\"{&quot;id&quot;:&quot;9672&quot;,&quot;shared&quot;:&quot;https:\\\/\\\/frequencecaraibe.com\\\/index.php\\\/podcast\\\/les-rdv-de-lair-lair-interieur\\\/&quot;,&quot;title&quot;:&quot;LES RDV DE L\\u2019AIR : L\\u2019AIR INT\\u00c9RIEUR&quot;,&quot;finalUrl&quot;:&quot;https:\\\/\\\/frequencecaraibe.com\\\/index.php\\\/podcast\\\/les-rdv-de-lair-lair-interieur\\\/?id=9672&amp;reaktions-share-fullpage=9672&amp;noajax=1&amp;label=Partager&amp;btnclass=proradio-btn  proradio-btn__r&amp;secure=7152874e82&quot;}\" href=\"#nojax\" class=\"proradio_reaktions-link \">\n\t\t\t<span class=\"qtli\"><i class=\"reakticons-share\"><\/i><\/span><span class=\"count\"><\/span>\n\t\t<\/a>\n\t\t<\/span>\n\t\t\n\n\t\t\t\t<span class=\"proradio-actions__a2\">\t\t<a data-ttgreaktions-lovelink class=\"proradio_reaktions-link \" data-post_id=\"9672\" href=\"#\">\n\t        <span class=\"qtli\"><i class=\"reakticons-heart\"><\/i><\/span><span class=\"qtli count\"><\/span>\n\t    <\/a>\n\t\t<\/span>\n\t\t\t<\/div>\n<\/div>\n\n\n\t\t<div class=\"proradio-post__card__cap\">\n\t\t\t<p class=\"proradio-cats\">\n\t\t\t\t\t\t\t<\/p>\n\t\t\t<h3 class=\"proradio-post__title proradio-h4 proradio-cutme-t-2\"><a href=\"https:\/\/frequencecaraibe.com\/index.php\/podcast\/les-rdv-de-lair-lair-interieur\/\">LES RDV DE L\u2019AIR : L\u2019AIR INT\u00c9RIEUR<\/a><\/h3>\n\t\t\t<p class=\"proradio-meta proradio-small\">\n\t\t\t\t<span class=\"proradio-date\"><i class=\"material-icons\">today<\/i>12 mars 2026<\/span>\t\t\t\t<span><i class=\"reakticons-eye\"><\/i>11<\/span><span><\/span><span>\t\t<a data-ttgreaktions-lovelink class=\"proradio_reaktions-link \" data-post_id=\"9672\" href=\"#\">\n\t        <span class=\"qtli\"><i class=\"reakticons-heart\"><\/i><\/span><span class=\"qtli count\"><\/span>\n\t    <\/a>\n\t\t<\/span><span>\t\t<a data-ttgreaktions-shareboxfull=\"{&quot;id&quot;:&quot;9672&quot;,&quot;shared&quot;:&quot;https:\\\/\\\/frequencecaraibe.com\\\/index.php\\\/podcast\\\/les-rdv-de-lair-lair-interieur\\\/&quot;,&quot;title&quot;:&quot;LES RDV DE L\\u2019AIR : L\\u2019AIR INT\\u00c9RIEUR&quot;,&quot;finalUrl&quot;:&quot;https:\\\/\\\/frequencecaraibe.com\\\/index.php\\\/podcast\\\/les-rdv-de-lair-lair-interieur\\\/?id=9672&amp;reaktions-share-fullpage=9672&amp;noajax=1&amp;label=Partager&amp;btnclass=proradio-btn proradio-btn__r&amp;secure=7152874e82&quot;}\" href=\"#nojax\" class=\"proradio_reaktions-link \">\n\t\t\t<span class=\"qtli\"><i class=\"reakticons-share\"><\/i><\/span><span class=\"count\"><\/span>\n\t\t<\/a>\n\t\t<\/span>\t\t\t<\/p>\n\t\t<\/div>\n\t<\/div>\n\t<\/article>\n\t\t\t\t\t\t<\/div>\n\t\t\t\t\t\t\t\t\t\t\t\t<div class=\"proradio-col proradio-col__post proradio-s12 proradio-m6 proradio-l3\">\n\t\t\t\t\t\t\t<article class=\"proradio-post proradio-post__card proradio-post__card--podcast proradio-podcast-episode proradio-darkbg proradio-negative post-9665 podcast type-podcast status-publish has-post-thumbnail hentry\" data-qtwaypoints>\n\t<div class=\"proradio-bgimg proradio-bgimg--full proradio-duotone\">\n\t\t<img loading=\"lazy\" decoding=\"async\" width=\"770\" height=\"433\" src=\"https:\/\/frequencecaraibe.com\/wp-content\/uploads\/2026\/03\/Visuel-1-2-770x433.jpg\" class=\"proradio-post__thumb wp-post-image\" alt=\"\" srcset=\"https:\/\/frequencecaraibe.com\/wp-content\/uploads\/2026\/03\/Visuel-1-2-770x433.jpg 770w, https:\/\/frequencecaraibe.com\/wp-content\/uploads\/2026\/03\/Visuel-1-2-1170x658.jpg 1170w, https:\/\/frequencecaraibe.com\/wp-content\/uploads\/2026\/03\/Visuel-1-2-768x432.jpg 768w, https:\/\/frequencecaraibe.com\/wp-content\/uploads\/2026\/03\/Visuel-1-2.jpg 1280w\" sizes=\"(max-width: 770px) 100vw, 770px\" \/>\t<\/div>\n\t\t<div class=\"proradio-post__headercont\">\n\t\t<a class=\"proradio-post__header__link\" href=\"https:\/\/frequencecaraibe.com\/index.php\/podcast\/les-rdv-de-lair-gaz-a-effet-de-serre-et-pollution-de-lair\/\"><\/a>\n\t\t<div class=\"proradio-actions__cont\">\n\t<div class=\"proradio-actions\">\n\t\t\t\t<a href=\"https:\/\/frequencecaraibe.com\/index.php\/podcast\/les-rdv-de-lair-gaz-a-effet-de-serre-et-pollution-de-lair\/\" class=\"proradio-actionicon\">\n\t\t\t<i class=\"material-icons\">insert_link<\/i>\n\t\t<\/a>\n\t\t\n\n\t\t\t\t<span class=\"proradio-actions__a1\">\t\t<a data-ttgreaktions-shareboxfull=\"{&quot;id&quot;:&quot;9665&quot;,&quot;shared&quot;:&quot;https:\\\/\\\/frequencecaraibe.com\\\/index.php\\\/podcast\\\/les-rdv-de-lair-gaz-a-effet-de-serre-et-pollution-de-lair\\\/&quot;,&quot;title&quot;:&quot;LES RDV DE L\\u2019AIR : GAZ \\u00c0 EFFET DE SERRE ET POLLUTION DE L\\u2019AIR&quot;,&quot;finalUrl&quot;:&quot;https:\\\/\\\/frequencecaraibe.com\\\/index.php\\\/podcast\\\/les-rdv-de-lair-gaz-a-effet-de-serre-et-pollution-de-lair\\\/?id=9665&amp;reaktions-share-fullpage=9665&amp;noajax=1&amp;label=Partager&amp;btnclass=proradio-btn  proradio-btn__r&amp;secure=7152874e82&quot;}\" href=\"#nojax\" class=\"proradio_reaktions-link \">\n\t\t\t<span class=\"qtli\"><i class=\"reakticons-share\"><\/i><\/span><span class=\"count\"><\/span>\n\t\t<\/a>\n\t\t<\/span>\n\t\t\n\n\t\t\t\t<span class=\"proradio-actions__a2\">\t\t<a data-ttgreaktions-lovelink class=\"proradio_reaktions-link \" data-post_id=\"9665\" href=\"#\">\n\t        <span class=\"qtli\"><i class=\"reakticons-heart\"><\/i><\/span><span class=\"qtli count\"><\/span>\n\t    <\/a>\n\t\t<\/span>\n\t\t\t<\/div>\n<\/div>\n\n\n\t\t<div class=\"proradio-post__card__cap\">\n\t\t\t<p class=\"proradio-cats\">\n\t\t\t\t\t\t\t<\/p>\n\t\t\t<h3 class=\"proradio-post__title proradio-h4 proradio-cutme-t-2\"><a href=\"https:\/\/frequencecaraibe.com\/index.php\/podcast\/les-rdv-de-lair-gaz-a-effet-de-serre-et-pollution-de-lair\/\">LES RDV DE L\u2019AIR : GAZ \u00c0 EFFET DE SERRE ET POLLUTION DE L\u2019AIR<\/a><\/h3>\n\t\t\t<p class=\"proradio-meta proradio-small\">\n\t\t\t\t<span class=\"proradio-date\"><i class=\"material-icons\">today<\/i>12 mars 2026<\/span>\t\t\t\t<span><i class=\"reakticons-eye\"><\/i>10<\/span><span><\/span><span>\t\t<a data-ttgreaktions-lovelink class=\"proradio_reaktions-link \" data-post_id=\"9665\" href=\"#\">\n\t        <span class=\"qtli\"><i class=\"reakticons-heart\"><\/i><\/span><span class=\"qtli count\"><\/span>\n\t    <\/a>\n\t\t<\/span><span>\t\t<a data-ttgreaktions-shareboxfull=\"{&quot;id&quot;:&quot;9665&quot;,&quot;shared&quot;:&quot;https:\\\/\\\/frequencecaraibe.com\\\/index.php\\\/podcast\\\/les-rdv-de-lair-gaz-a-effet-de-serre-et-pollution-de-lair\\\/&quot;,&quot;title&quot;:&quot;LES RDV DE L\\u2019AIR : GAZ \\u00c0 EFFET DE SERRE ET POLLUTION DE L\\u2019AIR&quot;,&quot;finalUrl&quot;:&quot;https:\\\/\\\/frequencecaraibe.com\\\/index.php\\\/podcast\\\/les-rdv-de-lair-gaz-a-effet-de-serre-et-pollution-de-lair\\\/?id=9665&amp;reaktions-share-fullpage=9665&amp;noajax=1&amp;label=Partager&amp;btnclass=proradio-btn proradio-btn__r&amp;secure=7152874e82&quot;}\" href=\"#nojax\" class=\"proradio_reaktions-link \">\n\t\t\t<span class=\"qtli\"><i class=\"reakticons-share\"><\/i><\/span><span class=\"count\"><\/span>\n\t\t<\/a>\n\t\t<\/span>\t\t\t<\/p>\n\t\t<\/div>\n\t<\/div>\n\t<\/article>\n\t\t\t\t\t\t<\/div>\n\t\t\t\t\t\t\t\t\t\t\t\t<div class=\"proradio-col proradio-col__post proradio-s12 proradio-m6 proradio-l3\">\n\t\t\t\t\t\t\t<article class=\"proradio-post proradio-post__card proradio-post__card--podcast proradio-podcast-episode proradio-darkbg proradio-negative post-9661 podcast type-podcast status-publish has-post-thumbnail hentry\" data-qtwaypoints>\n\t<div class=\"proradio-bgimg proradio-bgimg--full proradio-duotone\">\n\t\t<img loading=\"lazy\" decoding=\"async\" width=\"770\" height=\"433\" src=\"https:\/\/frequencecaraibe.com\/wp-content\/uploads\/2026\/03\/Visuel--770x433.jpg\" class=\"proradio-post__thumb wp-post-image\" alt=\"\" srcset=\"https:\/\/frequencecaraibe.com\/wp-content\/uploads\/2026\/03\/Visuel--770x433.jpg 770w, https:\/\/frequencecaraibe.com\/wp-content\/uploads\/2026\/03\/Visuel--1170x658.jpg 1170w, https:\/\/frequencecaraibe.com\/wp-content\/uploads\/2026\/03\/Visuel--768x432.jpg 768w, https:\/\/frequencecaraibe.com\/wp-content\/uploads\/2026\/03\/Visuel-.jpg 1280w\" sizes=\"(max-width: 770px) 100vw, 770px\" \/>\t<\/div>\n\t\t<div class=\"proradio-post__headercont\">\n\t\t<a class=\"proradio-post__header__link\" href=\"https:\/\/frequencecaraibe.com\/index.php\/podcast\/les-rdv-de-lair-les-brumes-de-sable\/\"><\/a>\n\t\t<div class=\"proradio-actions__cont\">\n\t<div class=\"proradio-actions\">\n\t\t\t\t<a href=\"https:\/\/frequencecaraibe.com\/index.php\/podcast\/les-rdv-de-lair-les-brumes-de-sable\/\" class=\"proradio-actionicon\">\n\t\t\t<i class=\"material-icons\">insert_link<\/i>\n\t\t<\/a>\n\t\t\n\n\t\t\t\t<span class=\"proradio-actions__a1\">\t\t<a data-ttgreaktions-shareboxfull=\"{&quot;id&quot;:&quot;9661&quot;,&quot;shared&quot;:&quot;https:\\\/\\\/frequencecaraibe.com\\\/index.php\\\/podcast\\\/les-rdv-de-lair-les-brumes-de-sable\\\/&quot;,&quot;title&quot;:&quot;LES RDV DE L&rsquo;AIR : LES BRUMES DE SABLE&quot;,&quot;finalUrl&quot;:&quot;https:\\\/\\\/frequencecaraibe.com\\\/index.php\\\/podcast\\\/les-rdv-de-lair-les-brumes-de-sable\\\/?id=9661&amp;reaktions-share-fullpage=9661&amp;noajax=1&amp;label=Partager&amp;btnclass=proradio-btn  proradio-btn__r&amp;secure=7152874e82&quot;}\" href=\"#nojax\" class=\"proradio_reaktions-link \">\n\t\t\t<span class=\"qtli\"><i class=\"reakticons-share\"><\/i><\/span><span class=\"count\"><\/span>\n\t\t<\/a>\n\t\t<\/span>\n\t\t\n\n\t\t\t\t<span class=\"proradio-actions__a2\">\t\t<a data-ttgreaktions-lovelink class=\"proradio_reaktions-link \" data-post_id=\"9661\" href=\"#\">\n\t        <span class=\"qtli\"><i class=\"reakticons-heart\"><\/i><\/span><span class=\"qtli count\">1<\/span>\n\t    <\/a>\n\t\t<\/span>\n\t\t\t<\/div>\n<\/div>\n\n\n\t\t<div class=\"proradio-post__card__cap\">\n\t\t\t<p class=\"proradio-cats\">\n\t\t\t\t\t\t\t<\/p>\n\t\t\t<h3 class=\"proradio-post__title proradio-h4 proradio-cutme-t-2\"><a href=\"https:\/\/frequencecaraibe.com\/index.php\/podcast\/les-rdv-de-lair-les-brumes-de-sable\/\">LES RDV DE L&rsquo;AIR : LES BRUMES DE SABLE<\/a><\/h3>\n\t\t\t<p class=\"proradio-meta proradio-small\">\n\t\t\t\t<span class=\"proradio-date\"><i class=\"material-icons\">today<\/i>12 mars 2026<\/span>\t\t\t\t<span><i class=\"reakticons-eye\"><\/i>14<\/span><span><\/span><span>\t\t<a data-ttgreaktions-lovelink class=\"proradio_reaktions-link \" data-post_id=\"9661\" href=\"#\">\n\t        <span class=\"qtli\"><i class=\"reakticons-heart\"><\/i><\/span><span class=\"qtli count\">1<\/span>\n\t    <\/a>\n\t\t<\/span><span>\t\t<a data-ttgreaktions-shareboxfull=\"{&quot;id&quot;:&quot;9661&quot;,&quot;shared&quot;:&quot;https:\\\/\\\/frequencecaraibe.com\\\/index.php\\\/podcast\\\/les-rdv-de-lair-les-brumes-de-sable\\\/&quot;,&quot;title&quot;:&quot;LES RDV DE L&rsquo;AIR : LES BRUMES DE SABLE&quot;,&quot;finalUrl&quot;:&quot;https:\\\/\\\/frequencecaraibe.com\\\/index.php\\\/podcast\\\/les-rdv-de-lair-les-brumes-de-sable\\\/?id=9661&amp;reaktions-share-fullpage=9661&amp;noajax=1&amp;label=Partager&amp;btnclass=proradio-btn proradio-btn__r&amp;secure=7152874e82&quot;}\" href=\"#nojax\" class=\"proradio_reaktions-link \">\n\t\t\t<span class=\"qtli\"><i class=\"reakticons-share\"><\/i><\/span><span class=\"count\"><\/span>\n\t\t<\/a>\n\t\t<\/span>\t\t\t<\/p>\n\t\t<\/div>\n\t<\/div>\n\t<\/article>\n\t\t\t\t\t\t<\/div>\n\t\t\t\t\t\t\t\t\t\t\t\t<div class=\"proradio-col proradio-col__post proradio-s12 proradio-m6 proradio-l3\">\n\t\t\t\t\t\t\t<article class=\"proradio-post proradio-post__card proradio-post__card--podcast proradio-podcast-episode proradio-darkbg proradio-negative post-9657 podcast type-podcast status-publish has-post-thumbnail hentry\" data-qtwaypoints>\n\t<div class=\"proradio-bgimg proradio-bgimg--full proradio-duotone\">\n\t\t<img loading=\"lazy\" decoding=\"async\" width=\"770\" height=\"770\" src=\"https:\/\/frequencecaraibe.com\/wp-content\/uploads\/2026\/03\/Visuel-1-770x770.jpg\" class=\"proradio-post__thumb wp-post-image\" alt=\"\" srcset=\"https:\/\/frequencecaraibe.com\/wp-content\/uploads\/2026\/03\/Visuel-1-770x770.jpg 770w, https:\/\/frequencecaraibe.com\/wp-content\/uploads\/2026\/03\/Visuel-1-150x150.jpg 150w, https:\/\/frequencecaraibe.com\/wp-content\/uploads\/2026\/03\/Visuel-1-768x768.jpg 768w, https:\/\/frequencecaraibe.com\/wp-content\/uploads\/2026\/03\/Visuel-1-100x100.jpg 100w, https:\/\/frequencecaraibe.com\/wp-content\/uploads\/2026\/03\/Visuel-1-370x370.jpg 370w, https:\/\/frequencecaraibe.com\/wp-content\/uploads\/2026\/03\/Visuel-1.jpg 1080w\" sizes=\"(max-width: 770px) 100vw, 770px\" \/>\t<\/div>\n\t\t<div class=\"proradio-post__headercont\">\n\t\t<a class=\"proradio-post__header__link\" href=\"https:\/\/frequencecaraibe.com\/index.php\/podcast\/breaking-news-france-travail\/\"><\/a>\n\t\t<div class=\"proradio-actions__cont\">\n\t<div class=\"proradio-actions\">\n\t\t\t\t<a href=\"https:\/\/frequencecaraibe.com\/index.php\/podcast\/breaking-news-france-travail\/\" class=\"proradio-actionicon\">\n\t\t\t<i class=\"material-icons\">insert_link<\/i>\n\t\t<\/a>\n\t\t\n\n\t\t\t\t<span class=\"proradio-actions__a1\">\t\t<a data-ttgreaktions-shareboxfull=\"{&quot;id&quot;:&quot;9657&quot;,&quot;shared&quot;:&quot;https:\\\/\\\/frequencecaraibe.com\\\/index.php\\\/podcast\\\/breaking-news-france-travail\\\/&quot;,&quot;title&quot;:&quot;BREAKING NEWS FRANCE TRAVAIL&quot;,&quot;finalUrl&quot;:&quot;https:\\\/\\\/frequencecaraibe.com\\\/index.php\\\/podcast\\\/breaking-news-france-travail\\\/?id=9657&amp;reaktions-share-fullpage=9657&amp;noajax=1&amp;label=Partager&amp;btnclass=proradio-btn  proradio-btn__r&amp;secure=7152874e82&quot;}\" href=\"#nojax\" class=\"proradio_reaktions-link \">\n\t\t\t<span class=\"qtli\"><i class=\"reakticons-share\"><\/i><\/span><span class=\"count\"><\/span>\n\t\t<\/a>\n\t\t<\/span>\n\t\t\n\n\t\t\t\t<span class=\"proradio-actions__a2\">\t\t<a data-ttgreaktions-lovelink class=\"proradio_reaktions-link \" data-post_id=\"9657\" href=\"#\">\n\t        <span class=\"qtli\"><i class=\"reakticons-heart\"><\/i><\/span><span class=\"qtli count\"><\/span>\n\t    <\/a>\n\t\t<\/span>\n\t\t\t<\/div>\n<\/div>\n\n\n\t\t<div class=\"proradio-post__card__cap\">\n\t\t\t<p class=\"proradio-cats\">\n\t\t\t\t\t\t\t<\/p>\n\t\t\t<h3 class=\"proradio-post__title proradio-h4 proradio-cutme-t-2\"><a href=\"https:\/\/frequencecaraibe.com\/index.php\/podcast\/breaking-news-france-travail\/\">BREAKING NEWS FRANCE TRAVAIL<\/a><\/h3>\n\t\t\t<p class=\"proradio-meta proradio-small\">\n\t\t\t\t<span class=\"proradio-date\"><i class=\"material-icons\">today<\/i>12 mars 2026<\/span>\t\t\t\t<span><i class=\"reakticons-eye\"><\/i>12<\/span><span><\/span><span>\t\t<a data-ttgreaktions-lovelink class=\"proradio_reaktions-link \" data-post_id=\"9657\" href=\"#\">\n\t        <span class=\"qtli\"><i class=\"reakticons-heart\"><\/i><\/span><span class=\"qtli count\"><\/span>\n\t    <\/a>\n\t\t<\/span><span>\t\t<a data-ttgreaktions-shareboxfull=\"{&quot;id&quot;:&quot;9657&quot;,&quot;shared&quot;:&quot;https:\\\/\\\/frequencecaraibe.com\\\/index.php\\\/podcast\\\/breaking-news-france-travail\\\/&quot;,&quot;title&quot;:&quot;BREAKING NEWS FRANCE TRAVAIL&quot;,&quot;finalUrl&quot;:&quot;https:\\\/\\\/frequencecaraibe.com\\\/index.php\\\/podcast\\\/breaking-news-france-travail\\\/?id=9657&amp;reaktions-share-fullpage=9657&amp;noajax=1&amp;label=Partager&amp;btnclass=proradio-btn proradio-btn__r&amp;secure=7152874e82&quot;}\" href=\"#nojax\" class=\"proradio_reaktions-link \">\n\t\t\t<span class=\"qtli\"><i class=\"reakticons-share\"><\/i><\/span><span class=\"count\"><\/span>\n\t\t<\/a>\n\t\t<\/span>\t\t\t<\/p>\n\t\t<\/div>\n\t<\/div>\n\t<\/article>\n\t\t\t\t\t\t<\/div>\n\t\t\t\t\t\t\t\t\t\t\t\t<div class=\"proradio-col proradio-col__post proradio-s12 proradio-m6 proradio-l3\">\n\t\t\t\t\t\t\t<article class=\"proradio-post proradio-post__card proradio-post__card--podcast proradio-podcast-episode proradio-darkbg proradio-negative post-9646 podcast type-podcast status-publish has-post-thumbnail hentry\" data-qtwaypoints>\n\t<div class=\"proradio-bgimg proradio-bgimg--full proradio-duotone\">\n\t\t<img loading=\"lazy\" decoding=\"async\" width=\"770\" height=\"770\" src=\"https:\/\/frequencecaraibe.com\/wp-content\/uploads\/2026\/03\/Visuel-770x770.jpg\" class=\"proradio-post__thumb wp-post-image\" alt=\"\" srcset=\"https:\/\/frequencecaraibe.com\/wp-content\/uploads\/2026\/03\/Visuel-770x770.jpg 770w, https:\/\/frequencecaraibe.com\/wp-content\/uploads\/2026\/03\/Visuel-150x150.jpg 150w, https:\/\/frequencecaraibe.com\/wp-content\/uploads\/2026\/03\/Visuel-768x768.jpg 768w, https:\/\/frequencecaraibe.com\/wp-content\/uploads\/2026\/03\/Visuel-100x100.jpg 100w, https:\/\/frequencecaraibe.com\/wp-content\/uploads\/2026\/03\/Visuel-370x370.jpg 370w, https:\/\/frequencecaraibe.com\/wp-content\/uploads\/2026\/03\/Visuel.jpg 1080w\" sizes=\"(max-width: 770px) 100vw, 770px\" \/>\t<\/div>\n\t\t<div class=\"proradio-post__headercont\">\n\t\t<a class=\"proradio-post__header__link\" href=\"https:\/\/frequencecaraibe.com\/index.php\/podcast\/filharmonie\/\"><\/a>\n\t\t<div class=\"proradio-actions__cont\">\n\t<div class=\"proradio-actions\">\n\t\t\t\t<a href=\"https:\/\/frequencecaraibe.com\/index.php\/podcast\/filharmonie\/\" class=\"proradio-actionicon\">\n\t\t\t<i class=\"material-icons\">insert_link<\/i>\n\t\t<\/a>\n\t\t\n\n\t\t\t\t<span class=\"proradio-actions__a1\">\t\t<a data-ttgreaktions-shareboxfull=\"{&quot;id&quot;:&quot;9646&quot;,&quot;shared&quot;:&quot;https:\\\/\\\/frequencecaraibe.com\\\/index.php\\\/podcast\\\/filharmonie\\\/&quot;,&quot;title&quot;:&quot;FIL&rsquo;HARMONIE \\\/ TH\\u00c8ME : LA JEUNESSE D\\u00c9SOEUVR\\u00c9E&#8230;&quot;,&quot;finalUrl&quot;:&quot;https:\\\/\\\/frequencecaraibe.com\\\/index.php\\\/podcast\\\/filharmonie\\\/?id=9646&amp;reaktions-share-fullpage=9646&amp;noajax=1&amp;label=Partager&amp;btnclass=proradio-btn  proradio-btn__r&amp;secure=7152874e82&quot;}\" href=\"#nojax\" class=\"proradio_reaktions-link \">\n\t\t\t<span class=\"qtli\"><i class=\"reakticons-share\"><\/i><\/span><span class=\"count\"><\/span>\n\t\t<\/a>\n\t\t<\/span>\n\t\t\n\n\t\t\t\t<span class=\"proradio-actions__a2\">\t\t<a data-ttgreaktions-lovelink class=\"proradio_reaktions-link \" data-post_id=\"9646\" href=\"#\">\n\t        <span class=\"qtli\"><i class=\"reakticons-heart\"><\/i><\/span><span class=\"qtli count\"><\/span>\n\t    <\/a>\n\t\t<\/span>\n\t\t\t<\/div>\n<\/div>\n\n\n\t\t<div class=\"proradio-post__card__cap\">\n\t\t\t<p class=\"proradio-cats\">\n\t\t\t\t\t\t\t<\/p>\n\t\t\t<h3 class=\"proradio-post__title proradio-h4 proradio-cutme-t-2\"><a href=\"https:\/\/frequencecaraibe.com\/index.php\/podcast\/filharmonie\/\">FIL&rsquo;HARMONIE \/ TH\u00c8ME : LA JEUNESSE D\u00c9SOEUVR\u00c9E&#8230;<\/a><\/h3>\n\t\t\t<p class=\"proradio-meta proradio-small\">\n\t\t\t\t<span class=\"proradio-date\"><i class=\"material-icons\">today<\/i>10 mars 2026<\/span>\t\t\t\t<span><i class=\"reakticons-eye\"><\/i>11<\/span><span><\/span><span>\t\t<a data-ttgreaktions-lovelink class=\"proradio_reaktions-link \" data-post_id=\"9646\" href=\"#\">\n\t        <span class=\"qtli\"><i class=\"reakticons-heart\"><\/i><\/span><span class=\"qtli count\"><\/span>\n\t    <\/a>\n\t\t<\/span><span>\t\t<a data-ttgreaktions-shareboxfull=\"{&quot;id&quot;:&quot;9646&quot;,&quot;shared&quot;:&quot;https:\\\/\\\/frequencecaraibe.com\\\/index.php\\\/podcast\\\/filharmonie\\\/&quot;,&quot;title&quot;:&quot;FIL&rsquo;HARMONIE \\\/ TH\\u00c8ME : LA JEUNESSE D\\u00c9SOEUVR\\u00c9E&#8230;&quot;,&quot;finalUrl&quot;:&quot;https:\\\/\\\/frequencecaraibe.com\\\/index.php\\\/podcast\\\/filharmonie\\\/?id=9646&amp;reaktions-share-fullpage=9646&amp;noajax=1&amp;label=Partager&amp;btnclass=proradio-btn proradio-btn__r&amp;secure=7152874e82&quot;}\" href=\"#nojax\" class=\"proradio_reaktions-link \">\n\t\t\t<span class=\"qtli\"><i class=\"reakticons-share\"><\/i><\/span><span class=\"count\"><\/span>\n\t\t<\/a>\n\t\t<\/span>\t\t\t<\/p>\n\t\t<\/div>\n\t<\/div>\n\t<\/article>\n\t\t\t\t\t\t<\/div>\n\t\t\t\t\t\t\t\t\t\t\t\t<div class=\"proradio-col proradio-col__post proradio-s12 proradio-m6 proradio-l3\">\n\t\t\t\t\t\t\t<article class=\"proradio-post proradio-post__card proradio-post__card--podcast proradio-podcast-episode proradio-darkbg proradio-negative post-9642 podcast type-podcast status-publish has-post-thumbnail hentry\" data-qtwaypoints>\n\t<div class=\"proradio-bgimg proradio-bgimg--full proradio-duotone\">\n\t\t<img loading=\"lazy\" decoding=\"async\" width=\"770\" height=\"770\" src=\"https:\/\/frequencecaraibe.com\/wp-content\/uploads\/2026\/03\/Moun-ki-fe-lEwop-Guerre-en-Ukraine--770x770.png\" class=\"proradio-post__thumb wp-post-image\" alt=\"\" srcset=\"https:\/\/frequencecaraibe.com\/wp-content\/uploads\/2026\/03\/Moun-ki-fe-lEwop-Guerre-en-Ukraine--770x770.png 770w, https:\/\/frequencecaraibe.com\/wp-content\/uploads\/2026\/03\/Moun-ki-fe-lEwop-Guerre-en-Ukraine--150x150.png 150w, https:\/\/frequencecaraibe.com\/wp-content\/uploads\/2026\/03\/Moun-ki-fe-lEwop-Guerre-en-Ukraine--768x768.png 768w, https:\/\/frequencecaraibe.com\/wp-content\/uploads\/2026\/03\/Moun-ki-fe-lEwop-Guerre-en-Ukraine--100x100.png 100w, https:\/\/frequencecaraibe.com\/wp-content\/uploads\/2026\/03\/Moun-ki-fe-lEwop-Guerre-en-Ukraine--370x370.png 370w, https:\/\/frequencecaraibe.com\/wp-content\/uploads\/2026\/03\/Moun-ki-fe-lEwop-Guerre-en-Ukraine-.png 1080w\" sizes=\"(max-width: 770px) 100vw, 770px\" \/>\t<\/div>\n\t\t<div class=\"proradio-post__headercont\">\n\t\t<a class=\"proradio-post__header__link\" href=\"https:\/\/frequencecaraibe.com\/index.php\/podcast\/moun-ki-fe-lewop-2\/\"><\/a>\n\t\t<div class=\"proradio-actions__cont\">\n\t<div class=\"proradio-actions\">\n\t\t\t\t<a href=\"https:\/\/frequencecaraibe.com\/index.php\/podcast\/moun-ki-fe-lewop-2\/\" class=\"proradio-actionicon\">\n\t\t\t<i class=\"material-icons\">insert_link<\/i>\n\t\t<\/a>\n\t\t\n\n\t\t\t\t<span class=\"proradio-actions__a1\">\t\t<a data-ttgreaktions-shareboxfull=\"{&quot;id&quot;:&quot;9642&quot;,&quot;shared&quot;:&quot;https:\\\/\\\/frequencecaraibe.com\\\/index.php\\\/podcast\\\/moun-ki-fe-lewop-2\\\/&quot;,&quot;title&quot;:&quot;MOUN KI FE L&rsquo;EWOP&quot;,&quot;finalUrl&quot;:&quot;https:\\\/\\\/frequencecaraibe.com\\\/index.php\\\/podcast\\\/moun-ki-fe-lewop-2\\\/?id=9642&amp;reaktions-share-fullpage=9642&amp;noajax=1&amp;label=Partager&amp;btnclass=proradio-btn  proradio-btn__r&amp;secure=7152874e82&quot;}\" href=\"#nojax\" class=\"proradio_reaktions-link \">\n\t\t\t<span class=\"qtli\"><i class=\"reakticons-share\"><\/i><\/span><span class=\"count\"><\/span>\n\t\t<\/a>\n\t\t<\/span>\n\t\t\n\n\t\t\t\t<span class=\"proradio-actions__a2\">\t\t<a data-ttgreaktions-lovelink class=\"proradio_reaktions-link \" data-post_id=\"9642\" href=\"#\">\n\t        <span class=\"qtli\"><i class=\"reakticons-heart\"><\/i><\/span><span class=\"qtli count\"><\/span>\n\t    <\/a>\n\t\t<\/span>\n\t\t\t<\/div>\n<\/div>\n\n\n\t\t<div class=\"proradio-post__card__cap\">\n\t\t\t<p class=\"proradio-cats\">\n\t\t\t\t\t\t\t<\/p>\n\t\t\t<h3 class=\"proradio-post__title proradio-h4 proradio-cutme-t-2\"><a href=\"https:\/\/frequencecaraibe.com\/index.php\/podcast\/moun-ki-fe-lewop-2\/\">MOUN KI FE L&rsquo;EWOP<\/a><\/h3>\n\t\t\t<p class=\"proradio-meta proradio-small\">\n\t\t\t\t<span class=\"proradio-date\"><i class=\"material-icons\">today<\/i>10 mars 2026<\/span>\t\t\t\t<span><i class=\"reakticons-eye\"><\/i>12<\/span><span><\/span><span>\t\t<a data-ttgreaktions-lovelink class=\"proradio_reaktions-link \" data-post_id=\"9642\" href=\"#\">\n\t        <span class=\"qtli\"><i class=\"reakticons-heart\"><\/i><\/span><span class=\"qtli count\"><\/span>\n\t    <\/a>\n\t\t<\/span><span>\t\t<a data-ttgreaktions-shareboxfull=\"{&quot;id&quot;:&quot;9642&quot;,&quot;shared&quot;:&quot;https:\\\/\\\/frequencecaraibe.com\\\/index.php\\\/podcast\\\/moun-ki-fe-lewop-2\\\/&quot;,&quot;title&quot;:&quot;MOUN KI FE L&rsquo;EWOP&quot;,&quot;finalUrl&quot;:&quot;https:\\\/\\\/frequencecaraibe.com\\\/index.php\\\/podcast\\\/moun-ki-fe-lewop-2\\\/?id=9642&amp;reaktions-share-fullpage=9642&amp;noajax=1&amp;label=Partager&amp;btnclass=proradio-btn proradio-btn__r&amp;secure=7152874e82&quot;}\" href=\"#nojax\" class=\"proradio_reaktions-link \">\n\t\t\t<span class=\"qtli\"><i class=\"reakticons-share\"><\/i><\/span><span class=\"count\"><\/span>\n\t\t<\/a>\n\t\t<\/span>\t\t\t<\/p>\n\t\t<\/div>\n\t<\/div>\n\t<\/article>\n\t\t\t\t\t\t<\/div>\n\t\t\t\t\t\t\t\t\t\t\t\t<div class=\"proradio-col proradio-col__post proradio-s12 proradio-m6 proradio-l3\">\n\t\t\t\t\t\t\t<article class=\"proradio-post proradio-post__card proradio-post__card--podcast proradio-podcast-episode proradio-darkbg proradio-negative post-9632 podcast type-podcast status-publish has-post-thumbnail hentry\" data-qtwaypoints>\n\t<div class=\"proradio-bgimg proradio-bgimg--full proradio-duotone\">\n\t\t<img loading=\"lazy\" decoding=\"async\" width=\"770\" height=\"770\" src=\"https:\/\/frequencecaraibe.com\/wp-content\/uploads\/2026\/03\/Loumoulicou-770x770.jpg\" class=\"proradio-post__thumb wp-post-image\" alt=\"\" srcset=\"https:\/\/frequencecaraibe.com\/wp-content\/uploads\/2026\/03\/Loumoulicou-770x770.jpg 770w, https:\/\/frequencecaraibe.com\/wp-content\/uploads\/2026\/03\/Loumoulicou-150x150.jpg 150w, https:\/\/frequencecaraibe.com\/wp-content\/uploads\/2026\/03\/Loumoulicou-768x768.jpg 768w, https:\/\/frequencecaraibe.com\/wp-content\/uploads\/2026\/03\/Loumoulicou-100x100.jpg 100w, https:\/\/frequencecaraibe.com\/wp-content\/uploads\/2026\/03\/Loumoulicou-370x370.jpg 370w, https:\/\/frequencecaraibe.com\/wp-content\/uploads\/2026\/03\/Loumoulicou.jpg 1080w\" sizes=\"(max-width: 770px) 100vw, 770px\" \/>\t<\/div>\n\t\t<div class=\"proradio-post__headercont\">\n\t\t<a class=\"proradio-post__header__link\" href=\"https:\/\/frequencecaraibe.com\/index.php\/podcast\/loumoulicou-les-rencontres-an-ba-lanme\/\"><\/a>\n\t\t<div class=\"proradio-actions__cont\">\n\t<div class=\"proradio-actions\">\n\t\t\t\t<a href=\"https:\/\/frequencecaraibe.com\/index.php\/podcast\/loumoulicou-les-rencontres-an-ba-lanme\/\" class=\"proradio-actionicon\">\n\t\t\t<i class=\"material-icons\">insert_link<\/i>\n\t\t<\/a>\n\t\t\n\n\t\t\t\t<span class=\"proradio-actions__a1\">\t\t<a data-ttgreaktions-shareboxfull=\"{&quot;id&quot;:&quot;9632&quot;,&quot;shared&quot;:&quot;https:\\\/\\\/frequencecaraibe.com\\\/index.php\\\/podcast\\\/loumoulicou-les-rencontres-an-ba-lanme\\\/&quot;,&quot;title&quot;:&quot;LES RENCONTRES AN BA LANM\\u00c8 : loumo\\u00falicou&quot;,&quot;finalUrl&quot;:&quot;https:\\\/\\\/frequencecaraibe.com\\\/index.php\\\/podcast\\\/loumoulicou-les-rencontres-an-ba-lanme\\\/?id=9632&amp;reaktions-share-fullpage=9632&amp;noajax=1&amp;label=Partager&amp;btnclass=proradio-btn  proradio-btn__r&amp;secure=7152874e82&quot;}\" href=\"#nojax\" class=\"proradio_reaktions-link \">\n\t\t\t<span class=\"qtli\"><i class=\"reakticons-share\"><\/i><\/span><span class=\"count\"><\/span>\n\t\t<\/a>\n\t\t<\/span>\n\t\t\n\n\t\t\t\t<span class=\"proradio-actions__a2\">\t\t<a data-ttgreaktions-lovelink class=\"proradio_reaktions-link \" data-post_id=\"9632\" href=\"#\">\n\t        <span class=\"qtli\"><i class=\"reakticons-heart\"><\/i><\/span><span class=\"qtli count\"><\/span>\n\t    <\/a>\n\t\t<\/span>\n\t\t\t<\/div>\n<\/div>\n\n\n\t\t<div class=\"proradio-post__card__cap\">\n\t\t\t<p class=\"proradio-cats\">\n\t\t\t\t\t\t\t<\/p>\n\t\t\t<h3 class=\"proradio-post__title proradio-h4 proradio-cutme-t-2\"><a href=\"https:\/\/frequencecaraibe.com\/index.php\/podcast\/loumoulicou-les-rencontres-an-ba-lanme\/\">LES RENCONTRES AN BA LANM\u00c8 : loumo\u00falicou<\/a><\/h3>\n\t\t\t<p class=\"proradio-meta proradio-small\">\n\t\t\t\t<span class=\"proradio-date\"><i class=\"material-icons\">today<\/i>9 mars 2026<\/span>\t\t\t\t<span><i class=\"reakticons-eye\"><\/i>29<\/span><span><\/span><span>\t\t<a data-ttgreaktions-lovelink class=\"proradio_reaktions-link \" data-post_id=\"9632\" href=\"#\">\n\t        <span class=\"qtli\"><i class=\"reakticons-heart\"><\/i><\/span><span class=\"qtli count\"><\/span>\n\t    <\/a>\n\t\t<\/span><span>\t\t<a data-ttgreaktions-shareboxfull=\"{&quot;id&quot;:&quot;9632&quot;,&quot;shared&quot;:&quot;https:\\\/\\\/frequencecaraibe.com\\\/index.php\\\/podcast\\\/loumoulicou-les-rencontres-an-ba-lanme\\\/&quot;,&quot;title&quot;:&quot;LES RENCONTRES AN BA LANM\\u00c8 : loumo\\u00falicou&quot;,&quot;finalUrl&quot;:&quot;https:\\\/\\\/frequencecaraibe.com\\\/index.php\\\/podcast\\\/loumoulicou-les-rencontres-an-ba-lanme\\\/?id=9632&amp;reaktions-share-fullpage=9632&amp;noajax=1&amp;label=Partager&amp;btnclass=proradio-btn proradio-btn__r&amp;secure=7152874e82&quot;}\" href=\"#nojax\" class=\"proradio_reaktions-link \">\n\t\t\t<span class=\"qtli\"><i class=\"reakticons-share\"><\/i><\/span><span class=\"count\"><\/span>\n\t\t<\/a>\n\t\t<\/span>\t\t\t<\/p>\n\t\t<\/div>\n\t<\/div>\n\t<\/article>\n\t\t\t\t\t\t<\/div>\n\t\t\t\t\t\t\t\t\t\t\t\t<div class=\"proradio-col proradio-col__post proradio-s12 proradio-m6 proradio-l3\">\n\t\t\t\t\t\t\t<article class=\"proradio-post proradio-post__card proradio-post__card--podcast proradio-podcast-episode proradio-darkbg proradio-negative post-9628 podcast type-podcast status-publish has-post-thumbnail hentry\" data-qtwaypoints>\n\t<div class=\"proradio-bgimg proradio-bgimg--full proradio-duotone\">\n\t\t<img loading=\"lazy\" decoding=\"async\" width=\"770\" height=\"770\" src=\"https:\/\/frequencecaraibe.com\/wp-content\/uploads\/2026\/03\/Festival-CEIBA-770x770.jpg\" class=\"proradio-post__thumb wp-post-image\" alt=\"\" srcset=\"https:\/\/frequencecaraibe.com\/wp-content\/uploads\/2026\/03\/Festival-CEIBA-770x770.jpg 770w, https:\/\/frequencecaraibe.com\/wp-content\/uploads\/2026\/03\/Festival-CEIBA-150x150.jpg 150w, https:\/\/frequencecaraibe.com\/wp-content\/uploads\/2026\/03\/Festival-CEIBA-768x768.jpg 768w, https:\/\/frequencecaraibe.com\/wp-content\/uploads\/2026\/03\/Festival-CEIBA-100x100.jpg 100w, https:\/\/frequencecaraibe.com\/wp-content\/uploads\/2026\/03\/Festival-CEIBA-370x370.jpg 370w, https:\/\/frequencecaraibe.com\/wp-content\/uploads\/2026\/03\/Festival-CEIBA.jpg 1080w\" sizes=\"(max-width: 770px) 100vw, 770px\" \/>\t<\/div>\n\t\t<div class=\"proradio-post__headercont\">\n\t\t<a class=\"proradio-post__header__link\" href=\"https:\/\/frequencecaraibe.com\/index.php\/podcast\/ceiba-festival-transversal\/\"><\/a>\n\t\t<div class=\"proradio-actions__cont\">\n\t<div class=\"proradio-actions\">\n\t\t\t\t<a href=\"https:\/\/frequencecaraibe.com\/index.php\/podcast\/ceiba-festival-transversal\/\" class=\"proradio-actionicon\">\n\t\t\t<i class=\"material-icons\">insert_link<\/i>\n\t\t<\/a>\n\t\t\n\n\t\t\t\t<span class=\"proradio-actions__a1\">\t\t<a data-ttgreaktions-shareboxfull=\"{&quot;id&quot;:&quot;9628&quot;,&quot;shared&quot;:&quot;https:\\\/\\\/frequencecaraibe.com\\\/index.php\\\/podcast\\\/ceiba-festival-transversal\\\/&quot;,&quot;title&quot;:&quot;CE\\u0130BA : FESTIVAL TRANSVERSAL&quot;,&quot;finalUrl&quot;:&quot;https:\\\/\\\/frequencecaraibe.com\\\/index.php\\\/podcast\\\/ceiba-festival-transversal\\\/?id=9628&amp;reaktions-share-fullpage=9628&amp;noajax=1&amp;label=Partager&amp;btnclass=proradio-btn  proradio-btn__r&amp;secure=7152874e82&quot;}\" href=\"#nojax\" class=\"proradio_reaktions-link \">\n\t\t\t<span class=\"qtli\"><i class=\"reakticons-share\"><\/i><\/span><span class=\"count\"><\/span>\n\t\t<\/a>\n\t\t<\/span>\n\t\t\n\n\t\t\t\t<span class=\"proradio-actions__a2\">\t\t<a data-ttgreaktions-lovelink class=\"proradio_reaktions-link \" data-post_id=\"9628\" href=\"#\">\n\t        <span class=\"qtli\"><i class=\"reakticons-heart\"><\/i><\/span><span class=\"qtli count\"><\/span>\n\t    <\/a>\n\t\t<\/span>\n\t\t\t<\/div>\n<\/div>\n\n\n\t\t<div class=\"proradio-post__card__cap\">\n\t\t\t<p class=\"proradio-cats\">\n\t\t\t\t\t\t\t<\/p>\n\t\t\t<h3 class=\"proradio-post__title proradio-h4 proradio-cutme-t-2\"><a href=\"https:\/\/frequencecaraibe.com\/index.php\/podcast\/ceiba-festival-transversal\/\">CE\u0130BA : FESTIVAL TRANSVERSAL<\/a><\/h3>\n\t\t\t<p class=\"proradio-meta proradio-small\">\n\t\t\t\t<span class=\"proradio-date\"><i class=\"material-icons\">today<\/i>5 mars 2026<\/span>\t\t\t\t<span><i class=\"reakticons-eye\"><\/i>9<\/span><span><\/span><span>\t\t<a data-ttgreaktions-lovelink class=\"proradio_reaktions-link \" data-post_id=\"9628\" href=\"#\">\n\t        <span class=\"qtli\"><i class=\"reakticons-heart\"><\/i><\/span><span class=\"qtli count\"><\/span>\n\t    <\/a>\n\t\t<\/span><span>\t\t<a data-ttgreaktions-shareboxfull=\"{&quot;id&quot;:&quot;9628&quot;,&quot;shared&quot;:&quot;https:\\\/\\\/frequencecaraibe.com\\\/index.php\\\/podcast\\\/ceiba-festival-transversal\\\/&quot;,&quot;title&quot;:&quot;CE\\u0130BA : FESTIVAL TRANSVERSAL&quot;,&quot;finalUrl&quot;:&quot;https:\\\/\\\/frequencecaraibe.com\\\/index.php\\\/podcast\\\/ceiba-festival-transversal\\\/?id=9628&amp;reaktions-share-fullpage=9628&amp;noajax=1&amp;label=Partager&amp;btnclass=proradio-btn proradio-btn__r&amp;secure=7152874e82&quot;}\" href=\"#nojax\" class=\"proradio_reaktions-link \">\n\t\t\t<span class=\"qtli\"><i class=\"reakticons-share\"><\/i><\/span><span class=\"count\"><\/span>\n\t\t<\/a>\n\t\t<\/span>\t\t\t<\/p>\n\t\t<\/div>\n\t<\/div>\n\t<\/article>\n\t\t\t\t\t\t<\/div>\n\t\t\t\t\t\t\t\t\t\t\t\t<div class=\"proradio-col proradio-col__post proradio-s12 proradio-m6 proradio-l3\">\n\t\t\t\t\t\t\t<article class=\"proradio-post proradio-post__card proradio-post__card--podcast proradio-podcast-episode proradio-darkbg proradio-negative post-9624 podcast type-podcast status-publish has-post-thumbnail hentry\" data-qtwaypoints>\n\t<div class=\"proradio-bgimg proradio-bgimg--full proradio-duotone\">\n\t\t<img loading=\"lazy\" decoding=\"async\" width=\"770\" height=\"770\" src=\"https:\/\/frequencecaraibe.com\/wp-content\/uploads\/2026\/03\/SALON-DU-VOYAGE-ET-DES-VACANCES-2026-770x770.jpeg\" class=\"proradio-post__thumb wp-post-image\" alt=\"\" srcset=\"https:\/\/frequencecaraibe.com\/wp-content\/uploads\/2026\/03\/SALON-DU-VOYAGE-ET-DES-VACANCES-2026-770x770.jpeg 770w, https:\/\/frequencecaraibe.com\/wp-content\/uploads\/2026\/03\/SALON-DU-VOYAGE-ET-DES-VACANCES-2026-150x150.jpeg 150w, https:\/\/frequencecaraibe.com\/wp-content\/uploads\/2026\/03\/SALON-DU-VOYAGE-ET-DES-VACANCES-2026-768x768.jpeg 768w, https:\/\/frequencecaraibe.com\/wp-content\/uploads\/2026\/03\/SALON-DU-VOYAGE-ET-DES-VACANCES-2026-100x100.jpeg 100w, https:\/\/frequencecaraibe.com\/wp-content\/uploads\/2026\/03\/SALON-DU-VOYAGE-ET-DES-VACANCES-2026-370x370.jpeg 370w, https:\/\/frequencecaraibe.com\/wp-content\/uploads\/2026\/03\/SALON-DU-VOYAGE-ET-DES-VACANCES-2026.jpeg 1080w\" sizes=\"(max-width: 770px) 100vw, 770px\" \/>\t<\/div>\n\t\t<div class=\"proradio-post__headercont\">\n\t\t<a class=\"proradio-post__header__link\" href=\"https:\/\/frequencecaraibe.com\/index.php\/podcast\/salon-du-voyage-des-vacances\/\"><\/a>\n\t\t<div class=\"proradio-actions__cont\">\n\t<div class=\"proradio-actions\">\n\t\t\t\t<a href=\"https:\/\/frequencecaraibe.com\/index.php\/podcast\/salon-du-voyage-des-vacances\/\" class=\"proradio-actionicon\">\n\t\t\t<i class=\"material-icons\">insert_link<\/i>\n\t\t<\/a>\n\t\t\n\n\t\t\t\t<span class=\"proradio-actions__a1\">\t\t<a data-ttgreaktions-shareboxfull=\"{&quot;id&quot;:&quot;9624&quot;,&quot;shared&quot;:&quot;https:\\\/\\\/frequencecaraibe.com\\\/index.php\\\/podcast\\\/salon-du-voyage-des-vacances\\\/&quot;,&quot;title&quot;:&quot;SALON DU VOYAGE &#038; DES VACANCES&quot;,&quot;finalUrl&quot;:&quot;https:\\\/\\\/frequencecaraibe.com\\\/index.php\\\/podcast\\\/salon-du-voyage-des-vacances\\\/?id=9624&amp;reaktions-share-fullpage=9624&amp;noajax=1&amp;label=Partager&amp;btnclass=proradio-btn  proradio-btn__r&amp;secure=7152874e82&quot;}\" href=\"#nojax\" class=\"proradio_reaktions-link \">\n\t\t\t<span class=\"qtli\"><i class=\"reakticons-share\"><\/i><\/span><span class=\"count\"><\/span>\n\t\t<\/a>\n\t\t<\/span>\n\t\t\n\n\t\t\t\t<span class=\"proradio-actions__a2\">\t\t<a data-ttgreaktions-lovelink class=\"proradio_reaktions-link \" data-post_id=\"9624\" href=\"#\">\n\t        <span class=\"qtli\"><i class=\"reakticons-heart\"><\/i><\/span><span class=\"qtli count\"><\/span>\n\t    <\/a>\n\t\t<\/span>\n\t\t\t<\/div>\n<\/div>\n\n\n\t\t<div class=\"proradio-post__card__cap\">\n\t\t\t<p class=\"proradio-cats\">\n\t\t\t\t\t\t\t<\/p>\n\t\t\t<h3 class=\"proradio-post__title proradio-h4 proradio-cutme-t-2\"><a href=\"https:\/\/frequencecaraibe.com\/index.php\/podcast\/salon-du-voyage-des-vacances\/\">SALON DU VOYAGE &#038; DES VACANCES<\/a><\/h3>\n\t\t\t<p class=\"proradio-meta proradio-small\">\n\t\t\t\t<span class=\"proradio-date\"><i class=\"material-icons\">today<\/i>5 mars 2026<\/span>\t\t\t\t<span><i class=\"reakticons-eye\"><\/i>13<\/span><span><\/span><span>\t\t<a data-ttgreaktions-lovelink class=\"proradio_reaktions-link \" data-post_id=\"9624\" href=\"#\">\n\t        <span class=\"qtli\"><i class=\"reakticons-heart\"><\/i><\/span><span class=\"qtli count\"><\/span>\n\t    <\/a>\n\t\t<\/span><span>\t\t<a data-ttgreaktions-shareboxfull=\"{&quot;id&quot;:&quot;9624&quot;,&quot;shared&quot;:&quot;https:\\\/\\\/frequencecaraibe.com\\\/index.php\\\/podcast\\\/salon-du-voyage-des-vacances\\\/&quot;,&quot;title&quot;:&quot;SALON DU VOYAGE &#038; DES VACANCES&quot;,&quot;finalUrl&quot;:&quot;https:\\\/\\\/frequencecaraibe.com\\\/index.php\\\/podcast\\\/salon-du-voyage-des-vacances\\\/?id=9624&amp;reaktions-share-fullpage=9624&amp;noajax=1&amp;label=Partager&amp;btnclass=proradio-btn proradio-btn__r&amp;secure=7152874e82&quot;}\" href=\"#nojax\" class=\"proradio_reaktions-link \">\n\t\t\t<span class=\"qtli\"><i class=\"reakticons-share\"><\/i><\/span><span class=\"count\"><\/span>\n\t\t<\/a>\n\t\t<\/span>\t\t\t<\/p>\n\t\t<\/div>\n\t<\/div>\n\t<\/article>\n\t\t\t\t\t\t<\/div>\n\t\t\t\t\t\t\t\t\t\t\t\t<div class=\"proradio-col proradio-col__post proradio-s12 proradio-m6 proradio-l3\">\n\t\t\t\t\t\t\t<article class=\"proradio-post proradio-post__card proradio-post__card--podcast proradio-podcast-episode proradio-darkbg proradio-negative post-9619 podcast type-podcast status-publish has-post-thumbnail hentry\" data-qtwaypoints>\n\t<div class=\"proradio-bgimg proradio-bgimg--full proradio-duotone\">\n\t\t<img loading=\"lazy\" decoding=\"async\" width=\"770\" height=\"770\" src=\"https:\/\/frequencecaraibe.com\/wp-content\/uploads\/2026\/03\/Visuel-Expo-770x770.png\" class=\"proradio-post__thumb wp-post-image\" alt=\"\" srcset=\"https:\/\/frequencecaraibe.com\/wp-content\/uploads\/2026\/03\/Visuel-Expo-770x770.png 770w, https:\/\/frequencecaraibe.com\/wp-content\/uploads\/2026\/03\/Visuel-Expo-150x150.png 150w, https:\/\/frequencecaraibe.com\/wp-content\/uploads\/2026\/03\/Visuel-Expo-768x768.png 768w, https:\/\/frequencecaraibe.com\/wp-content\/uploads\/2026\/03\/Visuel-Expo-100x100.png 100w, https:\/\/frequencecaraibe.com\/wp-content\/uploads\/2026\/03\/Visuel-Expo-370x370.png 370w, https:\/\/frequencecaraibe.com\/wp-content\/uploads\/2026\/03\/Visuel-Expo.png 1080w\" sizes=\"(max-width: 770px) 100vw, 770px\" \/>\t<\/div>\n\t\t<div class=\"proradio-post__headercont\">\n\t\t<a class=\"proradio-post__header__link\" href=\"https:\/\/frequencecaraibe.com\/index.php\/podcast\/exposition-pesticides-de-quoi-sagit-il\/\"><\/a>\n\t\t<div class=\"proradio-actions__cont\">\n\t<div class=\"proradio-actions\">\n\t\t\t\t<a href=\"https:\/\/frequencecaraibe.com\/index.php\/podcast\/exposition-pesticides-de-quoi-sagit-il\/\" class=\"proradio-actionicon\">\n\t\t\t<i class=\"material-icons\">insert_link<\/i>\n\t\t<\/a>\n\t\t\n\n\t\t\t\t<span class=\"proradio-actions__a1\">\t\t<a data-ttgreaktions-shareboxfull=\"{&quot;id&quot;:&quot;9619&quot;,&quot;shared&quot;:&quot;https:\\\/\\\/frequencecaraibe.com\\\/index.php\\\/podcast\\\/exposition-pesticides-de-quoi-sagit-il\\\/&quot;,&quot;title&quot;:&quot;EXPOSITION : PESTICIDES ! DE QUOI S\\u2019AGIT-IL ?&quot;,&quot;finalUrl&quot;:&quot;https:\\\/\\\/frequencecaraibe.com\\\/index.php\\\/podcast\\\/exposition-pesticides-de-quoi-sagit-il\\\/?id=9619&amp;reaktions-share-fullpage=9619&amp;noajax=1&amp;label=Partager&amp;btnclass=proradio-btn  proradio-btn__r&amp;secure=7152874e82&quot;}\" href=\"#nojax\" class=\"proradio_reaktions-link \">\n\t\t\t<span class=\"qtli\"><i class=\"reakticons-share\"><\/i><\/span><span class=\"count\"><\/span>\n\t\t<\/a>\n\t\t<\/span>\n\t\t\n\n\t\t\t\t<span class=\"proradio-actions__a2\">\t\t<a data-ttgreaktions-lovelink class=\"proradio_reaktions-link \" data-post_id=\"9619\" href=\"#\">\n\t        <span class=\"qtli\"><i class=\"reakticons-heart\"><\/i><\/span><span class=\"qtli count\"><\/span>\n\t    <\/a>\n\t\t<\/span>\n\t\t\t<\/div>\n<\/div>\n\n\n\t\t<div class=\"proradio-post__card__cap\">\n\t\t\t<p class=\"proradio-cats\">\n\t\t\t\t\t\t\t<\/p>\n\t\t\t<h3 class=\"proradio-post__title proradio-h4 proradio-cutme-t-2\"><a href=\"https:\/\/frequencecaraibe.com\/index.php\/podcast\/exposition-pesticides-de-quoi-sagit-il\/\">EXPOSITION : PESTICIDES ! DE QUOI S\u2019AGIT-IL ?<\/a><\/h3>\n\t\t\t<p class=\"proradio-meta proradio-small\">\n\t\t\t\t<span class=\"proradio-date\"><i class=\"material-icons\">today<\/i>2 mars 2026<\/span>\t\t\t\t<span><i class=\"reakticons-eye\"><\/i>15<\/span><span><\/span><span>\t\t<a data-ttgreaktions-lovelink class=\"proradio_reaktions-link \" data-post_id=\"9619\" href=\"#\">\n\t        <span class=\"qtli\"><i class=\"reakticons-heart\"><\/i><\/span><span class=\"qtli count\"><\/span>\n\t    <\/a>\n\t\t<\/span><span>\t\t<a data-ttgreaktions-shareboxfull=\"{&quot;id&quot;:&quot;9619&quot;,&quot;shared&quot;:&quot;https:\\\/\\\/frequencecaraibe.com\\\/index.php\\\/podcast\\\/exposition-pesticides-de-quoi-sagit-il\\\/&quot;,&quot;title&quot;:&quot;EXPOSITION : PESTICIDES ! DE QUOI S\\u2019AGIT-IL ?&quot;,&quot;finalUrl&quot;:&quot;https:\\\/\\\/frequencecaraibe.com\\\/index.php\\\/podcast\\\/exposition-pesticides-de-quoi-sagit-il\\\/?id=9619&amp;reaktions-share-fullpage=9619&amp;noajax=1&amp;label=Partager&amp;btnclass=proradio-btn proradio-btn__r&amp;secure=7152874e82&quot;}\" href=\"#nojax\" class=\"proradio_reaktions-link \">\n\t\t\t<span class=\"qtli\"><i class=\"reakticons-share\"><\/i><\/span><span class=\"count\"><\/span>\n\t\t<\/a>\n\t\t<\/span>\t\t\t<\/p>\n\t\t<\/div>\n\t<\/div>\n\t<\/article>\n\t\t\t\t\t\t<\/div>\n\t\t\t\t\t\t\t\t\t\t\t\t<div class=\"proradio-col proradio-col__post proradio-s12 proradio-m6 proradio-l3\">\n\t\t\t\t\t\t\t<article class=\"proradio-post proradio-post__card proradio-post__card--podcast proradio-podcast-episode proradio-darkbg proradio-negative post-9588 podcast type-podcast status-publish has-post-thumbnail hentry\" data-qtwaypoints>\n\t<div class=\"proradio-bgimg proradio-bgimg--full proradio-duotone\">\n\t\t<img loading=\"lazy\" decoding=\"async\" width=\"770\" height=\"770\" src=\"https:\/\/frequencecaraibe.com\/wp-content\/uploads\/2026\/02\/FilHarmonie-770x770.jpg\" class=\"proradio-post__thumb wp-post-image\" alt=\"\" srcset=\"https:\/\/frequencecaraibe.com\/wp-content\/uploads\/2026\/02\/FilHarmonie-770x770.jpg 770w, https:\/\/frequencecaraibe.com\/wp-content\/uploads\/2026\/02\/FilHarmonie-150x150.jpg 150w, https:\/\/frequencecaraibe.com\/wp-content\/uploads\/2026\/02\/FilHarmonie-768x768.jpg 768w, https:\/\/frequencecaraibe.com\/wp-content\/uploads\/2026\/02\/FilHarmonie-100x100.jpg 100w, https:\/\/frequencecaraibe.com\/wp-content\/uploads\/2026\/02\/FilHarmonie-370x370.jpg 370w, https:\/\/frequencecaraibe.com\/wp-content\/uploads\/2026\/02\/FilHarmonie.jpg 1080w\" sizes=\"(max-width: 770px) 100vw, 770px\" \/>\t<\/div>\n\t\t<div class=\"proradio-post__headercont\">\n\t\t<a class=\"proradio-post__header__link\" href=\"https:\/\/frequencecaraibe.com\/index.php\/podcast\/filharmonie-theme-le-karma-ce-boomrang\/\"><\/a>\n\t\t<div class=\"proradio-actions__cont\">\n\t<div class=\"proradio-actions\">\n\t\t\t\t<a href=\"https:\/\/frequencecaraibe.com\/index.php\/podcast\/filharmonie-theme-le-karma-ce-boomrang\/\" class=\"proradio-actionicon\">\n\t\t\t<i class=\"material-icons\">insert_link<\/i>\n\t\t<\/a>\n\t\t\n\n\t\t\t\t<span class=\"proradio-actions__a1\">\t\t<a data-ttgreaktions-shareboxfull=\"{&quot;id&quot;:&quot;9588&quot;,&quot;shared&quot;:&quot;https:\\\/\\\/frequencecaraibe.com\\\/index.php\\\/podcast\\\/filharmonie-theme-le-karma-ce-boomrang\\\/&quot;,&quot;title&quot;:&quot;FIL&rsquo;HARMONIE \\\/ TH\\u00c8ME : LE KARMA CE BOOMRANG&quot;,&quot;finalUrl&quot;:&quot;https:\\\/\\\/frequencecaraibe.com\\\/index.php\\\/podcast\\\/filharmonie-theme-le-karma-ce-boomrang\\\/?id=9588&amp;reaktions-share-fullpage=9588&amp;noajax=1&amp;label=Partager&amp;btnclass=proradio-btn  proradio-btn__r&amp;secure=7152874e82&quot;}\" href=\"#nojax\" class=\"proradio_reaktions-link \">\n\t\t\t<span class=\"qtli\"><i class=\"reakticons-share\"><\/i><\/span><span class=\"count\"><\/span>\n\t\t<\/a>\n\t\t<\/span>\n\t\t\n\n\t\t\t\t<span class=\"proradio-actions__a2\">\t\t<a data-ttgreaktions-lovelink class=\"proradio_reaktions-link \" data-post_id=\"9588\" href=\"#\">\n\t        <span class=\"qtli\"><i class=\"reakticons-heart\"><\/i><\/span><span class=\"qtli count\"><\/span>\n\t    <\/a>\n\t\t<\/span>\n\t\t\t<\/div>\n<\/div>\n\n\n\t\t<div class=\"proradio-post__card__cap\">\n\t\t\t<p class=\"proradio-cats\">\n\t\t\t\t\t\t\t<\/p>\n\t\t\t<h3 class=\"proradio-post__title proradio-h4 proradio-cutme-t-2\"><a href=\"https:\/\/frequencecaraibe.com\/index.php\/podcast\/filharmonie-theme-le-karma-ce-boomrang\/\">FIL&rsquo;HARMONIE \/ TH\u00c8ME : LE KARMA CE BOOMRANG<\/a><\/h3>\n\t\t\t<p class=\"proradio-meta proradio-small\">\n\t\t\t\t<span class=\"proradio-date\"><i class=\"material-icons\">today<\/i>11 f\u00e9vrier 2026<\/span>\t\t\t\t<span><i class=\"reakticons-eye\"><\/i>31<\/span><span><\/span><span>\t\t<a data-ttgreaktions-lovelink class=\"proradio_reaktions-link \" data-post_id=\"9588\" href=\"#\">\n\t        <span class=\"qtli\"><i class=\"reakticons-heart\"><\/i><\/span><span class=\"qtli count\"><\/span>\n\t    <\/a>\n\t\t<\/span><span>\t\t<a data-ttgreaktions-shareboxfull=\"{&quot;id&quot;:&quot;9588&quot;,&quot;shared&quot;:&quot;https:\\\/\\\/frequencecaraibe.com\\\/index.php\\\/podcast\\\/filharmonie-theme-le-karma-ce-boomrang\\\/&quot;,&quot;title&quot;:&quot;FIL&rsquo;HARMONIE \\\/ TH\\u00c8ME : LE KARMA CE BOOMRANG&quot;,&quot;finalUrl&quot;:&quot;https:\\\/\\\/frequencecaraibe.com\\\/index.php\\\/podcast\\\/filharmonie-theme-le-karma-ce-boomrang\\\/?id=9588&amp;reaktions-share-fullpage=9588&amp;noajax=1&amp;label=Partager&amp;btnclass=proradio-btn proradio-btn__r&amp;secure=7152874e82&quot;}\" href=\"#nojax\" class=\"proradio_reaktions-link \">\n\t\t\t<span class=\"qtli\"><i class=\"reakticons-share\"><\/i><\/span><span class=\"count\"><\/span>\n\t\t<\/a>\n\t\t<\/span>\t\t\t<\/p>\n\t\t<\/div>\n\t<\/div>\n\t<\/article>\n\t\t\t\t\t\t<\/div>\n\t\t\t\t\t\t\t\t\t\t\t\t<div class=\"proradio-col proradio-col__post proradio-s12 proradio-m6 proradio-l3\">\n\t\t\t\t\t\t\t<article class=\"proradio-post proradio-post__card proradio-post__card--podcast proradio-podcast-episode proradio-darkbg proradio-negative post-9573 podcast type-podcast status-publish has-post-thumbnail hentry\" data-qtwaypoints>\n\t<div class=\"proradio-bgimg proradio-bgimg--full proradio-duotone\">\n\t\t<img loading=\"lazy\" decoding=\"async\" width=\"616\" height=\"770\" src=\"https:\/\/frequencecaraibe.com\/wp-content\/uploads\/2026\/02\/Moun-ki-fe-lEwop-M.-Pamphile-616x770.png\" class=\"proradio-post__thumb wp-post-image\" alt=\"\" srcset=\"https:\/\/frequencecaraibe.com\/wp-content\/uploads\/2026\/02\/Moun-ki-fe-lEwop-M.-Pamphile-616x770.png 616w, https:\/\/frequencecaraibe.com\/wp-content\/uploads\/2026\/02\/Moun-ki-fe-lEwop-M.-Pamphile-936x1170.png 936w, https:\/\/frequencecaraibe.com\/wp-content\/uploads\/2026\/02\/Moun-ki-fe-lEwop-M.-Pamphile-768x960.png 768w, https:\/\/frequencecaraibe.com\/wp-content\/uploads\/2026\/02\/Moun-ki-fe-lEwop-M.-Pamphile.png 1080w\" sizes=\"(max-width: 616px) 100vw, 616px\" \/>\t<\/div>\n\t\t<div class=\"proradio-post__headercont\">\n\t\t<a class=\"proradio-post__header__link\" href=\"https:\/\/frequencecaraibe.com\/index.php\/podcast\/moun-ki-fe-lewop\/\"><\/a>\n\t\t<div class=\"proradio-actions__cont\">\n\t<div class=\"proradio-actions\">\n\t\t\t\t<a href=\"https:\/\/frequencecaraibe.com\/index.php\/podcast\/moun-ki-fe-lewop\/\" class=\"proradio-actionicon\">\n\t\t\t<i class=\"material-icons\">insert_link<\/i>\n\t\t<\/a>\n\t\t\n\n\t\t\t\t<span class=\"proradio-actions__a1\">\t\t<a data-ttgreaktions-shareboxfull=\"{&quot;id&quot;:&quot;9573&quot;,&quot;shared&quot;:&quot;https:\\\/\\\/frequencecaraibe.com\\\/index.php\\\/podcast\\\/moun-ki-fe-lewop\\\/&quot;,&quot;title&quot;:&quot;MOUN KI FE LEWOP&quot;,&quot;finalUrl&quot;:&quot;https:\\\/\\\/frequencecaraibe.com\\\/index.php\\\/podcast\\\/moun-ki-fe-lewop\\\/?id=9573&amp;reaktions-share-fullpage=9573&amp;noajax=1&amp;label=Partager&amp;btnclass=proradio-btn  proradio-btn__r&amp;secure=7152874e82&quot;}\" href=\"#nojax\" class=\"proradio_reaktions-link \">\n\t\t\t<span class=\"qtli\"><i class=\"reakticons-share\"><\/i><\/span><span class=\"count\"><\/span>\n\t\t<\/a>\n\t\t<\/span>\n\t\t\n\n\t\t\t\t<span class=\"proradio-actions__a2\">\t\t<a data-ttgreaktions-lovelink class=\"proradio_reaktions-link \" data-post_id=\"9573\" href=\"#\">\n\t        <span class=\"qtli\"><i class=\"reakticons-heart\"><\/i><\/span><span class=\"qtli count\"><\/span>\n\t    <\/a>\n\t\t<\/span>\n\t\t\t<\/div>\n<\/div>\n\n\n\t\t<div class=\"proradio-post__card__cap\">\n\t\t\t<p class=\"proradio-cats\">\n\t\t\t\t\t\t\t<\/p>\n\t\t\t<h3 class=\"proradio-post__title proradio-h4 proradio-cutme-t-2\"><a href=\"https:\/\/frequencecaraibe.com\/index.php\/podcast\/moun-ki-fe-lewop\/\">MOUN KI FE LEWOP<\/a><\/h3>\n\t\t\t<p class=\"proradio-meta proradio-small\">\n\t\t\t\t<span class=\"proradio-date\"><i class=\"material-icons\">today<\/i>10 f\u00e9vrier 2026<\/span>\t\t\t\t<span><i class=\"reakticons-eye\"><\/i>29<\/span><span><\/span><span>\t\t<a data-ttgreaktions-lovelink class=\"proradio_reaktions-link \" data-post_id=\"9573\" href=\"#\">\n\t        <span class=\"qtli\"><i class=\"reakticons-heart\"><\/i><\/span><span class=\"qtli count\"><\/span>\n\t    <\/a>\n\t\t<\/span><span>\t\t<a data-ttgreaktions-shareboxfull=\"{&quot;id&quot;:&quot;9573&quot;,&quot;shared&quot;:&quot;https:\\\/\\\/frequencecaraibe.com\\\/index.php\\\/podcast\\\/moun-ki-fe-lewop\\\/&quot;,&quot;title&quot;:&quot;MOUN KI FE LEWOP&quot;,&quot;finalUrl&quot;:&quot;https:\\\/\\\/frequencecaraibe.com\\\/index.php\\\/podcast\\\/moun-ki-fe-lewop\\\/?id=9573&amp;reaktions-share-fullpage=9573&amp;noajax=1&amp;label=Partager&amp;btnclass=proradio-btn proradio-btn__r&amp;secure=7152874e82&quot;}\" href=\"#nojax\" class=\"proradio_reaktions-link \">\n\t\t\t<span class=\"qtli\"><i class=\"reakticons-share\"><\/i><\/span><span class=\"count\"><\/span>\n\t\t<\/a>\n\t\t<\/span>\t\t\t<\/p>\n\t\t<\/div>\n\t<\/div>\n\t<\/article>\n\t\t\t\t\t\t<\/div>\n\t\t\t\t\t\t\t\t\t\t\t\t<div class=\"proradio-col proradio-col__post proradio-s12 proradio-m6 proradio-l3\">\n\t\t\t\t\t\t\t<article class=\"proradio-post proradio-post__card proradio-post__card--podcast proradio-podcast-episode proradio-darkbg proradio-negative post-9548 podcast type-podcast status-publish has-post-thumbnail hentry\" data-qtwaypoints>\n\t<div class=\"proradio-bgimg proradio-bgimg--full proradio-duotone\">\n\t\t<img loading=\"lazy\" decoding=\"async\" width=\"770\" height=\"595\" src=\"https:\/\/frequencecaraibe.com\/wp-content\/uploads\/2026\/01\/EkilibriOndes-770x595.jpg\" class=\"proradio-post__thumb wp-post-image\" alt=\"\" srcset=\"https:\/\/frequencecaraibe.com\/wp-content\/uploads\/2026\/01\/EkilibriOndes-770x595.jpg 770w, https:\/\/frequencecaraibe.com\/wp-content\/uploads\/2026\/01\/EkilibriOndes-1170x904.jpg 1170w, https:\/\/frequencecaraibe.com\/wp-content\/uploads\/2026\/01\/EkilibriOndes-768x593.jpg 768w, https:\/\/frequencecaraibe.com\/wp-content\/uploads\/2026\/01\/EkilibriOndes-1536x1187.jpg 1536w, https:\/\/frequencecaraibe.com\/wp-content\/uploads\/2026\/01\/EkilibriOndes.jpg 1600w\" sizes=\"(max-width: 770px) 100vw, 770px\" \/>\t<\/div>\n\t\t<div class=\"proradio-post__headercont\">\n\t\t<a class=\"proradio-post__header__link\" href=\"https:\/\/frequencecaraibe.com\/index.php\/podcast\/ekilibriondes-theme-la-menopause\/\"><\/a>\n\t\t<div class=\"proradio-actions__cont\">\n\t<div class=\"proradio-actions\">\n\t\t\t\t<a href=\"https:\/\/frequencecaraibe.com\/index.php\/podcast\/ekilibriondes-theme-la-menopause\/\" class=\"proradio-actionicon\">\n\t\t\t<i class=\"material-icons\">insert_link<\/i>\n\t\t<\/a>\n\t\t\n\n\t\t\t\t<span class=\"proradio-actions__a1\">\t\t<a data-ttgreaktions-shareboxfull=\"{&quot;id&quot;:&quot;9548&quot;,&quot;shared&quot;:&quot;https:\\\/\\\/frequencecaraibe.com\\\/index.php\\\/podcast\\\/ekilibriondes-theme-la-menopause\\\/&quot;,&quot;title&quot;:&quot;EKILIBRI&rsquo;ONDES \\\/ TH\\u00c8ME : LA M\\u00c9NOPAUSE&quot;,&quot;finalUrl&quot;:&quot;https:\\\/\\\/frequencecaraibe.com\\\/index.php\\\/podcast\\\/ekilibriondes-theme-la-menopause\\\/?id=9548&amp;reaktions-share-fullpage=9548&amp;noajax=1&amp;label=Partager&amp;btnclass=proradio-btn  proradio-btn__r&amp;secure=7152874e82&quot;}\" href=\"#nojax\" class=\"proradio_reaktions-link \">\n\t\t\t<span class=\"qtli\"><i class=\"reakticons-share\"><\/i><\/span><span class=\"count\">2<\/span>\n\t\t<\/a>\n\t\t<\/span>\n\t\t\n\n\t\t\t\t<span class=\"proradio-actions__a2\">\t\t<a data-ttgreaktions-lovelink class=\"proradio_reaktions-link \" data-post_id=\"9548\" href=\"#\">\n\t        <span class=\"qtli\"><i class=\"reakticons-heart\"><\/i><\/span><span class=\"qtli count\">25<\/span>\n\t    <\/a>\n\t\t<\/span>\n\t\t\t<\/div>\n<\/div>\n\n\n\t\t<div class=\"proradio-post__card__cap\">\n\t\t\t<p class=\"proradio-cats\">\n\t\t\t\t\t\t\t<\/p>\n\t\t\t<h3 class=\"proradio-post__title proradio-h4 proradio-cutme-t-2\"><a href=\"https:\/\/frequencecaraibe.com\/index.php\/podcast\/ekilibriondes-theme-la-menopause\/\">EKILIBRI&rsquo;ONDES \/ TH\u00c8ME : LA M\u00c9NOPAUSE<\/a><\/h3>\n\t\t\t<p class=\"proradio-meta proradio-small\">\n\t\t\t\t<span class=\"proradio-date\"><i class=\"material-icons\">today<\/i>29 janvier 2026<\/span>\t\t\t\t<span><i class=\"reakticons-eye\"><\/i>40<\/span><span><\/span><span>\t\t<a data-ttgreaktions-lovelink class=\"proradio_reaktions-link \" data-post_id=\"9548\" href=\"#\">\n\t        <span class=\"qtli\"><i class=\"reakticons-heart\"><\/i><\/span><span class=\"qtli count\">25<\/span>\n\t    <\/a>\n\t\t<\/span><span>\t\t<a data-ttgreaktions-shareboxfull=\"{&quot;id&quot;:&quot;9548&quot;,&quot;shared&quot;:&quot;https:\\\/\\\/frequencecaraibe.com\\\/index.php\\\/podcast\\\/ekilibriondes-theme-la-menopause\\\/&quot;,&quot;title&quot;:&quot;EKILIBRI&rsquo;ONDES \\\/ TH\\u00c8ME : LA M\\u00c9NOPAUSE&quot;,&quot;finalUrl&quot;:&quot;https:\\\/\\\/frequencecaraibe.com\\\/index.php\\\/podcast\\\/ekilibriondes-theme-la-menopause\\\/?id=9548&amp;reaktions-share-fullpage=9548&amp;noajax=1&amp;label=Partager&amp;btnclass=proradio-btn proradio-btn__r&amp;secure=7152874e82&quot;}\" href=\"#nojax\" class=\"proradio_reaktions-link \">\n\t\t\t<span class=\"qtli\"><i class=\"reakticons-share\"><\/i><\/span><span class=\"count\">2<\/span>\n\t\t<\/a>\n\t\t<\/span>\t\t\t<\/p>\n\t\t<\/div>\n\t<\/div>\n\t<\/article>\n\t\t\t\t\t\t<\/div>\n\t\t\t\t\t\t\t\t\t\t\t\t<div class=\"proradio-col proradio-col__post proradio-s12 proradio-m6 proradio-l3\">\n\t\t\t\t\t\t\t<article class=\"proradio-post proradio-post__card proradio-post__card--podcast proradio-podcast-episode proradio-darkbg proradio-negative post-8831 podcast type-podcast status-publish has-post-thumbnail hentry podcastfilter-itv\" data-qtwaypoints>\n\t<div class=\"proradio-bgimg proradio-bgimg--full proradio-duotone\">\n\t\t<img loading=\"lazy\" decoding=\"async\" width=\"600\" height=\"600\" src=\"https:\/\/frequencecaraibe.com\/wp-content\/uploads\/2025\/06\/Breaking-News-France-Travail-Chimin-pou-lEmploi-du-Nord-1.png\" class=\"proradio-post__thumb wp-post-image\" alt=\"\" srcset=\"https:\/\/frequencecaraibe.com\/wp-content\/uploads\/2025\/06\/Breaking-News-France-Travail-Chimin-pou-lEmploi-du-Nord-1.png 600w, https:\/\/frequencecaraibe.com\/wp-content\/uploads\/2025\/06\/Breaking-News-France-Travail-Chimin-pou-lEmploi-du-Nord-1-150x150.png 150w, https:\/\/frequencecaraibe.com\/wp-content\/uploads\/2025\/06\/Breaking-News-France-Travail-Chimin-pou-lEmploi-du-Nord-1-100x100.png 100w, https:\/\/frequencecaraibe.com\/wp-content\/uploads\/2025\/06\/Breaking-News-France-Travail-Chimin-pou-lEmploi-du-Nord-1-370x370.png 370w\" sizes=\"(max-width: 600px) 100vw, 600px\" \/>\t<\/div>\n\t\t<div class=\"proradio-post__headercont\">\n\t\t<a class=\"proradio-post__header__link\" href=\"https:\/\/frequencecaraibe.com\/index.php\/podcast\/breaking-news-france-travail-theme-chimin-pou-lemploi-du-nord\/\"><\/a>\n\t\t<div class=\"proradio-actions__cont\">\n\t<div class=\"proradio-actions\">\n\t\t\t\t<a href=\"https:\/\/frequencecaraibe.com\/index.php\/podcast\/breaking-news-france-travail-theme-chimin-pou-lemploi-du-nord\/\" class=\"proradio-actionicon\">\n\t\t\t<i class=\"material-icons\">insert_link<\/i>\n\t\t<\/a>\n\t\t\n\n\t\t\t\t<span class=\"proradio-actions__a1\">\t\t<a data-ttgreaktions-shareboxfull=\"{&quot;id&quot;:&quot;8831&quot;,&quot;shared&quot;:&quot;https:\\\/\\\/frequencecaraibe.com\\\/index.php\\\/podcast\\\/breaking-news-france-travail-theme-chimin-pou-lemploi-du-nord\\\/&quot;,&quot;title&quot;:&quot;BREAKING NEWS FRANCE TRAVAIL \\\/ TH\\u00c8ME : CHIMIN POU L&rsquo;EMPLOI DU NORD&quot;,&quot;finalUrl&quot;:&quot;https:\\\/\\\/frequencecaraibe.com\\\/index.php\\\/podcast\\\/breaking-news-france-travail-theme-chimin-pou-lemploi-du-nord\\\/?id=8831&amp;reaktions-share-fullpage=8831&amp;noajax=1&amp;label=Partager&amp;btnclass=proradio-btn  proradio-btn__r&amp;secure=7152874e82&quot;}\" href=\"#nojax\" class=\"proradio_reaktions-link \">\n\t\t\t<span class=\"qtli\"><i class=\"reakticons-share\"><\/i><\/span><span class=\"count\"><\/span>\n\t\t<\/a>\n\t\t<\/span>\n\t\t\n\n\t\t\t\t<span class=\"proradio-actions__a2\">\t\t<a data-ttgreaktions-lovelink class=\"proradio_reaktions-link \" data-post_id=\"8831\" href=\"#\">\n\t        <span class=\"qtli\"><i class=\"reakticons-heart\"><\/i><\/span><span class=\"qtli count\"><\/span>\n\t    <\/a>\n\t\t<\/span>\n\t\t\t<\/div>\n<\/div>\n\n\n\t\t<div class=\"proradio-post__card__cap\">\n\t\t\t<p class=\"proradio-cats\">\n\t\t\t\t<a href=\"https:\/\/frequencecaraibe.com\/index.php\/podcastfilter\/itv\/\" class=\"proradio-catid-98\">ITV<\/a>\t\t\t<\/p>\n\t\t\t<h3 class=\"proradio-post__title proradio-h4 proradio-cutme-t-2\"><a href=\"https:\/\/frequencecaraibe.com\/index.php\/podcast\/breaking-news-france-travail-theme-chimin-pou-lemploi-du-nord\/\">BREAKING NEWS FRANCE TRAVAIL \/ TH\u00c8ME : CHIMIN POU L&rsquo;EMPLOI DU NORD<\/a><\/h3>\n\t\t\t<p class=\"proradio-meta proradio-small\">\n\t\t\t\t<span class=\"proradio-date\"><i class=\"material-icons\">today<\/i>12 juin 2025<\/span>\t\t\t\t<span><i class=\"reakticons-eye\"><\/i>74<\/span><span><\/span><span>\t\t<a data-ttgreaktions-lovelink class=\"proradio_reaktions-link \" data-post_id=\"8831\" href=\"#\">\n\t        <span class=\"qtli\"><i class=\"reakticons-heart\"><\/i><\/span><span class=\"qtli count\"><\/span>\n\t    <\/a>\n\t\t<\/span><span>\t\t<a data-ttgreaktions-shareboxfull=\"{&quot;id&quot;:&quot;8831&quot;,&quot;shared&quot;:&quot;https:\\\/\\\/frequencecaraibe.com\\\/index.php\\\/podcast\\\/breaking-news-france-travail-theme-chimin-pou-lemploi-du-nord\\\/&quot;,&quot;title&quot;:&quot;BREAKING NEWS FRANCE TRAVAIL \\\/ TH\\u00c8ME : CHIMIN POU L&rsquo;EMPLOI DU NORD&quot;,&quot;finalUrl&quot;:&quot;https:\\\/\\\/frequencecaraibe.com\\\/index.php\\\/podcast\\\/breaking-news-france-travail-theme-chimin-pou-lemploi-du-nord\\\/?id=8831&amp;reaktions-share-fullpage=8831&amp;noajax=1&amp;label=Partager&amp;btnclass=proradio-btn proradio-btn__r&amp;secure=7152874e82&quot;}\" href=\"#nojax\" class=\"proradio_reaktions-link \">\n\t\t\t<span class=\"qtli\"><i class=\"reakticons-share\"><\/i><\/span><span class=\"count\"><\/span>\n\t\t<\/a>\n\t\t<\/span>\t\t\t<\/p>\n\t\t<\/div>\n\t<\/div>\n\t<\/article>\n\t\t\t\t\t\t<\/div>\n\t\t\t\t\t\t\t\t\t\t\t\t<div class=\"proradio-col proradio-col__post proradio-s12 proradio-m6 proradio-l3\">\n\t\t\t\t\t\t\t<article class=\"proradio-post proradio-post__card proradio-post__card--podcast proradio-podcast-episode proradio-darkbg proradio-negative post-8819 podcast type-podcast status-publish has-post-thumbnail hentry podcastfilter-itv\" data-qtwaypoints>\n\t<div class=\"proradio-bgimg proradio-bgimg--full proradio-duotone\">\n\t\t<img loading=\"lazy\" decoding=\"async\" width=\"600\" height=\"600\" src=\"https:\/\/frequencecaraibe.com\/wp-content\/uploads\/2025\/06\/Filharmonie-la-nature.png\" class=\"proradio-post__thumb wp-post-image\" alt=\"\" srcset=\"https:\/\/frequencecaraibe.com\/wp-content\/uploads\/2025\/06\/Filharmonie-la-nature.png 600w, https:\/\/frequencecaraibe.com\/wp-content\/uploads\/2025\/06\/Filharmonie-la-nature-150x150.png 150w, https:\/\/frequencecaraibe.com\/wp-content\/uploads\/2025\/06\/Filharmonie-la-nature-100x100.png 100w, https:\/\/frequencecaraibe.com\/wp-content\/uploads\/2025\/06\/Filharmonie-la-nature-370x370.png 370w\" sizes=\"(max-width: 600px) 100vw, 600px\" \/>\t<\/div>\n\t\t<div class=\"proradio-post__headercont\">\n\t\t<a class=\"proradio-post__header__link\" href=\"https:\/\/frequencecaraibe.com\/index.php\/podcast\/filharmonie-theme-la-nature-notre-survie-et-notre-alliee\/\"><\/a>\n\t\t<div class=\"proradio-actions__cont\">\n\t<div class=\"proradio-actions\">\n\t\t\t\t<a href=\"https:\/\/frequencecaraibe.com\/index.php\/podcast\/filharmonie-theme-la-nature-notre-survie-et-notre-alliee\/\" class=\"proradio-actionicon\">\n\t\t\t<i class=\"material-icons\">insert_link<\/i>\n\t\t<\/a>\n\t\t\n\n\t\t\t\t<span class=\"proradio-actions__a1\">\t\t<a data-ttgreaktions-shareboxfull=\"{&quot;id&quot;:&quot;8819&quot;,&quot;shared&quot;:&quot;https:\\\/\\\/frequencecaraibe.com\\\/index.php\\\/podcast\\\/filharmonie-theme-la-nature-notre-survie-et-notre-alliee\\\/&quot;,&quot;title&quot;:&quot;FIL&rsquo;HARMONIE \\\/ TH\\u00c8ME : LA NATURE, NOTRE SURVIE ET NOTRE ALLI\\u00c9E&quot;,&quot;finalUrl&quot;:&quot;https:\\\/\\\/frequencecaraibe.com\\\/index.php\\\/podcast\\\/filharmonie-theme-la-nature-notre-survie-et-notre-alliee\\\/?id=8819&amp;reaktions-share-fullpage=8819&amp;noajax=1&amp;label=Partager&amp;btnclass=proradio-btn  proradio-btn__r&amp;secure=7152874e82&quot;}\" href=\"#nojax\" class=\"proradio_reaktions-link \">\n\t\t\t<span class=\"qtli\"><i class=\"reakticons-share\"><\/i><\/span><span class=\"count\">2<\/span>\n\t\t<\/a>\n\t\t<\/span>\n\t\t\n\n\t\t\t\t<span class=\"proradio-actions__a2\">\t\t<a data-ttgreaktions-lovelink class=\"proradio_reaktions-link \" data-post_id=\"8819\" href=\"#\">\n\t        <span class=\"qtli\"><i class=\"reakticons-heart\"><\/i><\/span><span class=\"qtli count\"><\/span>\n\t    <\/a>\n\t\t<\/span>\n\t\t\t<\/div>\n<\/div>\n\n\n\t\t<div class=\"proradio-post__card__cap\">\n\t\t\t<p class=\"proradio-cats\">\n\t\t\t\t<a href=\"https:\/\/frequencecaraibe.com\/index.php\/podcastfilter\/itv\/\" class=\"proradio-catid-98\">ITV<\/a>\t\t\t<\/p>\n\t\t\t<h3 class=\"proradio-post__title proradio-h4 proradio-cutme-t-2\"><a href=\"https:\/\/frequencecaraibe.com\/index.php\/podcast\/filharmonie-theme-la-nature-notre-survie-et-notre-alliee\/\">FIL&rsquo;HARMONIE \/ TH\u00c8ME : LA NATURE, NOTRE SURVIE ET NOTRE ALLI\u00c9E<\/a><\/h3>\n\t\t\t<p class=\"proradio-meta proradio-small\">\n\t\t\t\t<span class=\"proradio-date\"><i class=\"material-icons\">today<\/i>11 juin 2025<\/span>\t\t\t\t<span><i class=\"reakticons-eye\"><\/i>53<\/span><span><\/span><span>\t\t<a data-ttgreaktions-lovelink class=\"proradio_reaktions-link \" data-post_id=\"8819\" href=\"#\">\n\t        <span class=\"qtli\"><i class=\"reakticons-heart\"><\/i><\/span><span class=\"qtli count\"><\/span>\n\t    <\/a>\n\t\t<\/span><span>\t\t<a data-ttgreaktions-shareboxfull=\"{&quot;id&quot;:&quot;8819&quot;,&quot;shared&quot;:&quot;https:\\\/\\\/frequencecaraibe.com\\\/index.php\\\/podcast\\\/filharmonie-theme-la-nature-notre-survie-et-notre-alliee\\\/&quot;,&quot;title&quot;:&quot;FIL&rsquo;HARMONIE \\\/ TH\\u00c8ME : LA NATURE, NOTRE SURVIE ET NOTRE ALLI\\u00c9E&quot;,&quot;finalUrl&quot;:&quot;https:\\\/\\\/frequencecaraibe.com\\\/index.php\\\/podcast\\\/filharmonie-theme-la-nature-notre-survie-et-notre-alliee\\\/?id=8819&amp;reaktions-share-fullpage=8819&amp;noajax=1&amp;label=Partager&amp;btnclass=proradio-btn proradio-btn__r&amp;secure=7152874e82&quot;}\" href=\"#nojax\" class=\"proradio_reaktions-link \">\n\t\t\t<span class=\"qtli\"><i class=\"reakticons-share\"><\/i><\/span><span class=\"count\">2<\/span>\n\t\t<\/a>\n\t\t<\/span>\t\t\t<\/p>\n\t\t<\/div>\n\t<\/div>\n\t<\/article>\n\t\t\t\t\t\t<\/div>\n\t\t\t\t\t\t\t\t\t\t\t\t<div class=\"proradio-col proradio-col__post proradio-s12 proradio-m6 proradio-l3\">\n\t\t\t\t\t\t\t<article class=\"proradio-post proradio-post__card proradio-post__card--podcast proradio-podcast-episode proradio-darkbg proradio-negative post-8804 podcast type-podcast status-publish has-post-thumbnail hentry podcastfilter-itv\" data-qtwaypoints>\n\t<div class=\"proradio-bgimg proradio-bgimg--full proradio-duotone\">\n\t\t<img loading=\"lazy\" decoding=\"async\" width=\"600\" height=\"600\" src=\"https:\/\/frequencecaraibe.com\/wp-content\/uploads\/2025\/06\/ZANMA.png\" class=\"proradio-post__thumb wp-post-image\" alt=\"\" srcset=\"https:\/\/frequencecaraibe.com\/wp-content\/uploads\/2025\/06\/ZANMA.png 600w, https:\/\/frequencecaraibe.com\/wp-content\/uploads\/2025\/06\/ZANMA-150x150.png 150w, https:\/\/frequencecaraibe.com\/wp-content\/uploads\/2025\/06\/ZANMA-100x100.png 100w, https:\/\/frequencecaraibe.com\/wp-content\/uploads\/2025\/06\/ZANMA-370x370.png 370w\" sizes=\"(max-width: 600px) 100vw, 600px\" \/>\t<\/div>\n\t\t<div class=\"proradio-post__headercont\">\n\t\t<a class=\"proradio-post__header__link\" href=\"https:\/\/frequencecaraibe.com\/index.php\/podcast\/se-nou-menm-invite-zanma\/\"><\/a>\n\t\t<div class=\"proradio-actions__cont\">\n\t<div class=\"proradio-actions\">\n\t\t\t\t<a href=\"https:\/\/frequencecaraibe.com\/index.php\/podcast\/se-nou-menm-invite-zanma\/\" class=\"proradio-actionicon\">\n\t\t\t<i class=\"material-icons\">insert_link<\/i>\n\t\t<\/a>\n\t\t\n\n\t\t\t\t<span class=\"proradio-actions__a1\">\t\t<a data-ttgreaktions-shareboxfull=\"{&quot;id&quot;:&quot;8804&quot;,&quot;shared&quot;:&quot;https:\\\/\\\/frequencecaraibe.com\\\/index.php\\\/podcast\\\/se-nou-menm-invite-zanma\\\/&quot;,&quot;title&quot;:&quot;S\\u00c9 NOU MENM \\\/ INVIT\\u00c9 : ZANMA&quot;,&quot;finalUrl&quot;:&quot;https:\\\/\\\/frequencecaraibe.com\\\/index.php\\\/podcast\\\/se-nou-menm-invite-zanma\\\/?id=8804&amp;reaktions-share-fullpage=8804&amp;noajax=1&amp;label=Partager&amp;btnclass=proradio-btn  proradio-btn__r&amp;secure=7152874e82&quot;}\" href=\"#nojax\" class=\"proradio_reaktions-link \">\n\t\t\t<span class=\"qtli\"><i class=\"reakticons-share\"><\/i><\/span><span class=\"count\"><\/span>\n\t\t<\/a>\n\t\t<\/span>\n\t\t\n\n\t\t\t\t<span class=\"proradio-actions__a2\">\t\t<a data-ttgreaktions-lovelink class=\"proradio_reaktions-link \" data-post_id=\"8804\" href=\"#\">\n\t        <span class=\"qtli\"><i class=\"reakticons-heart\"><\/i><\/span><span class=\"qtli count\"><\/span>\n\t    <\/a>\n\t\t<\/span>\n\t\t\t<\/div>\n<\/div>\n\n\n\t\t<div class=\"proradio-post__card__cap\">\n\t\t\t<p class=\"proradio-cats\">\n\t\t\t\t<a href=\"https:\/\/frequencecaraibe.com\/index.php\/podcastfilter\/itv\/\" class=\"proradio-catid-98\">ITV<\/a>\t\t\t<\/p>\n\t\t\t<h3 class=\"proradio-post__title proradio-h4 proradio-cutme-t-2\"><a href=\"https:\/\/frequencecaraibe.com\/index.php\/podcast\/se-nou-menm-invite-zanma\/\">S\u00c9 NOU MENM \/ INVIT\u00c9 : ZANMA<\/a><\/h3>\n\t\t\t<p class=\"proradio-meta proradio-small\">\n\t\t\t\t<span class=\"proradio-date\"><i class=\"material-icons\">today<\/i>10 juin 2025<\/span>\t\t\t\t<span><i class=\"reakticons-eye\"><\/i>124<\/span><span><\/span><span>\t\t<a data-ttgreaktions-lovelink class=\"proradio_reaktions-link \" data-post_id=\"8804\" href=\"#\">\n\t        <span class=\"qtli\"><i class=\"reakticons-heart\"><\/i><\/span><span class=\"qtli count\"><\/span>\n\t    <\/a>\n\t\t<\/span><span>\t\t<a data-ttgreaktions-shareboxfull=\"{&quot;id&quot;:&quot;8804&quot;,&quot;shared&quot;:&quot;https:\\\/\\\/frequencecaraibe.com\\\/index.php\\\/podcast\\\/se-nou-menm-invite-zanma\\\/&quot;,&quot;title&quot;:&quot;S\\u00c9 NOU MENM \\\/ INVIT\\u00c9 : ZANMA&quot;,&quot;finalUrl&quot;:&quot;https:\\\/\\\/frequencecaraibe.com\\\/index.php\\\/podcast\\\/se-nou-menm-invite-zanma\\\/?id=8804&amp;reaktions-share-fullpage=8804&amp;noajax=1&amp;label=Partager&amp;btnclass=proradio-btn proradio-btn__r&amp;secure=7152874e82&quot;}\" href=\"#nojax\" class=\"proradio_reaktions-link \">\n\t\t\t<span class=\"qtli\"><i class=\"reakticons-share\"><\/i><\/span><span class=\"count\"><\/span>\n\t\t<\/a>\n\t\t<\/span>\t\t\t<\/p>\n\t\t<\/div>\n\t<\/div>\n\t<\/article>\n\t\t\t\t\t\t<\/div>\n\t\t\t\t\t\t\t\t\t\t\t\t<div class=\"proradio-col proradio-col__post proradio-s12 proradio-m6 proradio-l3\">\n\t\t\t\t\t\t\t<article class=\"proradio-post proradio-post__card proradio-post__card--podcast proradio-podcast-episode proradio-darkbg proradio-negative post-8701 podcast type-podcast status-publish has-post-thumbnail hentry podcastfilter-itv\" data-qtwaypoints>\n\t<div class=\"proradio-bgimg proradio-bgimg--full proradio-duotone\">\n\t\t<img loading=\"lazy\" decoding=\"async\" width=\"600\" height=\"600\" src=\"https:\/\/frequencecaraibe.com\/wp-content\/uploads\/2025\/03\/Tapis-Rouge-Cover.png\" class=\"proradio-post__thumb wp-post-image\" alt=\"\" srcset=\"https:\/\/frequencecaraibe.com\/wp-content\/uploads\/2025\/03\/Tapis-Rouge-Cover.png 600w, https:\/\/frequencecaraibe.com\/wp-content\/uploads\/2025\/03\/Tapis-Rouge-Cover-150x150.png 150w, https:\/\/frequencecaraibe.com\/wp-content\/uploads\/2025\/03\/Tapis-Rouge-Cover-100x100.png 100w, https:\/\/frequencecaraibe.com\/wp-content\/uploads\/2025\/03\/Tapis-Rouge-Cover-370x370.png 370w\" sizes=\"(max-width: 600px) 100vw, 600px\" \/>\t<\/div>\n\t\t<div class=\"proradio-post__headercont\">\n\t\t<a class=\"proradio-post__header__link\" href=\"https:\/\/frequencecaraibe.com\/index.php\/podcast\/tapis-rouge-invite-nicolas-lossen\/\"><\/a>\n\t\t<div class=\"proradio-actions__cont\">\n\t<div class=\"proradio-actions\">\n\t\t\t\t<a href=\"https:\/\/frequencecaraibe.com\/index.php\/podcast\/tapis-rouge-invite-nicolas-lossen\/\" class=\"proradio-actionicon\">\n\t\t\t<i class=\"material-icons\">insert_link<\/i>\n\t\t<\/a>\n\t\t\n\n\t\t\t\t<span class=\"proradio-actions__a1\">\t\t<a data-ttgreaktions-shareboxfull=\"{&quot;id&quot;:&quot;8701&quot;,&quot;shared&quot;:&quot;https:\\\/\\\/frequencecaraibe.com\\\/index.php\\\/podcast\\\/tapis-rouge-invite-nicolas-lossen\\\/&quot;,&quot;title&quot;:&quot;TAPIS ROUGE \\\/ INVIT\\u00c9 : NICOLAS LOSSEN&quot;,&quot;finalUrl&quot;:&quot;https:\\\/\\\/frequencecaraibe.com\\\/index.php\\\/podcast\\\/tapis-rouge-invite-nicolas-lossen\\\/?id=8701&amp;reaktions-share-fullpage=8701&amp;noajax=1&amp;label=Partager&amp;btnclass=proradio-btn  proradio-btn__r&amp;secure=7152874e82&quot;}\" href=\"#nojax\" class=\"proradio_reaktions-link \">\n\t\t\t<span class=\"qtli\"><i class=\"reakticons-share\"><\/i><\/span><span class=\"count\"><\/span>\n\t\t<\/a>\n\t\t<\/span>\n\t\t\n\n\t\t\t\t<span class=\"proradio-actions__a2\">\t\t<a data-ttgreaktions-lovelink class=\"proradio_reaktions-link \" data-post_id=\"8701\" href=\"#\">\n\t        <span class=\"qtli\"><i class=\"reakticons-heart\"><\/i><\/span><span class=\"qtli count\"><\/span>\n\t    <\/a>\n\t\t<\/span>\n\t\t\t<\/div>\n<\/div>\n\n\n\t\t<div class=\"proradio-post__card__cap\">\n\t\t\t<p class=\"proradio-cats\">\n\t\t\t\t<a href=\"https:\/\/frequencecaraibe.com\/index.php\/podcastfilter\/itv\/\" class=\"proradio-catid-98\">ITV<\/a>\t\t\t<\/p>\n\t\t\t<h3 class=\"proradio-post__title proradio-h4 proradio-cutme-t-2\"><a href=\"https:\/\/frequencecaraibe.com\/index.php\/podcast\/tapis-rouge-invite-nicolas-lossen\/\">TAPIS ROUGE \/ INVIT\u00c9 : NICOLAS LOSSEN<\/a><\/h3>\n\t\t\t<p class=\"proradio-meta proradio-small\">\n\t\t\t\t<span class=\"proradio-date\"><i class=\"material-icons\">today<\/i>17 mai 2025<\/span>\t\t\t\t<span><i class=\"reakticons-eye\"><\/i>71<\/span><span><\/span><span>\t\t<a data-ttgreaktions-lovelink class=\"proradio_reaktions-link \" data-post_id=\"8701\" href=\"#\">\n\t        <span class=\"qtli\"><i class=\"reakticons-heart\"><\/i><\/span><span class=\"qtli count\"><\/span>\n\t    <\/a>\n\t\t<\/span><span>\t\t<a data-ttgreaktions-shareboxfull=\"{&quot;id&quot;:&quot;8701&quot;,&quot;shared&quot;:&quot;https:\\\/\\\/frequencecaraibe.com\\\/index.php\\\/podcast\\\/tapis-rouge-invite-nicolas-lossen\\\/&quot;,&quot;title&quot;:&quot;TAPIS ROUGE \\\/ INVIT\\u00c9 : NICOLAS LOSSEN&quot;,&quot;finalUrl&quot;:&quot;https:\\\/\\\/frequencecaraibe.com\\\/index.php\\\/podcast\\\/tapis-rouge-invite-nicolas-lossen\\\/?id=8701&amp;reaktions-share-fullpage=8701&amp;noajax=1&amp;label=Partager&amp;btnclass=proradio-btn proradio-btn__r&amp;secure=7152874e82&quot;}\" href=\"#nojax\" class=\"proradio_reaktions-link \">\n\t\t\t<span class=\"qtli\"><i class=\"reakticons-share\"><\/i><\/span><span class=\"count\"><\/span>\n\t\t<\/a>\n\t\t<\/span>\t\t\t<\/p>\n\t\t<\/div>\n\t<\/div>\n\t<\/article>\n\t\t\t\t\t\t<\/div>\n\t\t\t\t\t\t\t\t\t\t\t\t<div class=\"proradio-col proradio-col__post proradio-s12 proradio-m6 proradio-l3\">\n\t\t\t\t\t\t\t<article class=\"proradio-post proradio-post__card proradio-post__card--podcast proradio-podcast-episode proradio-darkbg proradio-negative post-8665 podcast type-podcast status-publish has-post-thumbnail hentry podcastfilter-itv\" data-qtwaypoints>\n\t<div class=\"proradio-bgimg proradio-bgimg--full proradio-duotone\">\n\t\t<img loading=\"lazy\" decoding=\"async\" width=\"600\" height=\"600\" src=\"https:\/\/frequencecaraibe.com\/wp-content\/uploads\/2025\/05\/Se-nou-menm-PIECE-PLEIN-EMPLOI.png\" class=\"proradio-post__thumb wp-post-image\" alt=\"\" srcset=\"https:\/\/frequencecaraibe.com\/wp-content\/uploads\/2025\/05\/Se-nou-menm-PIECE-PLEIN-EMPLOI.png 600w, https:\/\/frequencecaraibe.com\/wp-content\/uploads\/2025\/05\/Se-nou-menm-PIECE-PLEIN-EMPLOI-150x150.png 150w, https:\/\/frequencecaraibe.com\/wp-content\/uploads\/2025\/05\/Se-nou-menm-PIECE-PLEIN-EMPLOI-100x100.png 100w, https:\/\/frequencecaraibe.com\/wp-content\/uploads\/2025\/05\/Se-nou-menm-PIECE-PLEIN-EMPLOI-370x370.png 370w\" sizes=\"(max-width: 600px) 100vw, 600px\" \/>\t<\/div>\n\t\t<div class=\"proradio-post__headercont\">\n\t\t<a class=\"proradio-post__header__link\" href=\"https:\/\/frequencecaraibe.com\/index.php\/podcast\/se-nou-menm-invite-eric-delor\/\"><\/a>\n\t\t<div class=\"proradio-actions__cont\">\n\t<div class=\"proradio-actions\">\n\t\t\t\t<a href=\"https:\/\/frequencecaraibe.com\/index.php\/podcast\/se-nou-menm-invite-eric-delor\/\" class=\"proradio-actionicon\">\n\t\t\t<i class=\"material-icons\">insert_link<\/i>\n\t\t<\/a>\n\t\t\n\n\t\t\t\t<span class=\"proradio-actions__a1\">\t\t<a data-ttgreaktions-shareboxfull=\"{&quot;id&quot;:&quot;8665&quot;,&quot;shared&quot;:&quot;https:\\\/\\\/frequencecaraibe.com\\\/index.php\\\/podcast\\\/se-nou-menm-invite-eric-delor\\\/&quot;,&quot;title&quot;:&quot;S\\u00c9 NOU MENM \\\/ INVIT\\u00c9 : \\u00c9RIC DELOR&quot;,&quot;finalUrl&quot;:&quot;https:\\\/\\\/frequencecaraibe.com\\\/index.php\\\/podcast\\\/se-nou-menm-invite-eric-delor\\\/?id=8665&amp;reaktions-share-fullpage=8665&amp;noajax=1&amp;label=Partager&amp;btnclass=proradio-btn  proradio-btn__r&amp;secure=7152874e82&quot;}\" href=\"#nojax\" class=\"proradio_reaktions-link \">\n\t\t\t<span class=\"qtli\"><i class=\"reakticons-share\"><\/i><\/span><span class=\"count\"><\/span>\n\t\t<\/a>\n\t\t<\/span>\n\t\t\n\n\t\t\t\t<span class=\"proradio-actions__a2\">\t\t<a data-ttgreaktions-lovelink class=\"proradio_reaktions-link \" data-post_id=\"8665\" href=\"#\">\n\t        <span class=\"qtli\"><i class=\"reakticons-heart\"><\/i><\/span><span class=\"qtli count\"><\/span>\n\t    <\/a>\n\t\t<\/span>\n\t\t\t<\/div>\n<\/div>\n\n\n\t\t<div class=\"proradio-post__card__cap\">\n\t\t\t<p class=\"proradio-cats\">\n\t\t\t\t<a href=\"https:\/\/frequencecaraibe.com\/index.php\/podcastfilter\/itv\/\" class=\"proradio-catid-98\">ITV<\/a>\t\t\t<\/p>\n\t\t\t<h3 class=\"proradio-post__title proradio-h4 proradio-cutme-t-2\"><a href=\"https:\/\/frequencecaraibe.com\/index.php\/podcast\/se-nou-menm-invite-eric-delor\/\">S\u00c9 NOU MENM \/ INVIT\u00c9 : \u00c9RIC DELOR<\/a><\/h3>\n\t\t\t<p class=\"proradio-meta proradio-small\">\n\t\t\t\t<span class=\"proradio-date\"><i class=\"material-icons\">today<\/i>16 mai 2025<\/span>\t\t\t\t<span><i class=\"reakticons-eye\"><\/i>54<\/span><span><\/span><span>\t\t<a data-ttgreaktions-lovelink class=\"proradio_reaktions-link \" data-post_id=\"8665\" href=\"#\">\n\t        <span class=\"qtli\"><i class=\"reakticons-heart\"><\/i><\/span><span class=\"qtli count\"><\/span>\n\t    <\/a>\n\t\t<\/span><span>\t\t<a data-ttgreaktions-shareboxfull=\"{&quot;id&quot;:&quot;8665&quot;,&quot;shared&quot;:&quot;https:\\\/\\\/frequencecaraibe.com\\\/index.php\\\/podcast\\\/se-nou-menm-invite-eric-delor\\\/&quot;,&quot;title&quot;:&quot;S\\u00c9 NOU MENM \\\/ INVIT\\u00c9 : \\u00c9RIC DELOR&quot;,&quot;finalUrl&quot;:&quot;https:\\\/\\\/frequencecaraibe.com\\\/index.php\\\/podcast\\\/se-nou-menm-invite-eric-delor\\\/?id=8665&amp;reaktions-share-fullpage=8665&amp;noajax=1&amp;label=Partager&amp;btnclass=proradio-btn proradio-btn__r&amp;secure=7152874e82&quot;}\" href=\"#nojax\" class=\"proradio_reaktions-link \">\n\t\t\t<span class=\"qtli\"><i class=\"reakticons-share\"><\/i><\/span><span class=\"count\"><\/span>\n\t\t<\/a>\n\t\t<\/span>\t\t\t<\/p>\n\t\t<\/div>\n\t<\/div>\n\t<\/article>\n\t\t\t\t\t\t<\/div>\n\t\t\t\t\t\t\t\t\t\t\t\t<div class=\"proradio-col proradio-col__post proradio-s12 proradio-m6 proradio-l3\">\n\t\t\t\t\t\t\t<article class=\"proradio-post proradio-post__card proradio-post__card--podcast proradio-podcast-episode proradio-darkbg proradio-negative post-8695 podcast type-podcast status-publish has-post-thumbnail hentry\" data-qtwaypoints>\n\t<div class=\"proradio-bgimg proradio-bgimg--full proradio-duotone\">\n\t\t<img loading=\"lazy\" decoding=\"async\" width=\"770\" height=\"770\" src=\"https:\/\/frequencecaraibe.com\/wp-content\/uploads\/2025\/05\/A-VOS-DROITS-THEME-CONDUITE-SANS-PERMIS-770x770.png\" class=\"proradio-post__thumb wp-post-image\" alt=\"\" srcset=\"https:\/\/frequencecaraibe.com\/wp-content\/uploads\/2025\/05\/A-VOS-DROITS-THEME-CONDUITE-SANS-PERMIS-770x770.png 770w, https:\/\/frequencecaraibe.com\/wp-content\/uploads\/2025\/05\/A-VOS-DROITS-THEME-CONDUITE-SANS-PERMIS-150x150.png 150w, https:\/\/frequencecaraibe.com\/wp-content\/uploads\/2025\/05\/A-VOS-DROITS-THEME-CONDUITE-SANS-PERMIS-768x768.png 768w, https:\/\/frequencecaraibe.com\/wp-content\/uploads\/2025\/05\/A-VOS-DROITS-THEME-CONDUITE-SANS-PERMIS-100x100.png 100w, https:\/\/frequencecaraibe.com\/wp-content\/uploads\/2025\/05\/A-VOS-DROITS-THEME-CONDUITE-SANS-PERMIS-370x370.png 370w, https:\/\/frequencecaraibe.com\/wp-content\/uploads\/2025\/05\/A-VOS-DROITS-THEME-CONDUITE-SANS-PERMIS.png 1080w\" sizes=\"(max-width: 770px) 100vw, 770px\" \/>\t<\/div>\n\t\t<div class=\"proradio-post__headercont\">\n\t\t<a class=\"proradio-post__header__link\" href=\"https:\/\/frequencecaraibe.com\/index.php\/podcast\/a-vos-droits-theme-succession-indivision-entre-les-heritiers\/\"><\/a>\n\t\t<div class=\"proradio-actions__cont\">\n\t<div class=\"proradio-actions\">\n\t\t\t\t<a href=\"https:\/\/frequencecaraibe.com\/index.php\/podcast\/a-vos-droits-theme-succession-indivision-entre-les-heritiers\/\" class=\"proradio-actionicon\">\n\t\t\t<i class=\"material-icons\">insert_link<\/i>\n\t\t<\/a>\n\t\t\n\n\t\t\t\t<span class=\"proradio-actions__a1\">\t\t<a data-ttgreaktions-shareboxfull=\"{&quot;id&quot;:&quot;8695&quot;,&quot;shared&quot;:&quot;https:\\\/\\\/frequencecaraibe.com\\\/index.php\\\/podcast\\\/a-vos-droits-theme-succession-indivision-entre-les-heritiers\\\/&quot;,&quot;title&quot;:&quot;A VOS DROITS \\\/ TH\\u00c8ME : SUCCESSION, INDIVISION ENTRE LES H\\u00c9RITIERS&quot;,&quot;finalUrl&quot;:&quot;https:\\\/\\\/frequencecaraibe.com\\\/index.php\\\/podcast\\\/a-vos-droits-theme-succession-indivision-entre-les-heritiers\\\/?id=8695&amp;reaktions-share-fullpage=8695&amp;noajax=1&amp;label=Partager&amp;btnclass=proradio-btn  proradio-btn__r&amp;secure=7152874e82&quot;}\" href=\"#nojax\" class=\"proradio_reaktions-link \">\n\t\t\t<span class=\"qtli\"><i class=\"reakticons-share\"><\/i><\/span><span class=\"count\"><\/span>\n\t\t<\/a>\n\t\t<\/span>\n\t\t\n\n\t\t\t\t<span class=\"proradio-actions__a2\">\t\t<a data-ttgreaktions-lovelink class=\"proradio_reaktions-link \" data-post_id=\"8695\" href=\"#\">\n\t        <span class=\"qtli\"><i class=\"reakticons-heart\"><\/i><\/span><span class=\"qtli count\"><\/span>\n\t    <\/a>\n\t\t<\/span>\n\t\t\t<\/div>\n<\/div>\n\n\n\t\t<div class=\"proradio-post__card__cap\">\n\t\t\t<p class=\"proradio-cats\">\n\t\t\t\t\t\t\t<\/p>\n\t\t\t<h3 class=\"proradio-post__title proradio-h4 proradio-cutme-t-2\"><a href=\"https:\/\/frequencecaraibe.com\/index.php\/podcast\/a-vos-droits-theme-succession-indivision-entre-les-heritiers\/\">A VOS DROITS \/ TH\u00c8ME : SUCCESSION, INDIVISION ENTRE LES H\u00c9RITIERS<\/a><\/h3>\n\t\t\t<p class=\"proradio-meta proradio-small\">\n\t\t\t\t<span class=\"proradio-date\"><i class=\"material-icons\">today<\/i>15 mai 2025<\/span>\t\t\t\t<span><i class=\"reakticons-eye\"><\/i>74<\/span><span><\/span><span>\t\t<a data-ttgreaktions-lovelink class=\"proradio_reaktions-link \" data-post_id=\"8695\" href=\"#\">\n\t        <span class=\"qtli\"><i class=\"reakticons-heart\"><\/i><\/span><span class=\"qtli count\"><\/span>\n\t    <\/a>\n\t\t<\/span><span>\t\t<a data-ttgreaktions-shareboxfull=\"{&quot;id&quot;:&quot;8695&quot;,&quot;shared&quot;:&quot;https:\\\/\\\/frequencecaraibe.com\\\/index.php\\\/podcast\\\/a-vos-droits-theme-succession-indivision-entre-les-heritiers\\\/&quot;,&quot;title&quot;:&quot;A VOS DROITS \\\/ TH\\u00c8ME : SUCCESSION, INDIVISION ENTRE LES H\\u00c9RITIERS&quot;,&quot;finalUrl&quot;:&quot;https:\\\/\\\/frequencecaraibe.com\\\/index.php\\\/podcast\\\/a-vos-droits-theme-succession-indivision-entre-les-heritiers\\\/?id=8695&amp;reaktions-share-fullpage=8695&amp;noajax=1&amp;label=Partager&amp;btnclass=proradio-btn proradio-btn__r&amp;secure=7152874e82&quot;}\" href=\"#nojax\" class=\"proradio_reaktions-link \">\n\t\t\t<span class=\"qtli\"><i class=\"reakticons-share\"><\/i><\/span><span class=\"count\"><\/span>\n\t\t<\/a>\n\t\t<\/span>\t\t\t<\/p>\n\t\t<\/div>\n\t<\/div>\n\t<\/article>\n\t\t\t\t\t\t<\/div>\n\t\t\t\t\t\t\t\t\t\t\t\t<div class=\"proradio-col proradio-col__post proradio-s12 proradio-m6 proradio-l3\">\n\t\t\t\t\t\t\t<article class=\"proradio-post proradio-post__card proradio-post__card--podcast proradio-podcast-episode proradio-darkbg proradio-negative post-8692 podcast type-podcast status-publish has-post-thumbnail hentry podcastfilter-itv\" data-qtwaypoints>\n\t<div class=\"proradio-bgimg proradio-bgimg--full proradio-duotone\">\n\t\t<img loading=\"lazy\" decoding=\"async\" width=\"600\" height=\"600\" src=\"https:\/\/frequencecaraibe.com\/wp-content\/uploads\/2025\/05\/Se-nou-menm-MISS-MARTINIQUE-CASTING-TOUR.png\" class=\"proradio-post__thumb wp-post-image\" alt=\"\" srcset=\"https:\/\/frequencecaraibe.com\/wp-content\/uploads\/2025\/05\/Se-nou-menm-MISS-MARTINIQUE-CASTING-TOUR.png 600w, https:\/\/frequencecaraibe.com\/wp-content\/uploads\/2025\/05\/Se-nou-menm-MISS-MARTINIQUE-CASTING-TOUR-150x150.png 150w, https:\/\/frequencecaraibe.com\/wp-content\/uploads\/2025\/05\/Se-nou-menm-MISS-MARTINIQUE-CASTING-TOUR-100x100.png 100w, https:\/\/frequencecaraibe.com\/wp-content\/uploads\/2025\/05\/Se-nou-menm-MISS-MARTINIQUE-CASTING-TOUR-370x370.png 370w\" sizes=\"(max-width: 600px) 100vw, 600px\" \/>\t<\/div>\n\t\t<div class=\"proradio-post__headercont\">\n\t\t<a class=\"proradio-post__header__link\" href=\"https:\/\/frequencecaraibe.com\/index.php\/podcast\/se-nou-menm-invitees-chleo-modestine-karl-filin\/\"><\/a>\n\t\t<div class=\"proradio-actions__cont\">\n\t<div class=\"proradio-actions\">\n\t\t\t\t<a href=\"https:\/\/frequencecaraibe.com\/index.php\/podcast\/se-nou-menm-invitees-chleo-modestine-karl-filin\/\" class=\"proradio-actionicon\">\n\t\t\t<i class=\"material-icons\">insert_link<\/i>\n\t\t<\/a>\n\t\t\n\n\t\t\t\t<span class=\"proradio-actions__a1\">\t\t<a data-ttgreaktions-shareboxfull=\"{&quot;id&quot;:&quot;8692&quot;,&quot;shared&quot;:&quot;https:\\\/\\\/frequencecaraibe.com\\\/index.php\\\/podcast\\\/se-nou-menm-invitees-chleo-modestine-karl-filin\\\/&quot;,&quot;title&quot;:&quot;S\\u00c9 NOU MENM \\\/ INVIT\\u00c9ES : CHL\\u00c9O MODESTINE &#038; KARL FILIN&quot;,&quot;finalUrl&quot;:&quot;https:\\\/\\\/frequencecaraibe.com\\\/index.php\\\/podcast\\\/se-nou-menm-invitees-chleo-modestine-karl-filin\\\/?id=8692&amp;reaktions-share-fullpage=8692&amp;noajax=1&amp;label=Partager&amp;btnclass=proradio-btn  proradio-btn__r&amp;secure=7152874e82&quot;}\" href=\"#nojax\" class=\"proradio_reaktions-link \">\n\t\t\t<span class=\"qtli\"><i class=\"reakticons-share\"><\/i><\/span><span class=\"count\"><\/span>\n\t\t<\/a>\n\t\t<\/span>\n\t\t\n\n\t\t\t\t<span class=\"proradio-actions__a2\">\t\t<a data-ttgreaktions-lovelink class=\"proradio_reaktions-link \" data-post_id=\"8692\" href=\"#\">\n\t        <span class=\"qtli\"><i class=\"reakticons-heart\"><\/i><\/span><span class=\"qtli count\"><\/span>\n\t    <\/a>\n\t\t<\/span>\n\t\t\t<\/div>\n<\/div>\n\n\n\t\t<div class=\"proradio-post__card__cap\">\n\t\t\t<p class=\"proradio-cats\">\n\t\t\t\t<a href=\"https:\/\/frequencecaraibe.com\/index.php\/podcastfilter\/itv\/\" class=\"proradio-catid-98\">ITV<\/a>\t\t\t<\/p>\n\t\t\t<h3 class=\"proradio-post__title proradio-h4 proradio-cutme-t-2\"><a href=\"https:\/\/frequencecaraibe.com\/index.php\/podcast\/se-nou-menm-invitees-chleo-modestine-karl-filin\/\">S\u00c9 NOU MENM \/ INVIT\u00c9ES : CHL\u00c9O MODESTINE &#038; KARL FILIN<\/a><\/h3>\n\t\t\t<p class=\"proradio-meta proradio-small\">\n\t\t\t\t<span class=\"proradio-date\"><i class=\"material-icons\">today<\/i>14 mai 2025<\/span>\t\t\t\t<span><i class=\"reakticons-eye\"><\/i>55<\/span><span><\/span><span>\t\t<a data-ttgreaktions-lovelink class=\"proradio_reaktions-link \" data-post_id=\"8692\" href=\"#\">\n\t        <span class=\"qtli\"><i class=\"reakticons-heart\"><\/i><\/span><span class=\"qtli count\"><\/span>\n\t    <\/a>\n\t\t<\/span><span>\t\t<a data-ttgreaktions-shareboxfull=\"{&quot;id&quot;:&quot;8692&quot;,&quot;shared&quot;:&quot;https:\\\/\\\/frequencecaraibe.com\\\/index.php\\\/podcast\\\/se-nou-menm-invitees-chleo-modestine-karl-filin\\\/&quot;,&quot;title&quot;:&quot;S\\u00c9 NOU MENM \\\/ INVIT\\u00c9ES : CHL\\u00c9O MODESTINE &#038; KARL FILIN&quot;,&quot;finalUrl&quot;:&quot;https:\\\/\\\/frequencecaraibe.com\\\/index.php\\\/podcast\\\/se-nou-menm-invitees-chleo-modestine-karl-filin\\\/?id=8692&amp;reaktions-share-fullpage=8692&amp;noajax=1&amp;label=Partager&amp;btnclass=proradio-btn proradio-btn__r&amp;secure=7152874e82&quot;}\" href=\"#nojax\" class=\"proradio_reaktions-link \">\n\t\t\t<span class=\"qtli\"><i class=\"reakticons-share\"><\/i><\/span><span class=\"count\"><\/span>\n\t\t<\/a>\n\t\t<\/span>\t\t\t<\/p>\n\t\t<\/div>\n\t<\/div>\n\t<\/article>\n\t\t\t\t\t\t<\/div>\n\t\t\t\t\t\t\t\t\t\t\t\t<div class=\"proradio-col proradio-col__post proradio-s12 proradio-m6 proradio-l3\">\n\t\t\t\t\t\t\t<article class=\"proradio-post proradio-post__card proradio-post__card--podcast proradio-podcast-episode proradio-darkbg proradio-negative post-8689 podcast type-podcast status-publish has-post-thumbnail hentry podcastfilter-itv\" data-qtwaypoints>\n\t<div class=\"proradio-bgimg proradio-bgimg--full proradio-duotone\">\n\t\t<img loading=\"lazy\" decoding=\"async\" width=\"600\" height=\"600\" src=\"https:\/\/frequencecaraibe.com\/wp-content\/uploads\/2025\/05\/Filharmonie-les-aidants.png\" class=\"proradio-post__thumb wp-post-image\" alt=\"\" srcset=\"https:\/\/frequencecaraibe.com\/wp-content\/uploads\/2025\/05\/Filharmonie-les-aidants.png 600w, https:\/\/frequencecaraibe.com\/wp-content\/uploads\/2025\/05\/Filharmonie-les-aidants-150x150.png 150w, https:\/\/frequencecaraibe.com\/wp-content\/uploads\/2025\/05\/Filharmonie-les-aidants-100x100.png 100w, https:\/\/frequencecaraibe.com\/wp-content\/uploads\/2025\/05\/Filharmonie-les-aidants-370x370.png 370w\" sizes=\"(max-width: 600px) 100vw, 600px\" \/>\t<\/div>\n\t\t<div class=\"proradio-post__headercont\">\n\t\t<a class=\"proradio-post__header__link\" href=\"https:\/\/frequencecaraibe.com\/index.php\/podcast\/filharmonie-theme-les-aidants\/\"><\/a>\n\t\t<div class=\"proradio-actions__cont\">\n\t<div class=\"proradio-actions\">\n\t\t\t\t<a href=\"https:\/\/frequencecaraibe.com\/index.php\/podcast\/filharmonie-theme-les-aidants\/\" class=\"proradio-actionicon\">\n\t\t\t<i class=\"material-icons\">insert_link<\/i>\n\t\t<\/a>\n\t\t\n\n\t\t\t\t<span class=\"proradio-actions__a1\">\t\t<a data-ttgreaktions-shareboxfull=\"{&quot;id&quot;:&quot;8689&quot;,&quot;shared&quot;:&quot;https:\\\/\\\/frequencecaraibe.com\\\/index.php\\\/podcast\\\/filharmonie-theme-les-aidants\\\/&quot;,&quot;title&quot;:&quot;FIL&rsquo;HARMONIE \\\/ TH\\u00c8ME : LES AIDANTS&quot;,&quot;finalUrl&quot;:&quot;https:\\\/\\\/frequencecaraibe.com\\\/index.php\\\/podcast\\\/filharmonie-theme-les-aidants\\\/?id=8689&amp;reaktions-share-fullpage=8689&amp;noajax=1&amp;label=Partager&amp;btnclass=proradio-btn  proradio-btn__r&amp;secure=7152874e82&quot;}\" href=\"#nojax\" class=\"proradio_reaktions-link \">\n\t\t\t<span class=\"qtli\"><i class=\"reakticons-share\"><\/i><\/span><span class=\"count\"><\/span>\n\t\t<\/a>\n\t\t<\/span>\n\t\t\n\n\t\t\t\t<span class=\"proradio-actions__a2\">\t\t<a data-ttgreaktions-lovelink class=\"proradio_reaktions-link \" data-post_id=\"8689\" href=\"#\">\n\t        <span class=\"qtli\"><i class=\"reakticons-heart\"><\/i><\/span><span class=\"qtli count\"><\/span>\n\t    <\/a>\n\t\t<\/span>\n\t\t\t<\/div>\n<\/div>\n\n\n\t\t<div class=\"proradio-post__card__cap\">\n\t\t\t<p class=\"proradio-cats\">\n\t\t\t\t<a href=\"https:\/\/frequencecaraibe.com\/index.php\/podcastfilter\/itv\/\" class=\"proradio-catid-98\">ITV<\/a>\t\t\t<\/p>\n\t\t\t<h3 class=\"proradio-post__title proradio-h4 proradio-cutme-t-2\"><a href=\"https:\/\/frequencecaraibe.com\/index.php\/podcast\/filharmonie-theme-les-aidants\/\">FIL&rsquo;HARMONIE \/ TH\u00c8ME : LES AIDANTS<\/a><\/h3>\n\t\t\t<p class=\"proradio-meta proradio-small\">\n\t\t\t\t<span class=\"proradio-date\"><i class=\"material-icons\">today<\/i>14 mai 2025<\/span>\t\t\t\t<span><i class=\"reakticons-eye\"><\/i>69<\/span><span><\/span><span>\t\t<a data-ttgreaktions-lovelink class=\"proradio_reaktions-link \" data-post_id=\"8689\" href=\"#\">\n\t        <span class=\"qtli\"><i class=\"reakticons-heart\"><\/i><\/span><span class=\"qtli count\"><\/span>\n\t    <\/a>\n\t\t<\/span><span>\t\t<a data-ttgreaktions-shareboxfull=\"{&quot;id&quot;:&quot;8689&quot;,&quot;shared&quot;:&quot;https:\\\/\\\/frequencecaraibe.com\\\/index.php\\\/podcast\\\/filharmonie-theme-les-aidants\\\/&quot;,&quot;title&quot;:&quot;FIL&rsquo;HARMONIE \\\/ TH\\u00c8ME : LES AIDANTS&quot;,&quot;finalUrl&quot;:&quot;https:\\\/\\\/frequencecaraibe.com\\\/index.php\\\/podcast\\\/filharmonie-theme-les-aidants\\\/?id=8689&amp;reaktions-share-fullpage=8689&amp;noajax=1&amp;label=Partager&amp;btnclass=proradio-btn proradio-btn__r&amp;secure=7152874e82&quot;}\" href=\"#nojax\" class=\"proradio_reaktions-link \">\n\t\t\t<span class=\"qtli\"><i class=\"reakticons-share\"><\/i><\/span><span class=\"count\"><\/span>\n\t\t<\/a>\n\t\t<\/span>\t\t\t<\/p>\n\t\t<\/div>\n\t<\/div>\n\t<\/article>\n\t\t\t\t\t\t<\/div>\n\t\t\t\t\t\t\t\t\t\t\t\t<div class=\"proradio-col proradio-col__post proradio-s12 proradio-m6 proradio-l3\">\n\t\t\t\t\t\t\t<article class=\"proradio-post proradio-post__card proradio-post__card--podcast proradio-podcast-episode proradio-darkbg proradio-negative post-8601 podcast type-podcast status-publish has-post-thumbnail hentry podcastfilter-itv\" data-qtwaypoints>\n\t<div class=\"proradio-bgimg proradio-bgimg--full proradio-duotone\">\n\t\t<img loading=\"lazy\" decoding=\"async\" width=\"600\" height=\"600\" src=\"https:\/\/frequencecaraibe.com\/wp-content\/uploads\/2025\/05\/Moun-ki-fe-lewop4.png\" class=\"proradio-post__thumb wp-post-image\" alt=\"\" srcset=\"https:\/\/frequencecaraibe.com\/wp-content\/uploads\/2025\/05\/Moun-ki-fe-lewop4.png 600w, https:\/\/frequencecaraibe.com\/wp-content\/uploads\/2025\/05\/Moun-ki-fe-lewop4-150x150.png 150w, https:\/\/frequencecaraibe.com\/wp-content\/uploads\/2025\/05\/Moun-ki-fe-lewop4-100x100.png 100w, https:\/\/frequencecaraibe.com\/wp-content\/uploads\/2025\/05\/Moun-ki-fe-lewop4-370x370.png 370w\" sizes=\"(max-width: 600px) 100vw, 600px\" \/>\t<\/div>\n\t\t<div class=\"proradio-post__headercont\">\n\t\t<a class=\"proradio-post__header__link\" href=\"https:\/\/frequencecaraibe.com\/index.php\/podcast\/moun-ki-fe-lewop-theme-frexit-avantages-et-inconvenients\/\"><\/a>\n\t\t<div class=\"proradio-actions__cont\">\n\t<div class=\"proradio-actions\">\n\t\t\t\t<a href=\"https:\/\/frequencecaraibe.com\/index.php\/podcast\/moun-ki-fe-lewop-theme-frexit-avantages-et-inconvenients\/\" class=\"proradio-actionicon\">\n\t\t\t<i class=\"material-icons\">insert_link<\/i>\n\t\t<\/a>\n\t\t\n\n\t\t\t\t<span class=\"proradio-actions__a1\">\t\t<a data-ttgreaktions-shareboxfull=\"{&quot;id&quot;:&quot;8601&quot;,&quot;shared&quot;:&quot;https:\\\/\\\/frequencecaraibe.com\\\/index.php\\\/podcast\\\/moun-ki-fe-lewop-theme-frexit-avantages-et-inconvenients\\\/&quot;,&quot;title&quot;:&quot;MOUN KI F\\u00c8 L&rsquo;EWOP\\\/ TH\\u00c8ME : FREXIT, AVANTAGES ET INCONV\\u00c9NIENTS&quot;,&quot;finalUrl&quot;:&quot;https:\\\/\\\/frequencecaraibe.com\\\/index.php\\\/podcast\\\/moun-ki-fe-lewop-theme-frexit-avantages-et-inconvenients\\\/?id=8601&amp;reaktions-share-fullpage=8601&amp;noajax=1&amp;label=Partager&amp;btnclass=proradio-btn  proradio-btn__r&amp;secure=7152874e82&quot;}\" href=\"#nojax\" class=\"proradio_reaktions-link \">\n\t\t\t<span class=\"qtli\"><i class=\"reakticons-share\"><\/i><\/span><span class=\"count\"><\/span>\n\t\t<\/a>\n\t\t<\/span>\n\t\t\n\n\t\t\t\t<span class=\"proradio-actions__a2\">\t\t<a data-ttgreaktions-lovelink class=\"proradio_reaktions-link \" data-post_id=\"8601\" href=\"#\">\n\t        <span class=\"qtli\"><i class=\"reakticons-heart\"><\/i><\/span><span class=\"qtli count\"><\/span>\n\t    <\/a>\n\t\t<\/span>\n\t\t\t<\/div>\n<\/div>\n\n\n\t\t<div class=\"proradio-post__card__cap\">\n\t\t\t<p class=\"proradio-cats\">\n\t\t\t\t<a href=\"https:\/\/frequencecaraibe.com\/index.php\/podcastfilter\/itv\/\" class=\"proradio-catid-98\">ITV<\/a>\t\t\t<\/p>\n\t\t\t<h3 class=\"proradio-post__title proradio-h4 proradio-cutme-t-2\"><a href=\"https:\/\/frequencecaraibe.com\/index.php\/podcast\/moun-ki-fe-lewop-theme-frexit-avantages-et-inconvenients\/\">MOUN KI F\u00c8 L&rsquo;EWOP\/ TH\u00c8ME : FREXIT, AVANTAGES ET INCONV\u00c9NIENTS<\/a><\/h3>\n\t\t\t<p class=\"proradio-meta proradio-small\">\n\t\t\t\t<span class=\"proradio-date\"><i class=\"material-icons\">today<\/i>12 mai 2025<\/span>\t\t\t\t<span><i class=\"reakticons-eye\"><\/i>70<\/span><span><\/span><span>\t\t<a data-ttgreaktions-lovelink class=\"proradio_reaktions-link \" data-post_id=\"8601\" href=\"#\">\n\t        <span class=\"qtli\"><i class=\"reakticons-heart\"><\/i><\/span><span class=\"qtli count\"><\/span>\n\t    <\/a>\n\t\t<\/span><span>\t\t<a data-ttgreaktions-shareboxfull=\"{&quot;id&quot;:&quot;8601&quot;,&quot;shared&quot;:&quot;https:\\\/\\\/frequencecaraibe.com\\\/index.php\\\/podcast\\\/moun-ki-fe-lewop-theme-frexit-avantages-et-inconvenients\\\/&quot;,&quot;title&quot;:&quot;MOUN KI F\\u00c8 L&rsquo;EWOP\\\/ TH\\u00c8ME : FREXIT, AVANTAGES ET INCONV\\u00c9NIENTS&quot;,&quot;finalUrl&quot;:&quot;https:\\\/\\\/frequencecaraibe.com\\\/index.php\\\/podcast\\\/moun-ki-fe-lewop-theme-frexit-avantages-et-inconvenients\\\/?id=8601&amp;reaktions-share-fullpage=8601&amp;noajax=1&amp;label=Partager&amp;btnclass=proradio-btn proradio-btn__r&amp;secure=7152874e82&quot;}\" href=\"#nojax\" class=\"proradio_reaktions-link \">\n\t\t\t<span class=\"qtli\"><i class=\"reakticons-share\"><\/i><\/span><span class=\"count\"><\/span>\n\t\t<\/a>\n\t\t<\/span>\t\t\t<\/p>\n\t\t<\/div>\n\t<\/div>\n\t<\/article>\n\t\t\t\t\t\t<\/div>\n\t\t\t\t\t\t\t\t\t\t\t\t<div class=\"proradio-col proradio-col__post proradio-s12 proradio-m6 proradio-l3\">\n\t\t\t\t\t\t\t<article class=\"proradio-post proradio-post__card proradio-post__card--podcast proradio-podcast-episode proradio-darkbg proradio-negative post-8644 podcast type-podcast status-publish has-post-thumbnail hentry podcastfilter-itv\" data-qtwaypoints>\n\t<div class=\"proradio-bgimg proradio-bgimg--full proradio-duotone\">\n\t\t<img loading=\"lazy\" decoding=\"async\" width=\"600\" height=\"600\" src=\"https:\/\/frequencecaraibe.com\/wp-content\/uploads\/2025\/04\/Brigade-Territoriale-Mobile.png\" class=\"proradio-post__thumb wp-post-image\" alt=\"\" srcset=\"https:\/\/frequencecaraibe.com\/wp-content\/uploads\/2025\/04\/Brigade-Territoriale-Mobile.png 600w, https:\/\/frequencecaraibe.com\/wp-content\/uploads\/2025\/04\/Brigade-Territoriale-Mobile-150x150.png 150w, https:\/\/frequencecaraibe.com\/wp-content\/uploads\/2025\/04\/Brigade-Territoriale-Mobile-100x100.png 100w, https:\/\/frequencecaraibe.com\/wp-content\/uploads\/2025\/04\/Brigade-Territoriale-Mobile-370x370.png 370w\" sizes=\"(max-width: 600px) 100vw, 600px\" \/>\t<\/div>\n\t\t<div class=\"proradio-post__headercont\">\n\t\t<a class=\"proradio-post__header__link\" href=\"https:\/\/frequencecaraibe.com\/index.php\/podcast\/se-nou-menm-invite-brigade-territoriale-mobile\/\"><\/a>\n\t\t<div class=\"proradio-actions__cont\">\n\t<div class=\"proradio-actions\">\n\t\t\t\t<a href=\"https:\/\/frequencecaraibe.com\/index.php\/podcast\/se-nou-menm-invite-brigade-territoriale-mobile\/\" class=\"proradio-actionicon\">\n\t\t\t<i class=\"material-icons\">insert_link<\/i>\n\t\t<\/a>\n\t\t\n\n\t\t\t\t<span class=\"proradio-actions__a1\">\t\t<a data-ttgreaktions-shareboxfull=\"{&quot;id&quot;:&quot;8644&quot;,&quot;shared&quot;:&quot;https:\\\/\\\/frequencecaraibe.com\\\/index.php\\\/podcast\\\/se-nou-menm-invite-brigade-territoriale-mobile\\\/&quot;,&quot;title&quot;:&quot;S\\u00c9 NOU MENM \\\/ INVIT\\u00c9 : BRIGADE TERRITORIALE MOBILE&quot;,&quot;finalUrl&quot;:&quot;https:\\\/\\\/frequencecaraibe.com\\\/index.php\\\/podcast\\\/se-nou-menm-invite-brigade-territoriale-mobile\\\/?id=8644&amp;reaktions-share-fullpage=8644&amp;noajax=1&amp;label=Partager&amp;btnclass=proradio-btn  proradio-btn__r&amp;secure=7152874e82&quot;}\" href=\"#nojax\" class=\"proradio_reaktions-link \">\n\t\t\t<span class=\"qtli\"><i class=\"reakticons-share\"><\/i><\/span><span class=\"count\"><\/span>\n\t\t<\/a>\n\t\t<\/span>\n\t\t\n\n\t\t\t\t<span class=\"proradio-actions__a2\">\t\t<a data-ttgreaktions-lovelink class=\"proradio_reaktions-link \" data-post_id=\"8644\" href=\"#\">\n\t        <span class=\"qtli\"><i class=\"reakticons-heart\"><\/i><\/span><span class=\"qtli count\"><\/span>\n\t    <\/a>\n\t\t<\/span>\n\t\t\t<\/div>\n<\/div>\n\n\n\t\t<div class=\"proradio-post__card__cap\">\n\t\t\t<p class=\"proradio-cats\">\n\t\t\t\t<a href=\"https:\/\/frequencecaraibe.com\/index.php\/podcastfilter\/itv\/\" class=\"proradio-catid-98\">ITV<\/a>\t\t\t<\/p>\n\t\t\t<h3 class=\"proradio-post__title proradio-h4 proradio-cutme-t-2\"><a href=\"https:\/\/frequencecaraibe.com\/index.php\/podcast\/se-nou-menm-invite-brigade-territoriale-mobile\/\">S\u00c9 NOU MENM \/ INVIT\u00c9 : BRIGADE TERRITORIALE MOBILE<\/a><\/h3>\n\t\t\t<p class=\"proradio-meta proradio-small\">\n\t\t\t\t<span class=\"proradio-date\"><i class=\"material-icons\">today<\/i>12 mai 2025<\/span>\t\t\t\t<span><i class=\"reakticons-eye\"><\/i>69<\/span><span><\/span><span>\t\t<a data-ttgreaktions-lovelink class=\"proradio_reaktions-link \" data-post_id=\"8644\" href=\"#\">\n\t        <span class=\"qtli\"><i class=\"reakticons-heart\"><\/i><\/span><span class=\"qtli count\"><\/span>\n\t    <\/a>\n\t\t<\/span><span>\t\t<a data-ttgreaktions-shareboxfull=\"{&quot;id&quot;:&quot;8644&quot;,&quot;shared&quot;:&quot;https:\\\/\\\/frequencecaraibe.com\\\/index.php\\\/podcast\\\/se-nou-menm-invite-brigade-territoriale-mobile\\\/&quot;,&quot;title&quot;:&quot;S\\u00c9 NOU MENM \\\/ INVIT\\u00c9 : BRIGADE TERRITORIALE MOBILE&quot;,&quot;finalUrl&quot;:&quot;https:\\\/\\\/frequencecaraibe.com\\\/index.php\\\/podcast\\\/se-nou-menm-invite-brigade-territoriale-mobile\\\/?id=8644&amp;reaktions-share-fullpage=8644&amp;noajax=1&amp;label=Partager&amp;btnclass=proradio-btn proradio-btn__r&amp;secure=7152874e82&quot;}\" href=\"#nojax\" class=\"proradio_reaktions-link \">\n\t\t\t<span class=\"qtli\"><i class=\"reakticons-share\"><\/i><\/span><span class=\"count\"><\/span>\n\t\t<\/a>\n\t\t<\/span>\t\t\t<\/p>\n\t\t<\/div>\n\t<\/div>\n\t<\/article>\n\t\t\t\t\t\t<\/div>\n\t\t\t\t\t\t\t\t\t\t\t\t<div class=\"proradio-col proradio-col__post proradio-s12 proradio-m6 proradio-l3\">\n\t\t\t\t\t\t\t<article class=\"proradio-post proradio-post__card proradio-post__card--podcast proradio-podcast-episode proradio-darkbg proradio-negative post-8605 podcast type-podcast status-publish has-post-thumbnail hentry podcastfilter-itv\" data-qtwaypoints>\n\t<div class=\"proradio-bgimg proradio-bgimg--full proradio-duotone\">\n\t\t<img loading=\"lazy\" decoding=\"async\" width=\"600\" height=\"600\" src=\"https:\/\/frequencecaraibe.com\/wp-content\/uploads\/2025\/04\/Se-nou-menm-MAI-DE-ST-PIERRE.png\" class=\"proradio-post__thumb wp-post-image\" alt=\"\" srcset=\"https:\/\/frequencecaraibe.com\/wp-content\/uploads\/2025\/04\/Se-nou-menm-MAI-DE-ST-PIERRE.png 600w, https:\/\/frequencecaraibe.com\/wp-content\/uploads\/2025\/04\/Se-nou-menm-MAI-DE-ST-PIERRE-150x150.png 150w, https:\/\/frequencecaraibe.com\/wp-content\/uploads\/2025\/04\/Se-nou-menm-MAI-DE-ST-PIERRE-100x100.png 100w, https:\/\/frequencecaraibe.com\/wp-content\/uploads\/2025\/04\/Se-nou-menm-MAI-DE-ST-PIERRE-370x370.png 370w\" sizes=\"(max-width: 600px) 100vw, 600px\" \/>\t<\/div>\n\t\t<div class=\"proradio-post__headercont\">\n\t\t<a class=\"proradio-post__header__link\" href=\"https:\/\/frequencecaraibe.com\/index.php\/podcast\/se-nou-menm-invitees-rylha-martial-robert-regina\/\"><\/a>\n\t\t<div class=\"proradio-actions__cont\">\n\t<div class=\"proradio-actions\">\n\t\t\t\t<a href=\"https:\/\/frequencecaraibe.com\/index.php\/podcast\/se-nou-menm-invitees-rylha-martial-robert-regina\/\" class=\"proradio-actionicon\">\n\t\t\t<i class=\"material-icons\">insert_link<\/i>\n\t\t<\/a>\n\t\t\n\n\t\t\t\t<span class=\"proradio-actions__a1\">\t\t<a data-ttgreaktions-shareboxfull=\"{&quot;id&quot;:&quot;8605&quot;,&quot;shared&quot;:&quot;https:\\\/\\\/frequencecaraibe.com\\\/index.php\\\/podcast\\\/se-nou-menm-invitees-rylha-martial-robert-regina\\\/&quot;,&quot;title&quot;:&quot;S\\u00c9 NOU MENM \\\/ INVIT\\u00c9ES : RYLHA MARTIAL &#038; ROBERT R\\u00c9GINA&quot;,&quot;finalUrl&quot;:&quot;https:\\\/\\\/frequencecaraibe.com\\\/index.php\\\/podcast\\\/se-nou-menm-invitees-rylha-martial-robert-regina\\\/?id=8605&amp;reaktions-share-fullpage=8605&amp;noajax=1&amp;label=Partager&amp;btnclass=proradio-btn  proradio-btn__r&amp;secure=7152874e82&quot;}\" href=\"#nojax\" class=\"proradio_reaktions-link \">\n\t\t\t<span class=\"qtli\"><i class=\"reakticons-share\"><\/i><\/span><span class=\"count\"><\/span>\n\t\t<\/a>\n\t\t<\/span>\n\t\t\n\n\t\t\t\t<span class=\"proradio-actions__a2\">\t\t<a data-ttgreaktions-lovelink class=\"proradio_reaktions-link \" data-post_id=\"8605\" href=\"#\">\n\t        <span class=\"qtli\"><i class=\"reakticons-heart\"><\/i><\/span><span class=\"qtli count\"><\/span>\n\t    <\/a>\n\t\t<\/span>\n\t\t\t<\/div>\n<\/div>\n\n\n\t\t<div class=\"proradio-post__card__cap\">\n\t\t\t<p class=\"proradio-cats\">\n\t\t\t\t<a href=\"https:\/\/frequencecaraibe.com\/index.php\/podcastfilter\/itv\/\" class=\"proradio-catid-98\">ITV<\/a>\t\t\t<\/p>\n\t\t\t<h3 class=\"proradio-post__title proradio-h4 proradio-cutme-t-2\"><a href=\"https:\/\/frequencecaraibe.com\/index.php\/podcast\/se-nou-menm-invitees-rylha-martial-robert-regina\/\">S\u00c9 NOU MENM \/ INVIT\u00c9ES : RYLHA MARTIAL &#038; ROBERT R\u00c9GINA<\/a><\/h3>\n\t\t\t<p class=\"proradio-meta proradio-small\">\n\t\t\t\t<span class=\"proradio-date\"><i class=\"material-icons\">today<\/i>7 mai 2025<\/span>\t\t\t\t<span><i class=\"reakticons-eye\"><\/i>51<\/span><span><\/span><span>\t\t<a data-ttgreaktions-lovelink class=\"proradio_reaktions-link \" data-post_id=\"8605\" href=\"#\">\n\t        <span class=\"qtli\"><i class=\"reakticons-heart\"><\/i><\/span><span class=\"qtli count\"><\/span>\n\t    <\/a>\n\t\t<\/span><span>\t\t<a data-ttgreaktions-shareboxfull=\"{&quot;id&quot;:&quot;8605&quot;,&quot;shared&quot;:&quot;https:\\\/\\\/frequencecaraibe.com\\\/index.php\\\/podcast\\\/se-nou-menm-invitees-rylha-martial-robert-regina\\\/&quot;,&quot;title&quot;:&quot;S\\u00c9 NOU MENM \\\/ INVIT\\u00c9ES : RYLHA MARTIAL &#038; ROBERT R\\u00c9GINA&quot;,&quot;finalUrl&quot;:&quot;https:\\\/\\\/frequencecaraibe.com\\\/index.php\\\/podcast\\\/se-nou-menm-invitees-rylha-martial-robert-regina\\\/?id=8605&amp;reaktions-share-fullpage=8605&amp;noajax=1&amp;label=Partager&amp;btnclass=proradio-btn proradio-btn__r&amp;secure=7152874e82&quot;}\" href=\"#nojax\" class=\"proradio_reaktions-link \">\n\t\t\t<span class=\"qtli\"><i class=\"reakticons-share\"><\/i><\/span><span class=\"count\"><\/span>\n\t\t<\/a>\n\t\t<\/span>\t\t\t<\/p>\n\t\t<\/div>\n\t<\/div>\n\t<\/article>\n\t\t\t\t\t\t<\/div>\n\t\t\t\t\t\t\t\t\t\t\t\t<div class=\"proradio-col proradio-col__post proradio-s12 proradio-m6 proradio-l3\">\n\t\t\t\t\t\t\t<article class=\"proradio-post proradio-post__card proradio-post__card--podcast proradio-podcast-episode proradio-darkbg proradio-negative post-8597 podcast type-podcast status-publish has-post-thumbnail hentry podcastfilter-itv\" data-qtwaypoints>\n\t<div class=\"proradio-bgimg proradio-bgimg--full proradio-duotone\">\n\t\t<img loading=\"lazy\" decoding=\"async\" width=\"600\" height=\"600\" src=\"https:\/\/frequencecaraibe.com\/wp-content\/uploads\/2025\/05\/se-nou-menm-GEORGES-NADEAU.png\" class=\"proradio-post__thumb wp-post-image\" alt=\"\" srcset=\"https:\/\/frequencecaraibe.com\/wp-content\/uploads\/2025\/05\/se-nou-menm-GEORGES-NADEAU.png 600w, https:\/\/frequencecaraibe.com\/wp-content\/uploads\/2025\/05\/se-nou-menm-GEORGES-NADEAU-150x150.png 150w, https:\/\/frequencecaraibe.com\/wp-content\/uploads\/2025\/05\/se-nou-menm-GEORGES-NADEAU-100x100.png 100w, https:\/\/frequencecaraibe.com\/wp-content\/uploads\/2025\/05\/se-nou-menm-GEORGES-NADEAU-370x370.png 370w\" sizes=\"(max-width: 600px) 100vw, 600px\" \/>\t<\/div>\n\t\t<div class=\"proradio-post__headercont\">\n\t\t<a class=\"proradio-post__header__link\" href=\"https:\/\/frequencecaraibe.com\/index.php\/podcast\/se-nou-menm-invite-georges-nadeau-association-kou-bouyon\/\"><\/a>\n\t\t<div class=\"proradio-actions__cont\">\n\t<div class=\"proradio-actions\">\n\t\t\t\t<a href=\"https:\/\/frequencecaraibe.com\/index.php\/podcast\/se-nou-menm-invite-georges-nadeau-association-kou-bouyon\/\" class=\"proradio-actionicon\">\n\t\t\t<i class=\"material-icons\">insert_link<\/i>\n\t\t<\/a>\n\t\t\n\n\t\t\t\t<span class=\"proradio-actions__a1\">\t\t<a data-ttgreaktions-shareboxfull=\"{&quot;id&quot;:&quot;8597&quot;,&quot;shared&quot;:&quot;https:\\\/\\\/frequencecaraibe.com\\\/index.php\\\/podcast\\\/se-nou-menm-invite-georges-nadeau-association-kou-bouyon\\\/&quot;,&quot;title&quot;:&quot;S\\u00c9 NOU MENM \\\/ INVIT\\u00c9 : GEORGES NADEAU ASSOCIATION KOU BOUYON&quot;,&quot;finalUrl&quot;:&quot;https:\\\/\\\/frequencecaraibe.com\\\/index.php\\\/podcast\\\/se-nou-menm-invite-georges-nadeau-association-kou-bouyon\\\/?id=8597&amp;reaktions-share-fullpage=8597&amp;noajax=1&amp;label=Partager&amp;btnclass=proradio-btn  proradio-btn__r&amp;secure=7152874e82&quot;}\" href=\"#nojax\" class=\"proradio_reaktions-link \">\n\t\t\t<span class=\"qtli\"><i class=\"reakticons-share\"><\/i><\/span><span class=\"count\"><\/span>\n\t\t<\/a>\n\t\t<\/span>\n\t\t\n\n\t\t\t\t<span class=\"proradio-actions__a2\">\t\t<a data-ttgreaktions-lovelink class=\"proradio_reaktions-link \" data-post_id=\"8597\" href=\"#\">\n\t        <span class=\"qtli\"><i class=\"reakticons-heart\"><\/i><\/span><span class=\"qtli count\"><\/span>\n\t    <\/a>\n\t\t<\/span>\n\t\t\t<\/div>\n<\/div>\n\n\n\t\t<div class=\"proradio-post__card__cap\">\n\t\t\t<p class=\"proradio-cats\">\n\t\t\t\t<a href=\"https:\/\/frequencecaraibe.com\/index.php\/podcastfilter\/itv\/\" class=\"proradio-catid-98\">ITV<\/a>\t\t\t<\/p>\n\t\t\t<h3 class=\"proradio-post__title proradio-h4 proradio-cutme-t-2\"><a href=\"https:\/\/frequencecaraibe.com\/index.php\/podcast\/se-nou-menm-invite-georges-nadeau-association-kou-bouyon\/\">S\u00c9 NOU MENM \/ INVIT\u00c9 : GEORGES NADEAU ASSOCIATION KOU BOUYON<\/a><\/h3>\n\t\t\t<p class=\"proradio-meta proradio-small\">\n\t\t\t\t<span class=\"proradio-date\"><i class=\"material-icons\">today<\/i>6 mai 2025<\/span>\t\t\t\t<span><i class=\"reakticons-eye\"><\/i>38<\/span><span><\/span><span>\t\t<a data-ttgreaktions-lovelink class=\"proradio_reaktions-link \" data-post_id=\"8597\" href=\"#\">\n\t        <span class=\"qtli\"><i class=\"reakticons-heart\"><\/i><\/span><span class=\"qtli count\"><\/span>\n\t    <\/a>\n\t\t<\/span><span>\t\t<a data-ttgreaktions-shareboxfull=\"{&quot;id&quot;:&quot;8597&quot;,&quot;shared&quot;:&quot;https:\\\/\\\/frequencecaraibe.com\\\/index.php\\\/podcast\\\/se-nou-menm-invite-georges-nadeau-association-kou-bouyon\\\/&quot;,&quot;title&quot;:&quot;S\\u00c9 NOU MENM \\\/ INVIT\\u00c9 : GEORGES NADEAU ASSOCIATION KOU BOUYON&quot;,&quot;finalUrl&quot;:&quot;https:\\\/\\\/frequencecaraibe.com\\\/index.php\\\/podcast\\\/se-nou-menm-invite-georges-nadeau-association-kou-bouyon\\\/?id=8597&amp;reaktions-share-fullpage=8597&amp;noajax=1&amp;label=Partager&amp;btnclass=proradio-btn proradio-btn__r&amp;secure=7152874e82&quot;}\" href=\"#nojax\" class=\"proradio_reaktions-link \">\n\t\t\t<span class=\"qtli\"><i class=\"reakticons-share\"><\/i><\/span><span class=\"count\"><\/span>\n\t\t<\/a>\n\t\t<\/span>\t\t\t<\/p>\n\t\t<\/div>\n\t<\/div>\n\t<\/article>\n\t\t\t\t\t\t<\/div>\n\t\t\t\t\t\t\t\t\t\t\t\t<div class=\"proradio-col proradio-col__post proradio-s12 proradio-m6 proradio-l3\">\n\t\t\t\t\t\t\t<article class=\"proradio-post proradio-post__card proradio-post__card--podcast proradio-podcast-episode proradio-darkbg proradio-negative post-8553 podcast type-podcast status-publish has-post-thumbnail hentry podcastfilter-itv\" data-qtwaypoints>\n\t<div class=\"proradio-bgimg proradio-bgimg--full proradio-duotone\">\n\t\t<img loading=\"lazy\" decoding=\"async\" width=\"600\" height=\"600\" src=\"https:\/\/frequencecaraibe.com\/wp-content\/uploads\/2025\/05\/SERGE-GODARON.png\" class=\"proradio-post__thumb wp-post-image\" alt=\"\" srcset=\"https:\/\/frequencecaraibe.com\/wp-content\/uploads\/2025\/05\/SERGE-GODARON.png 600w, https:\/\/frequencecaraibe.com\/wp-content\/uploads\/2025\/05\/SERGE-GODARON-150x150.png 150w, https:\/\/frequencecaraibe.com\/wp-content\/uploads\/2025\/05\/SERGE-GODARON-100x100.png 100w, https:\/\/frequencecaraibe.com\/wp-content\/uploads\/2025\/05\/SERGE-GODARON-370x370.png 370w\" sizes=\"(max-width: 600px) 100vw, 600px\" \/>\t<\/div>\n\t\t<div class=\"proradio-post__headercont\">\n\t\t<a class=\"proradio-post__header__link\" href=\"https:\/\/frequencecaraibe.com\/index.php\/podcast\/se-nou-menm-invite-serge-godaron\/\"><\/a>\n\t\t<div class=\"proradio-actions__cont\">\n\t<div class=\"proradio-actions\">\n\t\t\t\t<a href=\"https:\/\/frequencecaraibe.com\/index.php\/podcast\/se-nou-menm-invite-serge-godaron\/\" class=\"proradio-actionicon\">\n\t\t\t<i class=\"material-icons\">insert_link<\/i>\n\t\t<\/a>\n\t\t\n\n\t\t\t\t<span class=\"proradio-actions__a1\">\t\t<a data-ttgreaktions-shareboxfull=\"{&quot;id&quot;:&quot;8553&quot;,&quot;shared&quot;:&quot;https:\\\/\\\/frequencecaraibe.com\\\/index.php\\\/podcast\\\/se-nou-menm-invite-serge-godaron\\\/&quot;,&quot;title&quot;:&quot;S\\u00c9 NOU MENM \\\/ INVIT\\u00c9 : SERGE GODARON&quot;,&quot;finalUrl&quot;:&quot;https:\\\/\\\/frequencecaraibe.com\\\/index.php\\\/podcast\\\/se-nou-menm-invite-serge-godaron\\\/?id=8553&amp;reaktions-share-fullpage=8553&amp;noajax=1&amp;label=Partager&amp;btnclass=proradio-btn  proradio-btn__r&amp;secure=7152874e82&quot;}\" href=\"#nojax\" class=\"proradio_reaktions-link \">\n\t\t\t<span class=\"qtli\"><i class=\"reakticons-share\"><\/i><\/span><span class=\"count\"><\/span>\n\t\t<\/a>\n\t\t<\/span>\n\t\t\n\n\t\t\t\t<span class=\"proradio-actions__a2\">\t\t<a data-ttgreaktions-lovelink class=\"proradio_reaktions-link \" data-post_id=\"8553\" href=\"#\">\n\t        <span class=\"qtli\"><i class=\"reakticons-heart\"><\/i><\/span><span class=\"qtli count\"><\/span>\n\t    <\/a>\n\t\t<\/span>\n\t\t\t<\/div>\n<\/div>\n\n\n\t\t<div class=\"proradio-post__card__cap\">\n\t\t\t<p class=\"proradio-cats\">\n\t\t\t\t<a href=\"https:\/\/frequencecaraibe.com\/index.php\/podcastfilter\/itv\/\" class=\"proradio-catid-98\">ITV<\/a>\t\t\t<\/p>\n\t\t\t<h3 class=\"proradio-post__title proradio-h4 proradio-cutme-t-2\"><a href=\"https:\/\/frequencecaraibe.com\/index.php\/podcast\/se-nou-menm-invite-serge-godaron\/\">S\u00c9 NOU MENM \/ INVIT\u00c9 : SERGE GODARON<\/a><\/h3>\n\t\t\t<p class=\"proradio-meta proradio-small\">\n\t\t\t\t<span class=\"proradio-date\"><i class=\"material-icons\">today<\/i>5 mai 2025<\/span>\t\t\t\t<span><i class=\"reakticons-eye\"><\/i>110<\/span><span><\/span><span>\t\t<a data-ttgreaktions-lovelink class=\"proradio_reaktions-link \" data-post_id=\"8553\" href=\"#\">\n\t        <span class=\"qtli\"><i class=\"reakticons-heart\"><\/i><\/span><span class=\"qtli count\"><\/span>\n\t    <\/a>\n\t\t<\/span><span>\t\t<a data-ttgreaktions-shareboxfull=\"{&quot;id&quot;:&quot;8553&quot;,&quot;shared&quot;:&quot;https:\\\/\\\/frequencecaraibe.com\\\/index.php\\\/podcast\\\/se-nou-menm-invite-serge-godaron\\\/&quot;,&quot;title&quot;:&quot;S\\u00c9 NOU MENM \\\/ INVIT\\u00c9 : SERGE GODARON&quot;,&quot;finalUrl&quot;:&quot;https:\\\/\\\/frequencecaraibe.com\\\/index.php\\\/podcast\\\/se-nou-menm-invite-serge-godaron\\\/?id=8553&amp;reaktions-share-fullpage=8553&amp;noajax=1&amp;label=Partager&amp;btnclass=proradio-btn proradio-btn__r&amp;secure=7152874e82&quot;}\" href=\"#nojax\" class=\"proradio_reaktions-link \">\n\t\t\t<span class=\"qtli\"><i class=\"reakticons-share\"><\/i><\/span><span class=\"count\"><\/span>\n\t\t<\/a>\n\t\t<\/span>\t\t\t<\/p>\n\t\t<\/div>\n\t<\/div>\n\t<\/article>\n\t\t\t\t\t\t<\/div>\n\t\t\t\t\t\t\t\t\t\t\t\t<div class=\"proradio-col proradio-col__post proradio-s12 proradio-m6 proradio-l3\">\n\t\t\t\t\t\t\t<article class=\"proradio-post proradio-post__card proradio-post__card--podcast proradio-podcast-episode proradio-darkbg proradio-negative post-8489 podcast type-podcast status-publish has-post-thumbnail hentry podcastfilter-itv\" data-qtwaypoints>\n\t<div class=\"proradio-bgimg proradio-bgimg--full proradio-duotone\">\n\t\t<img loading=\"lazy\" decoding=\"async\" width=\"770\" height=\"770\" src=\"https:\/\/frequencecaraibe.com\/wp-content\/uploads\/2025\/04\/Yann-Dolor-770x770.png\" class=\"proradio-post__thumb wp-post-image\" alt=\"\" srcset=\"https:\/\/frequencecaraibe.com\/wp-content\/uploads\/2025\/04\/Yann-Dolor-770x770.png 770w, https:\/\/frequencecaraibe.com\/wp-content\/uploads\/2025\/04\/Yann-Dolor-150x150.png 150w, https:\/\/frequencecaraibe.com\/wp-content\/uploads\/2025\/04\/Yann-Dolor-768x768.png 768w, https:\/\/frequencecaraibe.com\/wp-content\/uploads\/2025\/04\/Yann-Dolor-100x100.png 100w, https:\/\/frequencecaraibe.com\/wp-content\/uploads\/2025\/04\/Yann-Dolor-370x370.png 370w, https:\/\/frequencecaraibe.com\/wp-content\/uploads\/2025\/04\/Yann-Dolor.png 1080w\" sizes=\"(max-width: 770px) 100vw, 770px\" \/>\t<\/div>\n\t\t<div class=\"proradio-post__headercont\">\n\t\t<a class=\"proradio-post__header__link\" href=\"https:\/\/frequencecaraibe.com\/index.php\/podcast\/se-nou-menm-invite-yann-dolor-president-de-lassociation-a-c-l-m\/\"><\/a>\n\t\t<div class=\"proradio-actions__cont\">\n\t<div class=\"proradio-actions\">\n\t\t\t\t<a href=\"https:\/\/frequencecaraibe.com\/index.php\/podcast\/se-nou-menm-invite-yann-dolor-president-de-lassociation-a-c-l-m\/\" class=\"proradio-actionicon\">\n\t\t\t<i class=\"material-icons\">insert_link<\/i>\n\t\t<\/a>\n\t\t\n\n\t\t\t\t<span class=\"proradio-actions__a1\">\t\t<a data-ttgreaktions-shareboxfull=\"{&quot;id&quot;:&quot;8489&quot;,&quot;shared&quot;:&quot;https:\\\/\\\/frequencecaraibe.com\\\/index.php\\\/podcast\\\/se-nou-menm-invite-yann-dolor-president-de-lassociation-a-c-l-m\\\/&quot;,&quot;title&quot;:&quot;S\\u00c9 NOU MENM \\\/ INVIT\\u00c9 : YANN DOLOR PR\\u00c9SIDENT DE L&rsquo;ASSOCIATION A.C.L.M&quot;,&quot;finalUrl&quot;:&quot;https:\\\/\\\/frequencecaraibe.com\\\/index.php\\\/podcast\\\/se-nou-menm-invite-yann-dolor-president-de-lassociation-a-c-l-m\\\/?id=8489&amp;reaktions-share-fullpage=8489&amp;noajax=1&amp;label=Partager&amp;btnclass=proradio-btn  proradio-btn__r&amp;secure=7152874e82&quot;}\" href=\"#nojax\" class=\"proradio_reaktions-link \">\n\t\t\t<span class=\"qtli\"><i class=\"reakticons-share\"><\/i><\/span><span class=\"count\"><\/span>\n\t\t<\/a>\n\t\t<\/span>\n\t\t\n\n\t\t\t\t<span class=\"proradio-actions__a2\">\t\t<a data-ttgreaktions-lovelink class=\"proradio_reaktions-link \" data-post_id=\"8489\" href=\"#\">\n\t        <span class=\"qtli\"><i class=\"reakticons-heart\"><\/i><\/span><span class=\"qtli count\"><\/span>\n\t    <\/a>\n\t\t<\/span>\n\t\t\t<\/div>\n<\/div>\n\n\n\t\t<div class=\"proradio-post__card__cap\">\n\t\t\t<p class=\"proradio-cats\">\n\t\t\t\t<a href=\"https:\/\/frequencecaraibe.com\/index.php\/podcastfilter\/itv\/\" class=\"proradio-catid-98\">ITV<\/a>\t\t\t<\/p>\n\t\t\t<h3 class=\"proradio-post__title proradio-h4 proradio-cutme-t-2\"><a href=\"https:\/\/frequencecaraibe.com\/index.php\/podcast\/se-nou-menm-invite-yann-dolor-president-de-lassociation-a-c-l-m\/\">S\u00c9 NOU MENM \/ INVIT\u00c9 : YANN DOLOR PR\u00c9SIDENT DE L&rsquo;ASSOCIATION A.C.L.M<\/a><\/h3>\n\t\t\t<p class=\"proradio-meta proradio-small\">\n\t\t\t\t<span class=\"proradio-date\"><i class=\"material-icons\">today<\/i>29 avril 2025<\/span>\t\t\t\t<span><i class=\"reakticons-eye\"><\/i>56<\/span><span><\/span><span>\t\t<a data-ttgreaktions-lovelink class=\"proradio_reaktions-link \" data-post_id=\"8489\" href=\"#\">\n\t        <span class=\"qtli\"><i class=\"reakticons-heart\"><\/i><\/span><span class=\"qtli count\"><\/span>\n\t    <\/a>\n\t\t<\/span><span>\t\t<a data-ttgreaktions-shareboxfull=\"{&quot;id&quot;:&quot;8489&quot;,&quot;shared&quot;:&quot;https:\\\/\\\/frequencecaraibe.com\\\/index.php\\\/podcast\\\/se-nou-menm-invite-yann-dolor-president-de-lassociation-a-c-l-m\\\/&quot;,&quot;title&quot;:&quot;S\\u00c9 NOU MENM \\\/ INVIT\\u00c9 : YANN DOLOR PR\\u00c9SIDENT DE L&rsquo;ASSOCIATION A.C.L.M&quot;,&quot;finalUrl&quot;:&quot;https:\\\/\\\/frequencecaraibe.com\\\/index.php\\\/podcast\\\/se-nou-menm-invite-yann-dolor-president-de-lassociation-a-c-l-m\\\/?id=8489&amp;reaktions-share-fullpage=8489&amp;noajax=1&amp;label=Partager&amp;btnclass=proradio-btn proradio-btn__r&amp;secure=7152874e82&quot;}\" href=\"#nojax\" class=\"proradio_reaktions-link \">\n\t\t\t<span class=\"qtli\"><i class=\"reakticons-share\"><\/i><\/span><span class=\"count\"><\/span>\n\t\t<\/a>\n\t\t<\/span>\t\t\t<\/p>\n\t\t<\/div>\n\t<\/div>\n\t<\/article>\n\t\t\t\t\t\t<\/div>\n\t\t\t\t\t\t\t\t\t\t\t\t<div class=\"proradio-col proradio-col__post proradio-s12 proradio-m6 proradio-l3\">\n\t\t\t\t\t\t\t<article class=\"proradio-post proradio-post__card proradio-post__card--podcast proradio-podcast-episode proradio-darkbg proradio-negative post-8415 podcast type-podcast status-publish has-post-thumbnail hentry podcastfilter-itv\" data-qtwaypoints>\n\t<div class=\"proradio-bgimg proradio-bgimg--full proradio-duotone\">\n\t\t<img loading=\"lazy\" decoding=\"async\" width=\"770\" height=\"770\" src=\"https:\/\/frequencecaraibe.com\/wp-content\/uploads\/2025\/04\/Se-nou-menm-FRANCIS-PETRIS-770x770.png\" class=\"proradio-post__thumb wp-post-image\" alt=\"\" srcset=\"https:\/\/frequencecaraibe.com\/wp-content\/uploads\/2025\/04\/Se-nou-menm-FRANCIS-PETRIS-770x770.png 770w, https:\/\/frequencecaraibe.com\/wp-content\/uploads\/2025\/04\/Se-nou-menm-FRANCIS-PETRIS-150x150.png 150w, https:\/\/frequencecaraibe.com\/wp-content\/uploads\/2025\/04\/Se-nou-menm-FRANCIS-PETRIS-768x768.png 768w, https:\/\/frequencecaraibe.com\/wp-content\/uploads\/2025\/04\/Se-nou-menm-FRANCIS-PETRIS-100x100.png 100w, https:\/\/frequencecaraibe.com\/wp-content\/uploads\/2025\/04\/Se-nou-menm-FRANCIS-PETRIS-370x370.png 370w, https:\/\/frequencecaraibe.com\/wp-content\/uploads\/2025\/04\/Se-nou-menm-FRANCIS-PETRIS.png 1080w\" sizes=\"(max-width: 770px) 100vw, 770px\" \/>\t<\/div>\n\t\t<div class=\"proradio-post__headercont\">\n\t\t<a class=\"proradio-post__header__link\" href=\"https:\/\/frequencecaraibe.com\/index.php\/podcast\/se-nou-menm-trophee-du-commerce-2025-prix-de-qualite-pour-ziouka-glaces\/\"><\/a>\n\t\t<div class=\"proradio-actions__cont\">\n\t<div class=\"proradio-actions\">\n\t\t\t\t<a href=\"https:\/\/frequencecaraibe.com\/index.php\/podcast\/se-nou-menm-trophee-du-commerce-2025-prix-de-qualite-pour-ziouka-glaces\/\" class=\"proradio-actionicon\">\n\t\t\t<i class=\"material-icons\">insert_link<\/i>\n\t\t<\/a>\n\t\t\n\n\t\t\t\t<span class=\"proradio-actions__a1\">\t\t<a data-ttgreaktions-shareboxfull=\"{&quot;id&quot;:&quot;8415&quot;,&quot;shared&quot;:&quot;https:\\\/\\\/frequencecaraibe.com\\\/index.php\\\/podcast\\\/se-nou-menm-trophee-du-commerce-2025-prix-de-qualite-pour-ziouka-glaces\\\/&quot;,&quot;title&quot;:&quot;S\\u00c9 NOU MENM \\\/ TROPH\\u00c9E DU COMMERCE 2025, PRIX DE QUALIT\\u00c9 POUR ZIOUKA GLACES&quot;,&quot;finalUrl&quot;:&quot;https:\\\/\\\/frequencecaraibe.com\\\/index.php\\\/podcast\\\/se-nou-menm-trophee-du-commerce-2025-prix-de-qualite-pour-ziouka-glaces\\\/?id=8415&amp;reaktions-share-fullpage=8415&amp;noajax=1&amp;label=Partager&amp;btnclass=proradio-btn  proradio-btn__r&amp;secure=7152874e82&quot;}\" href=\"#nojax\" class=\"proradio_reaktions-link \">\n\t\t\t<span class=\"qtli\"><i class=\"reakticons-share\"><\/i><\/span><span class=\"count\"><\/span>\n\t\t<\/a>\n\t\t<\/span>\n\t\t\n\n\t\t\t\t<span class=\"proradio-actions__a2\">\t\t<a data-ttgreaktions-lovelink class=\"proradio_reaktions-link \" data-post_id=\"8415\" href=\"#\">\n\t        <span class=\"qtli\"><i class=\"reakticons-heart\"><\/i><\/span><span class=\"qtli count\"><\/span>\n\t    <\/a>\n\t\t<\/span>\n\t\t\t<\/div>\n<\/div>\n\n\n\t\t<div class=\"proradio-post__card__cap\">\n\t\t\t<p class=\"proradio-cats\">\n\t\t\t\t<a href=\"https:\/\/frequencecaraibe.com\/index.php\/podcastfilter\/itv\/\" class=\"proradio-catid-98\">ITV<\/a>\t\t\t<\/p>\n\t\t\t<h3 class=\"proradio-post__title proradio-h4 proradio-cutme-t-2\"><a href=\"https:\/\/frequencecaraibe.com\/index.php\/podcast\/se-nou-menm-trophee-du-commerce-2025-prix-de-qualite-pour-ziouka-glaces\/\">S\u00c9 NOU MENM \/ TROPH\u00c9E DU COMMERCE 2025, PRIX DE QUALIT\u00c9 POUR ZIOUKA GLACES<\/a><\/h3>\n\t\t\t<p class=\"proradio-meta proradio-small\">\n\t\t\t\t<span class=\"proradio-date\"><i class=\"material-icons\">today<\/i>22 avril 2025<\/span>\t\t\t\t<span><i class=\"reakticons-eye\"><\/i>52<\/span><span><\/span><span>\t\t<a data-ttgreaktions-lovelink class=\"proradio_reaktions-link \" data-post_id=\"8415\" href=\"#\">\n\t        <span class=\"qtli\"><i class=\"reakticons-heart\"><\/i><\/span><span class=\"qtli count\"><\/span>\n\t    <\/a>\n\t\t<\/span><span>\t\t<a data-ttgreaktions-shareboxfull=\"{&quot;id&quot;:&quot;8415&quot;,&quot;shared&quot;:&quot;https:\\\/\\\/frequencecaraibe.com\\\/index.php\\\/podcast\\\/se-nou-menm-trophee-du-commerce-2025-prix-de-qualite-pour-ziouka-glaces\\\/&quot;,&quot;title&quot;:&quot;S\\u00c9 NOU MENM \\\/ TROPH\\u00c9E DU COMMERCE 2025, PRIX DE QUALIT\\u00c9 POUR ZIOUKA GLACES&quot;,&quot;finalUrl&quot;:&quot;https:\\\/\\\/frequencecaraibe.com\\\/index.php\\\/podcast\\\/se-nou-menm-trophee-du-commerce-2025-prix-de-qualite-pour-ziouka-glaces\\\/?id=8415&amp;reaktions-share-fullpage=8415&amp;noajax=1&amp;label=Partager&amp;btnclass=proradio-btn proradio-btn__r&amp;secure=7152874e82&quot;}\" href=\"#nojax\" class=\"proradio_reaktions-link \">\n\t\t\t<span class=\"qtli\"><i class=\"reakticons-share\"><\/i><\/span><span class=\"count\"><\/span>\n\t\t<\/a>\n\t\t<\/span>\t\t\t<\/p>\n\t\t<\/div>\n\t<\/div>\n\t<\/article>\n\t\t\t\t\t\t<\/div>\n\t\t\t\t\t\t\t\t\t\t\t\t<div class=\"proradio-col proradio-col__post proradio-s12 proradio-m6 proradio-l3\">\n\t\t\t\t\t\t\t<article class=\"proradio-post proradio-post__card proradio-post__card--podcast proradio-podcast-episode proradio-darkbg proradio-negative post-8386 podcast type-podcast status-publish has-post-thumbnail hentry podcastfilter-itv\" data-qtwaypoints>\n\t<div class=\"proradio-bgimg proradio-bgimg--full proradio-duotone\">\n\t\t<img loading=\"lazy\" decoding=\"async\" width=\"600\" height=\"600\" src=\"https:\/\/frequencecaraibe.com\/wp-content\/uploads\/2025\/04\/ADIE.png\" class=\"proradio-post__thumb wp-post-image\" alt=\"\" srcset=\"https:\/\/frequencecaraibe.com\/wp-content\/uploads\/2025\/04\/ADIE.png 600w, https:\/\/frequencecaraibe.com\/wp-content\/uploads\/2025\/04\/ADIE-150x150.png 150w, https:\/\/frequencecaraibe.com\/wp-content\/uploads\/2025\/04\/ADIE-100x100.png 100w, https:\/\/frequencecaraibe.com\/wp-content\/uploads\/2025\/04\/ADIE-370x370.png 370w\" sizes=\"(max-width: 600px) 100vw, 600px\" \/>\t<\/div>\n\t\t<div class=\"proradio-post__headercont\">\n\t\t<a class=\"proradio-post__header__link\" href=\"https:\/\/frequencecaraibe.com\/index.php\/podcast\/jentreprends-avec-l-adie-theme-micro-credit-express-univert\/\"><\/a>\n\t\t<div class=\"proradio-actions__cont\">\n\t<div class=\"proradio-actions\">\n\t\t\t\t<a href=\"https:\/\/frequencecaraibe.com\/index.php\/podcast\/jentreprends-avec-l-adie-theme-micro-credit-express-univert\/\" class=\"proradio-actionicon\">\n\t\t\t<i class=\"material-icons\">insert_link<\/i>\n\t\t<\/a>\n\t\t\n\n\t\t\t\t<span class=\"proradio-actions__a1\">\t\t<a data-ttgreaktions-shareboxfull=\"{&quot;id&quot;:&quot;8386&quot;,&quot;shared&quot;:&quot;https:\\\/\\\/frequencecaraibe.com\\\/index.php\\\/podcast\\\/jentreprends-avec-l-adie-theme-micro-credit-express-univert\\\/&quot;,&quot;title&quot;:&quot;J&rsquo;ENTREPRENDS AVEC L&rsquo; ADIE \\\/ TH\\u00c8ME : MICRO CR\\u00c9DIT EXPRESS &#038; UNIVERT&quot;,&quot;finalUrl&quot;:&quot;https:\\\/\\\/frequencecaraibe.com\\\/index.php\\\/podcast\\\/jentreprends-avec-l-adie-theme-micro-credit-express-univert\\\/?id=8386&amp;reaktions-share-fullpage=8386&amp;noajax=1&amp;label=Partager&amp;btnclass=proradio-btn  proradio-btn__r&amp;secure=7152874e82&quot;}\" href=\"#nojax\" class=\"proradio_reaktions-link \">\n\t\t\t<span class=\"qtli\"><i class=\"reakticons-share\"><\/i><\/span><span class=\"count\"><\/span>\n\t\t<\/a>\n\t\t<\/span>\n\t\t\n\n\t\t\t\t<span class=\"proradio-actions__a2\">\t\t<a data-ttgreaktions-lovelink class=\"proradio_reaktions-link \" data-post_id=\"8386\" href=\"#\">\n\t        <span class=\"qtli\"><i class=\"reakticons-heart\"><\/i><\/span><span class=\"qtli count\"><\/span>\n\t    <\/a>\n\t\t<\/span>\n\t\t\t<\/div>\n<\/div>\n\n\n\t\t<div class=\"proradio-post__card__cap\">\n\t\t\t<p class=\"proradio-cats\">\n\t\t\t\t<a href=\"https:\/\/frequencecaraibe.com\/index.php\/podcastfilter\/itv\/\" class=\"proradio-catid-98\">ITV<\/a>\t\t\t<\/p>\n\t\t\t<h3 class=\"proradio-post__title proradio-h4 proradio-cutme-t-2\"><a href=\"https:\/\/frequencecaraibe.com\/index.php\/podcast\/jentreprends-avec-l-adie-theme-micro-credit-express-univert\/\">J&rsquo;ENTREPRENDS AVEC L&rsquo; ADIE \/ TH\u00c8ME : MICRO CR\u00c9DIT EXPRESS &#038; UNIVERT<\/a><\/h3>\n\t\t\t<p class=\"proradio-meta proradio-small\">\n\t\t\t\t<span class=\"proradio-date\"><i class=\"material-icons\">today<\/i>17 avril 2025<\/span>\t\t\t\t<span><i class=\"reakticons-eye\"><\/i>58<\/span><span><\/span><span>\t\t<a data-ttgreaktions-lovelink class=\"proradio_reaktions-link \" data-post_id=\"8386\" href=\"#\">\n\t        <span class=\"qtli\"><i class=\"reakticons-heart\"><\/i><\/span><span class=\"qtli count\"><\/span>\n\t    <\/a>\n\t\t<\/span><span>\t\t<a data-ttgreaktions-shareboxfull=\"{&quot;id&quot;:&quot;8386&quot;,&quot;shared&quot;:&quot;https:\\\/\\\/frequencecaraibe.com\\\/index.php\\\/podcast\\\/jentreprends-avec-l-adie-theme-micro-credit-express-univert\\\/&quot;,&quot;title&quot;:&quot;J&rsquo;ENTREPRENDS AVEC L&rsquo; ADIE \\\/ TH\\u00c8ME : MICRO CR\\u00c9DIT EXPRESS &#038; UNIVERT&quot;,&quot;finalUrl&quot;:&quot;https:\\\/\\\/frequencecaraibe.com\\\/index.php\\\/podcast\\\/jentreprends-avec-l-adie-theme-micro-credit-express-univert\\\/?id=8386&amp;reaktions-share-fullpage=8386&amp;noajax=1&amp;label=Partager&amp;btnclass=proradio-btn proradio-btn__r&amp;secure=7152874e82&quot;}\" href=\"#nojax\" class=\"proradio_reaktions-link \">\n\t\t\t<span class=\"qtli\"><i class=\"reakticons-share\"><\/i><\/span><span class=\"count\"><\/span>\n\t\t<\/a>\n\t\t<\/span>\t\t\t<\/p>\n\t\t<\/div>\n\t<\/div>\n\t<\/article>\n\t\t\t\t\t\t<\/div>\n\t\t\t\t\t\t\t\t\t\t\t\t<div class=\"proradio-col proradio-col__post proradio-s12 proradio-m6 proradio-l3\">\n\t\t\t\t\t\t\t<article class=\"proradio-post proradio-post__card proradio-post__card--podcast proradio-podcast-episode proradio-darkbg proradio-negative post-8225 podcast type-podcast status-publish has-post-thumbnail hentry podcastfilter-itv\" data-qtwaypoints>\n\t<div class=\"proradio-bgimg proradio-bgimg--full proradio-duotone\">\n\t\t<img loading=\"lazy\" decoding=\"async\" width=\"600\" height=\"600\" src=\"https:\/\/frequencecaraibe.com\/wp-content\/uploads\/2025\/04\/Moun-ki-fe-lewop3.png\" class=\"proradio-post__thumb wp-post-image\" alt=\"\" srcset=\"https:\/\/frequencecaraibe.com\/wp-content\/uploads\/2025\/04\/Moun-ki-fe-lewop3.png 600w, https:\/\/frequencecaraibe.com\/wp-content\/uploads\/2025\/04\/Moun-ki-fe-lewop3-150x150.png 150w, https:\/\/frequencecaraibe.com\/wp-content\/uploads\/2025\/04\/Moun-ki-fe-lewop3-100x100.png 100w, https:\/\/frequencecaraibe.com\/wp-content\/uploads\/2025\/04\/Moun-ki-fe-lewop3-370x370.png 370w\" sizes=\"(max-width: 600px) 100vw, 600px\" \/>\t<\/div>\n\t\t<div class=\"proradio-post__headercont\">\n\t\t<a class=\"proradio-post__header__link\" href=\"https:\/\/frequencecaraibe.com\/index.php\/podcast\/moun-ki-fe-lewop-theme-loctroi-de-mer-en-martinique-et-limpact-de-lue\/\"><\/a>\n\t\t<div class=\"proradio-actions__cont\">\n\t<div class=\"proradio-actions\">\n\t\t\t\t<a href=\"https:\/\/frequencecaraibe.com\/index.php\/podcast\/moun-ki-fe-lewop-theme-loctroi-de-mer-en-martinique-et-limpact-de-lue\/\" class=\"proradio-actionicon\">\n\t\t\t<i class=\"material-icons\">insert_link<\/i>\n\t\t<\/a>\n\t\t\n\n\t\t\t\t<span class=\"proradio-actions__a1\">\t\t<a data-ttgreaktions-shareboxfull=\"{&quot;id&quot;:&quot;8225&quot;,&quot;shared&quot;:&quot;https:\\\/\\\/frequencecaraibe.com\\\/index.php\\\/podcast\\\/moun-ki-fe-lewop-theme-loctroi-de-mer-en-martinique-et-limpact-de-lue\\\/&quot;,&quot;title&quot;:&quot;MOUN KI F\\u00c8 L&rsquo;EWOP\\\/ TH\\u00c8ME : L&rsquo;OCTROI DE MER EN MARTINIQUE ET L&rsquo;IMPACT DE L&rsquo;UE&quot;,&quot;finalUrl&quot;:&quot;https:\\\/\\\/frequencecaraibe.com\\\/index.php\\\/podcast\\\/moun-ki-fe-lewop-theme-loctroi-de-mer-en-martinique-et-limpact-de-lue\\\/?id=8225&amp;reaktions-share-fullpage=8225&amp;noajax=1&amp;label=Partager&amp;btnclass=proradio-btn  proradio-btn__r&amp;secure=7152874e82&quot;}\" href=\"#nojax\" class=\"proradio_reaktions-link \">\n\t\t\t<span class=\"qtli\"><i class=\"reakticons-share\"><\/i><\/span><span class=\"count\"><\/span>\n\t\t<\/a>\n\t\t<\/span>\n\t\t\n\n\t\t\t\t<span class=\"proradio-actions__a2\">\t\t<a data-ttgreaktions-lovelink class=\"proradio_reaktions-link \" data-post_id=\"8225\" href=\"#\">\n\t        <span class=\"qtli\"><i class=\"reakticons-heart\"><\/i><\/span><span class=\"qtli count\"><\/span>\n\t    <\/a>\n\t\t<\/span>\n\t\t\t<\/div>\n<\/div>\n\n\n\t\t<div class=\"proradio-post__card__cap\">\n\t\t\t<p class=\"proradio-cats\">\n\t\t\t\t<a href=\"https:\/\/frequencecaraibe.com\/index.php\/podcastfilter\/itv\/\" class=\"proradio-catid-98\">ITV<\/a>\t\t\t<\/p>\n\t\t\t<h3 class=\"proradio-post__title proradio-h4 proradio-cutme-t-2\"><a href=\"https:\/\/frequencecaraibe.com\/index.php\/podcast\/moun-ki-fe-lewop-theme-loctroi-de-mer-en-martinique-et-limpact-de-lue\/\">MOUN KI F\u00c8 L&rsquo;EWOP\/ TH\u00c8ME : L&rsquo;OCTROI DE MER EN MARTINIQUE ET L&rsquo;IMPACT DE L&rsquo;UE<\/a><\/h3>\n\t\t\t<p class=\"proradio-meta proradio-small\">\n\t\t\t\t<span class=\"proradio-date\"><i class=\"material-icons\">today<\/i>3 avril 2025<\/span>\t\t\t\t<span><i class=\"reakticons-eye\"><\/i>109<\/span><span><\/span><span>\t\t<a data-ttgreaktions-lovelink class=\"proradio_reaktions-link \" data-post_id=\"8225\" href=\"#\">\n\t        <span class=\"qtli\"><i class=\"reakticons-heart\"><\/i><\/span><span class=\"qtli count\"><\/span>\n\t    <\/a>\n\t\t<\/span><span>\t\t<a data-ttgreaktions-shareboxfull=\"{&quot;id&quot;:&quot;8225&quot;,&quot;shared&quot;:&quot;https:\\\/\\\/frequencecaraibe.com\\\/index.php\\\/podcast\\\/moun-ki-fe-lewop-theme-loctroi-de-mer-en-martinique-et-limpact-de-lue\\\/&quot;,&quot;title&quot;:&quot;MOUN KI F\\u00c8 L&rsquo;EWOP\\\/ TH\\u00c8ME : L&rsquo;OCTROI DE MER EN MARTINIQUE ET L&rsquo;IMPACT DE L&rsquo;UE&quot;,&quot;finalUrl&quot;:&quot;https:\\\/\\\/frequencecaraibe.com\\\/index.php\\\/podcast\\\/moun-ki-fe-lewop-theme-loctroi-de-mer-en-martinique-et-limpact-de-lue\\\/?id=8225&amp;reaktions-share-fullpage=8225&amp;noajax=1&amp;label=Partager&amp;btnclass=proradio-btn proradio-btn__r&amp;secure=7152874e82&quot;}\" href=\"#nojax\" class=\"proradio_reaktions-link \">\n\t\t\t<span class=\"qtli\"><i class=\"reakticons-share\"><\/i><\/span><span class=\"count\"><\/span>\n\t\t<\/a>\n\t\t<\/span>\t\t\t<\/p>\n\t\t<\/div>\n\t<\/div>\n\t<\/article>\n\t\t\t\t\t\t<\/div>\n\t\t\t\t\t\t\t\t\t\t\t\t<div class=\"proradio-col proradio-col__post proradio-s12 proradio-m6 proradio-l3\">\n\t\t\t\t\t\t\t<article class=\"proradio-post proradio-post__card proradio-post__card--podcast proradio-podcast-episode proradio-darkbg proradio-negative post-8304 podcast type-podcast status-publish has-post-thumbnail hentry podcastfilter-itv\" data-qtwaypoints>\n\t<div class=\"proradio-bgimg proradio-bgimg--full proradio-duotone\">\n\t\t<img loading=\"lazy\" decoding=\"async\" width=\"600\" height=\"600\" src=\"https:\/\/frequencecaraibe.com\/wp-content\/uploads\/2025\/04\/Filharmonie-le-sommeil.png\" class=\"proradio-post__thumb wp-post-image\" alt=\"\" srcset=\"https:\/\/frequencecaraibe.com\/wp-content\/uploads\/2025\/04\/Filharmonie-le-sommeil.png 600w, https:\/\/frequencecaraibe.com\/wp-content\/uploads\/2025\/04\/Filharmonie-le-sommeil-150x150.png 150w, https:\/\/frequencecaraibe.com\/wp-content\/uploads\/2025\/04\/Filharmonie-le-sommeil-100x100.png 100w, https:\/\/frequencecaraibe.com\/wp-content\/uploads\/2025\/04\/Filharmonie-le-sommeil-370x370.png 370w\" sizes=\"(max-width: 600px) 100vw, 600px\" \/>\t<\/div>\n\t\t<div class=\"proradio-post__headercont\">\n\t\t<a class=\"proradio-post__header__link\" href=\"https:\/\/frequencecaraibe.com\/index.php\/podcast\/filharmonie-theme-le-sommeil\/\"><\/a>\n\t\t<div class=\"proradio-actions__cont\">\n\t<div class=\"proradio-actions\">\n\t\t\t\t<a href=\"https:\/\/frequencecaraibe.com\/index.php\/podcast\/filharmonie-theme-le-sommeil\/\" class=\"proradio-actionicon\">\n\t\t\t<i class=\"material-icons\">insert_link<\/i>\n\t\t<\/a>\n\t\t\n\n\t\t\t\t<span class=\"proradio-actions__a1\">\t\t<a data-ttgreaktions-shareboxfull=\"{&quot;id&quot;:&quot;8304&quot;,&quot;shared&quot;:&quot;https:\\\/\\\/frequencecaraibe.com\\\/index.php\\\/podcast\\\/filharmonie-theme-le-sommeil\\\/&quot;,&quot;title&quot;:&quot;FIL&rsquo;HARMONIE \\\/ TH\\u00c8ME : LE SOMMEIL&quot;,&quot;finalUrl&quot;:&quot;https:\\\/\\\/frequencecaraibe.com\\\/index.php\\\/podcast\\\/filharmonie-theme-le-sommeil\\\/?id=8304&amp;reaktions-share-fullpage=8304&amp;noajax=1&amp;label=Partager&amp;btnclass=proradio-btn  proradio-btn__r&amp;secure=7152874e82&quot;}\" href=\"#nojax\" class=\"proradio_reaktions-link \">\n\t\t\t<span class=\"qtli\"><i class=\"reakticons-share\"><\/i><\/span><span class=\"count\"><\/span>\n\t\t<\/a>\n\t\t<\/span>\n\t\t\n\n\t\t\t\t<span class=\"proradio-actions__a2\">\t\t<a data-ttgreaktions-lovelink class=\"proradio_reaktions-link \" data-post_id=\"8304\" href=\"#\">\n\t        <span class=\"qtli\"><i class=\"reakticons-heart\"><\/i><\/span><span class=\"qtli count\"><\/span>\n\t    <\/a>\n\t\t<\/span>\n\t\t\t<\/div>\n<\/div>\n\n\n\t\t<div class=\"proradio-post__card__cap\">\n\t\t\t<p class=\"proradio-cats\">\n\t\t\t\t<a href=\"https:\/\/frequencecaraibe.com\/index.php\/podcastfilter\/itv\/\" class=\"proradio-catid-98\">ITV<\/a>\t\t\t<\/p>\n\t\t\t<h3 class=\"proradio-post__title proradio-h4 proradio-cutme-t-2\"><a href=\"https:\/\/frequencecaraibe.com\/index.php\/podcast\/filharmonie-theme-le-sommeil\/\">FIL&rsquo;HARMONIE \/ TH\u00c8ME : LE SOMMEIL<\/a><\/h3>\n\t\t\t<p class=\"proradio-meta proradio-small\">\n\t\t\t\t<span class=\"proradio-date\"><i class=\"material-icons\">today<\/i>9 avril 2025<\/span>\t\t\t\t<span><i class=\"reakticons-eye\"><\/i>57<\/span><span><\/span><span>\t\t<a data-ttgreaktions-lovelink class=\"proradio_reaktions-link \" data-post_id=\"8304\" href=\"#\">\n\t        <span class=\"qtli\"><i class=\"reakticons-heart\"><\/i><\/span><span class=\"qtli count\"><\/span>\n\t    <\/a>\n\t\t<\/span><span>\t\t<a data-ttgreaktions-shareboxfull=\"{&quot;id&quot;:&quot;8304&quot;,&quot;shared&quot;:&quot;https:\\\/\\\/frequencecaraibe.com\\\/index.php\\\/podcast\\\/filharmonie-theme-le-sommeil\\\/&quot;,&quot;title&quot;:&quot;FIL&rsquo;HARMONIE \\\/ TH\\u00c8ME : LE SOMMEIL&quot;,&quot;finalUrl&quot;:&quot;https:\\\/\\\/frequencecaraibe.com\\\/index.php\\\/podcast\\\/filharmonie-theme-le-sommeil\\\/?id=8304&amp;reaktions-share-fullpage=8304&amp;noajax=1&amp;label=Partager&amp;btnclass=proradio-btn proradio-btn__r&amp;secure=7152874e82&quot;}\" href=\"#nojax\" class=\"proradio_reaktions-link \">\n\t\t\t<span class=\"qtli\"><i class=\"reakticons-share\"><\/i><\/span><span class=\"count\"><\/span>\n\t\t<\/a>\n\t\t<\/span>\t\t\t<\/p>\n\t\t<\/div>\n\t<\/div>\n\t<\/article>\n\t\t\t\t\t\t<\/div>\n\t\t\t\t\t\t\t\t\t\t\t\t<div class=\"proradio-col proradio-col__post proradio-s12 proradio-m6 proradio-l3\">\n\t\t\t\t\t\t\t<article class=\"proradio-post proradio-post__card proradio-post__card--podcast proradio-podcast-episode proradio-darkbg proradio-negative post-8201 podcast type-podcast status-publish has-post-thumbnail hentry podcastfilter-itv\" data-qtwaypoints>\n\t<div class=\"proradio-bgimg proradio-bgimg--full proradio-duotone\">\n\t\t<img loading=\"lazy\" decoding=\"async\" width=\"770\" height=\"770\" src=\"https:\/\/frequencecaraibe.com\/wp-content\/uploads\/2025\/04\/A-VOS-DROITS-THEME-CONDUITE-SANS-PERMIS-770x770.png\" class=\"proradio-post__thumb wp-post-image\" alt=\"\" srcset=\"https:\/\/frequencecaraibe.com\/wp-content\/uploads\/2025\/04\/A-VOS-DROITS-THEME-CONDUITE-SANS-PERMIS-770x770.png 770w, https:\/\/frequencecaraibe.com\/wp-content\/uploads\/2025\/04\/A-VOS-DROITS-THEME-CONDUITE-SANS-PERMIS-150x150.png 150w, https:\/\/frequencecaraibe.com\/wp-content\/uploads\/2025\/04\/A-VOS-DROITS-THEME-CONDUITE-SANS-PERMIS-768x768.png 768w, https:\/\/frequencecaraibe.com\/wp-content\/uploads\/2025\/04\/A-VOS-DROITS-THEME-CONDUITE-SANS-PERMIS-100x100.png 100w, https:\/\/frequencecaraibe.com\/wp-content\/uploads\/2025\/04\/A-VOS-DROITS-THEME-CONDUITE-SANS-PERMIS-370x370.png 370w, https:\/\/frequencecaraibe.com\/wp-content\/uploads\/2025\/04\/A-VOS-DROITS-THEME-CONDUITE-SANS-PERMIS.png 1080w\" sizes=\"(max-width: 770px) 100vw, 770px\" \/>\t<\/div>\n\t\t<div class=\"proradio-post__headercont\">\n\t\t<a class=\"proradio-post__header__link\" href=\"https:\/\/frequencecaraibe.com\/index.php\/podcast\/a-vos-droits-theme-assurance-habitation\/\"><\/a>\n\t\t<div class=\"proradio-actions__cont\">\n\t<div class=\"proradio-actions\">\n\t\t\t\t<a href=\"https:\/\/frequencecaraibe.com\/index.php\/podcast\/a-vos-droits-theme-assurance-habitation\/\" class=\"proradio-actionicon\">\n\t\t\t<i class=\"material-icons\">insert_link<\/i>\n\t\t<\/a>\n\t\t\n\n\t\t\t\t<span class=\"proradio-actions__a1\">\t\t<a data-ttgreaktions-shareboxfull=\"{&quot;id&quot;:&quot;8201&quot;,&quot;shared&quot;:&quot;https:\\\/\\\/frequencecaraibe.com\\\/index.php\\\/podcast\\\/a-vos-droits-theme-assurance-habitation\\\/&quot;,&quot;title&quot;:&quot;A VOS DROITS \\\/ TH\\u00c8ME : ASSURANCE HABITATION&quot;,&quot;finalUrl&quot;:&quot;https:\\\/\\\/frequencecaraibe.com\\\/index.php\\\/podcast\\\/a-vos-droits-theme-assurance-habitation\\\/?id=8201&amp;reaktions-share-fullpage=8201&amp;noajax=1&amp;label=Partager&amp;btnclass=proradio-btn  proradio-btn__r&amp;secure=7152874e82&quot;}\" href=\"#nojax\" class=\"proradio_reaktions-link \">\n\t\t\t<span class=\"qtli\"><i class=\"reakticons-share\"><\/i><\/span><span class=\"count\"><\/span>\n\t\t<\/a>\n\t\t<\/span>\n\t\t\n\n\t\t\t\t<span class=\"proradio-actions__a2\">\t\t<a data-ttgreaktions-lovelink class=\"proradio_reaktions-link \" data-post_id=\"8201\" href=\"#\">\n\t        <span class=\"qtli\"><i class=\"reakticons-heart\"><\/i><\/span><span class=\"qtli count\"><\/span>\n\t    <\/a>\n\t\t<\/span>\n\t\t\t<\/div>\n<\/div>\n\n\n\t\t<div class=\"proradio-post__card__cap\">\n\t\t\t<p class=\"proradio-cats\">\n\t\t\t\t<a href=\"https:\/\/frequencecaraibe.com\/index.php\/podcastfilter\/itv\/\" class=\"proradio-catid-98\">ITV<\/a>\t\t\t<\/p>\n\t\t\t<h3 class=\"proradio-post__title proradio-h4 proradio-cutme-t-2\"><a href=\"https:\/\/frequencecaraibe.com\/index.php\/podcast\/a-vos-droits-theme-assurance-habitation\/\">A VOS DROITS \/ TH\u00c8ME : ASSURANCE HABITATION<\/a><\/h3>\n\t\t\t<p class=\"proradio-meta proradio-small\">\n\t\t\t\t<span class=\"proradio-date\"><i class=\"material-icons\">today<\/i>2 avril 2025<\/span>\t\t\t\t<span><i class=\"reakticons-eye\"><\/i>73<\/span><span><\/span><span>\t\t<a data-ttgreaktions-lovelink class=\"proradio_reaktions-link \" data-post_id=\"8201\" href=\"#\">\n\t        <span class=\"qtli\"><i class=\"reakticons-heart\"><\/i><\/span><span class=\"qtli count\"><\/span>\n\t    <\/a>\n\t\t<\/span><span>\t\t<a data-ttgreaktions-shareboxfull=\"{&quot;id&quot;:&quot;8201&quot;,&quot;shared&quot;:&quot;https:\\\/\\\/frequencecaraibe.com\\\/index.php\\\/podcast\\\/a-vos-droits-theme-assurance-habitation\\\/&quot;,&quot;title&quot;:&quot;A VOS DROITS \\\/ TH\\u00c8ME : ASSURANCE HABITATION&quot;,&quot;finalUrl&quot;:&quot;https:\\\/\\\/frequencecaraibe.com\\\/index.php\\\/podcast\\\/a-vos-droits-theme-assurance-habitation\\\/?id=8201&amp;reaktions-share-fullpage=8201&amp;noajax=1&amp;label=Partager&amp;btnclass=proradio-btn proradio-btn__r&amp;secure=7152874e82&quot;}\" href=\"#nojax\" class=\"proradio_reaktions-link \">\n\t\t\t<span class=\"qtli\"><i class=\"reakticons-share\"><\/i><\/span><span class=\"count\"><\/span>\n\t\t<\/a>\n\t\t<\/span>\t\t\t<\/p>\n\t\t<\/div>\n\t<\/div>\n\t<\/article>\n\t\t\t\t\t\t<\/div>\n\t\t\t\t\t\t\t\t\t\t<\/div>\n\t\t\t<\/div>\n\t\t\t\t\t\t\t<\/div>\n\t\t\t\t<\/div>\n\t\t\t\t\t<\/div>\n\t\t<\/div>\n\t\t\t\t\t<\/div>\n\t\t<\/section>\n\t\t\t\t<\/div>\n\t\t","protected":false},"excerpt":{"rendered":"<p>Ne manquez plus jamais votre \u00e9mission ! PODCASTS \u00c9coutez vos podcasts pr\u00e9f\u00e9r\u00e9s et profitez-en quand vous le souhaitez. podcasts de vos \u00e9missions insert_link ITV MOUN KI F\u00c8 L&rsquo;EWOP\/ TH\u00c8ME : L&rsquo;UE, POLYCRISE ET D\u00c9FIS POUR UNE R\u00c9UNIFICATION today11 mars 2025 3 insert_link ITV FIL&rsquo;HARMONIE \/ TH\u00c8ME : L&rsquo;EXCISION, MUTILATION G\u00c9NITALE ...<\/p>\n","protected":false},"author":1,"featured_media":0,"parent":0,"menu_order":0,"comment_status":"closed","ping_status":"closed","template":"page-visualcomposer.php","meta":{"footnotes":""},"class_list":["post-4632","page","type-page","status-publish","hentry"],"yoast_head":"<!-- This site is optimized with the Yoast SEO plugin v27.2 - https:\/\/yoast.com\/product\/yoast-seo-wordpress\/ -->\n<title>Podcasts - RADIO FREQUENCE CARAIBE<\/title>\n<meta name=\"robots\" content=\"index, follow, max-snippet:-1, max-image-preview:large, max-video-preview:-1\" \/>\n<link rel=\"canonical\" href=\"https:\/\/frequencecaraibe.com\/index.php\/podcasts\/\" \/>\n<meta property=\"og:locale\" content=\"fr_FR\" \/>\n<meta property=\"og:type\" content=\"article\" \/>\n<meta property=\"og:title\" content=\"Podcasts - RADIO FREQUENCE CARAIBE\" \/>\n<meta property=\"og:description\" content=\"Ne manquez plus jamais votre \u00e9mission ! PODCASTS \u00c9coutez vos podcasts pr\u00e9f\u00e9r\u00e9s et profitez-en quand vous le souhaitez. podcasts de vos \u00e9missions insert_link ITV MOUN KI F\u00c8 L&rsquo;EWOP\/ TH\u00c8ME : L&rsquo;UE, POLYCRISE ET D\u00c9FIS POUR UNE R\u00c9UNIFICATION today11 mars 2025 3 insert_link ITV FIL&rsquo;HARMONIE \/ TH\u00c8ME : L&rsquo;EXCISION, MUTILATION G\u00c9NITALE [...]\" \/>\n<meta property=\"og:url\" content=\"https:\/\/frequencecaraibe.com\/index.php\/podcasts\/\" \/>\n<meta property=\"og:site_name\" content=\"RADIO FREQUENCE CARAIBE\" \/>\n<meta property=\"article:modified_time\" content=\"2025-03-12T14:42:42+00:00\" \/>\n<meta property=\"og:image\" content=\"https:\/\/frequencecaraibe.com\/wp-content\/uploads\/2025\/03\/Moun-ki-fe-lewop1-770x770.png\" \/>\n<meta name=\"twitter:card\" content=\"summary_large_image\" \/>\n<meta name=\"twitter:label1\" content=\"Dur\u00e9e de lecture estim\u00e9e\" \/>\n\t<meta name=\"twitter:data1\" content=\"1 minute\" \/>\n<script type=\"application\/ld+json\" class=\"yoast-schema-graph\">{\"@context\":\"https:\/\/schema.org\",\"@graph\":[{\"@type\":\"WebPage\",\"@id\":\"https:\/\/frequencecaraibe.com\/index.php\/podcasts\/\",\"url\":\"https:\/\/frequencecaraibe.com\/index.php\/podcasts\/\",\"name\":\"Podcasts - RADIO FREQUENCE CARAIBE\",\"isPartOf\":{\"@id\":\"https:\/\/frequencecaraibe.com\/#website\"},\"primaryImageOfPage\":{\"@id\":\"https:\/\/frequencecaraibe.com\/index.php\/podcasts\/#primaryimage\"},\"image\":{\"@id\":\"https:\/\/frequencecaraibe.com\/index.php\/podcasts\/#primaryimage\"},\"thumbnailUrl\":\"https:\/\/frequencecaraibe.com\/wp-content\/uploads\/2025\/03\/Moun-ki-fe-lewop1-770x770.png\",\"datePublished\":\"2020-06-03T10:19:54+00:00\",\"dateModified\":\"2025-03-12T14:42:42+00:00\",\"breadcrumb\":{\"@id\":\"https:\/\/frequencecaraibe.com\/index.php\/podcasts\/#breadcrumb\"},\"inLanguage\":\"fr-FR\",\"potentialAction\":[{\"@type\":\"ReadAction\",\"target\":[\"https:\/\/frequencecaraibe.com\/index.php\/podcasts\/\"]}]},{\"@type\":\"ImageObject\",\"inLanguage\":\"fr-FR\",\"@id\":\"https:\/\/frequencecaraibe.com\/index.php\/podcasts\/#primaryimage\",\"url\":\"https:\/\/frequencecaraibe.com\/wp-content\/uploads\/2025\/03\/Moun-ki-fe-lewop1.png\",\"contentUrl\":\"https:\/\/frequencecaraibe.com\/wp-content\/uploads\/2025\/03\/Moun-ki-fe-lewop1.png\",\"width\":1080,\"height\":1080},{\"@type\":\"BreadcrumbList\",\"@id\":\"https:\/\/frequencecaraibe.com\/index.php\/podcasts\/#breadcrumb\",\"itemListElement\":[{\"@type\":\"ListItem\",\"position\":1,\"name\":\"Accueil\",\"item\":\"https:\/\/frequencecaraibe.com\/\"},{\"@type\":\"ListItem\",\"position\":2,\"name\":\"Podcasts\"}]},{\"@type\":\"WebSite\",\"@id\":\"https:\/\/frequencecaraibe.com\/#website\",\"url\":\"https:\/\/frequencecaraibe.com\/\",\"name\":\"RADIO FREQUENCE CARAIBE\",\"description\":\"La radio de la cote caraibe !\",\"publisher\":{\"@id\":\"https:\/\/frequencecaraibe.com\/#organization\"},\"potentialAction\":[{\"@type\":\"SearchAction\",\"target\":{\"@type\":\"EntryPoint\",\"urlTemplate\":\"https:\/\/frequencecaraibe.com\/?s={search_term_string}\"},\"query-input\":{\"@type\":\"PropertyValueSpecification\",\"valueRequired\":true,\"valueName\":\"search_term_string\"}}],\"inLanguage\":\"fr-FR\"},{\"@type\":\"Organization\",\"@id\":\"https:\/\/frequencecaraibe.com\/#organization\",\"name\":\"RADIO FREQUENCE CARAIBE\",\"url\":\"https:\/\/frequencecaraibe.com\/\",\"logo\":{\"@type\":\"ImageObject\",\"inLanguage\":\"fr-FR\",\"@id\":\"https:\/\/frequencecaraibe.com\/#\/schema\/logo\/image\/\",\"url\":\"https:\/\/frequencecaraibe.com\/wp-content\/uploads\/2020\/06\/logo_rfc.jpg\",\"contentUrl\":\"https:\/\/frequencecaraibe.com\/wp-content\/uploads\/2020\/06\/logo_rfc.jpg\",\"width\":500,\"height\":500,\"caption\":\"RADIO FREQUENCE CARAIBE\"},\"image\":{\"@id\":\"https:\/\/frequencecaraibe.com\/#\/schema\/logo\/image\/\"}}]}<\/script>\n<!-- \/ Yoast SEO plugin. -->","yoast_head_json":{"title":"Podcasts - RADIO FREQUENCE CARAIBE","robots":{"index":"index","follow":"follow","max-snippet":"max-snippet:-1","max-image-preview":"max-image-preview:large","max-video-preview":"max-video-preview:-1"},"canonical":"https:\/\/frequencecaraibe.com\/index.php\/podcasts\/","og_locale":"fr_FR","og_type":"article","og_title":"Podcasts - RADIO FREQUENCE CARAIBE","og_description":"Ne manquez plus jamais votre \u00e9mission ! PODCASTS \u00c9coutez vos podcasts pr\u00e9f\u00e9r\u00e9s et profitez-en quand vous le souhaitez. podcasts de vos \u00e9missions insert_link ITV MOUN KI F\u00c8 L&rsquo;EWOP\/ TH\u00c8ME : L&rsquo;UE, POLYCRISE ET D\u00c9FIS POUR UNE R\u00c9UNIFICATION today11 mars 2025 3 insert_link ITV FIL&rsquo;HARMONIE \/ TH\u00c8ME : L&rsquo;EXCISION, MUTILATION G\u00c9NITALE [...]","og_url":"https:\/\/frequencecaraibe.com\/index.php\/podcasts\/","og_site_name":"RADIO FREQUENCE CARAIBE","article_modified_time":"2025-03-12T14:42:42+00:00","og_image":[{"url":"https:\/\/frequencecaraibe.com\/wp-content\/uploads\/2025\/03\/Moun-ki-fe-lewop1-770x770.png","type":"","width":"","height":""}],"twitter_card":"summary_large_image","twitter_misc":{"Dur\u00e9e de lecture estim\u00e9e":"1 minute"},"schema":{"@context":"https:\/\/schema.org","@graph":[{"@type":"WebPage","@id":"https:\/\/frequencecaraibe.com\/index.php\/podcasts\/","url":"https:\/\/frequencecaraibe.com\/index.php\/podcasts\/","name":"Podcasts - RADIO FREQUENCE CARAIBE","isPartOf":{"@id":"https:\/\/frequencecaraibe.com\/#website"},"primaryImageOfPage":{"@id":"https:\/\/frequencecaraibe.com\/index.php\/podcasts\/#primaryimage"},"image":{"@id":"https:\/\/frequencecaraibe.com\/index.php\/podcasts\/#primaryimage"},"thumbnailUrl":"https:\/\/frequencecaraibe.com\/wp-content\/uploads\/2025\/03\/Moun-ki-fe-lewop1-770x770.png","datePublished":"2020-06-03T10:19:54+00:00","dateModified":"2025-03-12T14:42:42+00:00","breadcrumb":{"@id":"https:\/\/frequencecaraibe.com\/index.php\/podcasts\/#breadcrumb"},"inLanguage":"fr-FR","potentialAction":[{"@type":"ReadAction","target":["https:\/\/frequencecaraibe.com\/index.php\/podcasts\/"]}]},{"@type":"ImageObject","inLanguage":"fr-FR","@id":"https:\/\/frequencecaraibe.com\/index.php\/podcasts\/#primaryimage","url":"https:\/\/frequencecaraibe.com\/wp-content\/uploads\/2025\/03\/Moun-ki-fe-lewop1.png","contentUrl":"https:\/\/frequencecaraibe.com\/wp-content\/uploads\/2025\/03\/Moun-ki-fe-lewop1.png","width":1080,"height":1080},{"@type":"BreadcrumbList","@id":"https:\/\/frequencecaraibe.com\/index.php\/podcasts\/#breadcrumb","itemListElement":[{"@type":"ListItem","position":1,"name":"Accueil","item":"https:\/\/frequencecaraibe.com\/"},{"@type":"ListItem","position":2,"name":"Podcasts"}]},{"@type":"WebSite","@id":"https:\/\/frequencecaraibe.com\/#website","url":"https:\/\/frequencecaraibe.com\/","name":"RADIO FREQUENCE CARAIBE","description":"La radio de la cote caraibe !","publisher":{"@id":"https:\/\/frequencecaraibe.com\/#organization"},"potentialAction":[{"@type":"SearchAction","target":{"@type":"EntryPoint","urlTemplate":"https:\/\/frequencecaraibe.com\/?s={search_term_string}"},"query-input":{"@type":"PropertyValueSpecification","valueRequired":true,"valueName":"search_term_string"}}],"inLanguage":"fr-FR"},{"@type":"Organization","@id":"https:\/\/frequencecaraibe.com\/#organization","name":"RADIO FREQUENCE CARAIBE","url":"https:\/\/frequencecaraibe.com\/","logo":{"@type":"ImageObject","inLanguage":"fr-FR","@id":"https:\/\/frequencecaraibe.com\/#\/schema\/logo\/image\/","url":"https:\/\/frequencecaraibe.com\/wp-content\/uploads\/2020\/06\/logo_rfc.jpg","contentUrl":"https:\/\/frequencecaraibe.com\/wp-content\/uploads\/2020\/06\/logo_rfc.jpg","width":500,"height":500,"caption":"RADIO FREQUENCE CARAIBE"},"image":{"@id":"https:\/\/frequencecaraibe.com\/#\/schema\/logo\/image\/"}}]}},"_links":{"self":[{"href":"https:\/\/frequencecaraibe.com\/index.php\/wp-json\/wp\/v2\/pages\/4632","targetHints":{"allow":["GET"]}}],"collection":[{"href":"https:\/\/frequencecaraibe.com\/index.php\/wp-json\/wp\/v2\/pages"}],"about":[{"href":"https:\/\/frequencecaraibe.com\/index.php\/wp-json\/wp\/v2\/types\/page"}],"author":[{"embeddable":true,"href":"https:\/\/frequencecaraibe.com\/index.php\/wp-json\/wp\/v2\/users\/1"}],"replies":[{"embeddable":true,"href":"https:\/\/frequencecaraibe.com\/index.php\/wp-json\/wp\/v2\/comments?post=4632"}],"version-history":[{"count":49,"href":"https:\/\/frequencecaraibe.com\/index.php\/wp-json\/wp\/v2\/pages\/4632\/revisions"}],"predecessor-version":[{"id":7906,"href":"https:\/\/frequencecaraibe.com\/index.php\/wp-json\/wp\/v2\/pages\/4632\/revisions\/7906"}],"wp:attachment":[{"href":"https:\/\/frequencecaraibe.com\/index.php\/wp-json\/wp\/v2\/media?parent=4632"}],"curies":[{"name":"wp","href":"https:\/\/api.w.org\/{rel}","templated":true}]}}