{"version":"1.0","provider_name":"RADIO FREQUENCE CARAIBE","provider_url":"https:\/\/frequencecaraibe.com","author_name":"rfcadmin","author_url":"https:\/\/frequencecaraibe.com\/index.php\/author\/rfcadmin\/","title":"Le Journal de Martinique 1\u00e8re - RADIO FREQUENCE CARAIBE","type":"rich","width":600,"height":338,"html":"<blockquote class=\"wp-embedded-content\" data-secret=\"1XeCWsjYiM\"><a href=\"https:\/\/frequencecaraibe.com\/index.php\/shows\/le-journal\/\">Le Journal de Martinique 1\u00e8re<\/a><\/blockquote><iframe sandbox=\"allow-scripts\" security=\"restricted\" src=\"https:\/\/frequencecaraibe.com\/index.php\/shows\/le-journal\/embed\/#?secret=1XeCWsjYiM\" width=\"600\" height=\"338\" title=\"\u00ab\u00a0Le Journal de Martinique 1\u00e8re\u00a0\u00bb &#8212; RADIO FREQUENCE CARAIBE\" data-secret=\"1XeCWsjYiM\" frameborder=\"0\" marginwidth=\"0\" marginheight=\"0\" scrolling=\"no\" class=\"wp-embedded-content\"><\/iframe><script>\n\/*! This file is auto-generated *\/\n!function(d,l){\"use strict\";l.querySelector&&d.addEventListener&&\"undefined\"!=typeof URL&&(d.wp=d.wp||{},d.wp.receiveEmbedMessage||(d.wp.receiveEmbedMessage=function(e){var t=e.data;if((t||t.secret||t.message||t.value)&&!\/[^a-zA-Z0-9]\/.test(t.secret)){for(var s,r,n,a=l.querySelectorAll('iframe[data-secret=\"'+t.secret+'\"]'),o=l.querySelectorAll('blockquote[data-secret=\"'+t.secret+'\"]'),c=new RegExp(\"^https?:$\",\"i\"),i=0;i<o.length;i++)o[i].style.display=\"none\";for(i=0;i<a.length;i++)s=a[i],e.source===s.contentWindow&&(s.removeAttribute(\"style\"),\"height\"===t.message?(1e3<(r=parseInt(t.value,10))?r=1e3:~~r<200&&(r=200),s.height=r):\"link\"===t.message&&(r=new URL(s.getAttribute(\"src\")),n=new URL(t.value),c.test(n.protocol))&&n.host===r.host&&l.activeElement===s&&(d.top.location.href=t.value))}},d.addEventListener(\"message\",d.wp.receiveEmbedMessage,!1),l.addEventListener(\"DOMContentLoaded\",function(){for(var e,t,s=l.querySelectorAll(\"iframe.wp-embedded-content\"),r=0;r<s.length;r++)(t=(e=s[r]).getAttribute(\"data-secret\"))||(t=Math.random().toString(36).substring(2,12),e.src+=\"#?secret=\"+t,e.setAttribute(\"data-secret\",t)),e.contentWindow.postMessage({message:\"ready\",secret:t},\"*\")},!1)))}(window,document);\n\/\/# sourceURL=https:\/\/frequencecaraibe.com\/wp-includes\/js\/wp-embed.min.js\n<\/script>\n","thumbnail_url":"https:\/\/frequencecaraibe.com\/wp-content\/uploads\/2015\/03\/news-scaled.jpg","thumbnail_width":2560,"thumbnail_height":1707,"description":"Retrouvez l\u2019actualit\u00e9 locale, r\u00e9gionale et internationale avec la r\u00e9daction de Martinique la 1\u00e8re et France Info tous les jours sur RFC \u00e0 13h et 18h mais aussi \u00e0 7h, 8h du lundi au dimanche, et le flash de France Info \u00e0 10h et 15h du lundi au vendredi."}